{"id":593,"date":"2018-06-18T14:42:33","date_gmt":"2018-06-18T12:42:33","guid":{"rendered":"http:\/\/wp.kristdemokraterna.se\/varmland2\/?page_id=593"},"modified":"2022-05-10T22:55:55","modified_gmt":"2022-05-10T20:55:55","slug":"om-kristdemokraterna","status":"publish","type":"page","link":"https:\/\/wp.kristdemokraterna.se\/varmland\/om-kristdemokraterna\/","title":{"rendered":"Om Kristdemokraterna"},"content":{"rendered":"<p>Kristdemokraterna arbetar f\u00f6r ett samh\u00e4lle d\u00e4r alla tar ansvar och bryr sig om varandra. V\u00e5ra mest prioriterade omr\u00e5den \u00e4r barn och familj, jobb och \u00e4ldres ekonomi, v\u00e5rd och omsorg samt trygghetsfr\u00e5gor.<\/p>\n<p>Vi vill g\u00f6ra Sverige till v\u00e4rldens b\u00e4sta land att v\u00e4xa upp i. V\u00e5r politik k\u00e4nnetecknas av v\u00e5r syn p\u00e5 familjens betydelse, p\u00e5 det civila samh\u00e4llets viktiga roll och politikens gr\u00e4nser. V\u00e5rt partinamn ber\u00e4ttar vad vi st\u00e5r f\u00f6r \u2013 en demokrati byggd p\u00e5 kristen m\u00e4nniskosyn och v\u00e4rdegrund. En vanlig missuppfattning \u00e4r att man m\u00e5ste vara troende f\u00f6r att vara med. Det \u00e4r fel. Alla som delar v\u00e5ra id\u00e9er \u00e4r v\u00e4lkomna i partiet.<\/p>\n<p>Fakta om partiet:<br \/>\n&#8211; Partiets ordf\u00f6rande heter Ebba Busch Thor.<br \/>\n&#8211; Vi har 22 riksdagsledam\u00f6ter.<br \/>\n&#8211; Kristdemokraterna fick sitt f\u00f6rsta riksdagsmandat 1991. I det senaste riksdagsvalet fick Kristdemokraterna 6,4 % av r\u00f6sterna. Vi har drygt 20 000 medlemmar. Vi \u00e4r organiserade i 26 distrikt. Ett distrikt omfattar oftast ett l\u00e4n. Kristdemokraterna \u00e4r representerade i 236 kommuner. V\u00e5ra lokala representanter hittar du h\u00e4r.<br \/>\n&#8211; I partiet finns ocks\u00e5 ett kvinnof\u00f6rbund, ett ungdomsf\u00f6rbund, ett studentf\u00f6rbund och ett seniorf\u00f6rbund.<br \/>\n&#8211; \u00c5r 2005 startade organisationen KIC \u2013 Kristdemokratiskt Internationellt Center som arbetar med demokratibist\u00e5nd. De st\u00f6djer andra kristdemokratiska partier. I diktaturer st\u00f6ttar de demokratir\u00f6relser som befinner sig i opposition.<br \/>\n&#8211; Kristdemokraterna \u00e4r representerat i EU-parlamentet av Sara Skyttedal &amp; David Lega. P\u00e5 europeisk niv\u00e5 utg\u00f6r Kristdemokraterna en del av EPP \u2013 European People\u00b4s Party \u2013 en sammanslutning av kristdemokratiska partier i Europa.<\/p>\n","protected":false},"excerpt":{"rendered":"<p>Kristdemokraterna arbetar f\u00f6r ett samh\u00e4lle d\u00e4r alla tar ansvar och bryr sig om varandra. V\u00e5ra mest prioriterade omr\u00e5den \u00e4r barn och familj, jobb och \u00e4ldres ekonomi, v\u00e5rd och omsorg samt trygghetsfr\u00e5gor. Vi vill g\u00f6ra Sverige till v\u00e4rldens b\u00e4sta land att v\u00e4xa upp i. V\u00e5r politik k\u00e4nnetecknas av v\u00e5r syn p\u00e5 familjens betydelse, p\u00e5 det civila <a class=\"read-more-link\" href=\"https:\/\/wp.kristdemokraterna.se\/varmland\/om-kristdemokraterna\/\">Read More<\/a><\/p>\n","protected":false},"author":770,"featured_media":0,"parent":0,"menu_order":0,"comment_status":"closed","ping_status":"closed","template":"","meta":{"_acf_changed":false,"footnotes":""},"class_list":["post-593","page","type-page","status-publish","hentry"],"acf":[],"yoast_head":"<!-- This site is optimized with the Yoast SEO plugin v27.4 - https:\/\/yoast.com\/product\/yoast-seo-wordpress\/ -->\n<title>Om Kristdemokraterna - Kristdemokraterna i V\u00e4rmland<\/title>\n<meta name=\"robots\" content=\"index, follow, max-snippet:-1, max-image-preview:large, max-video-preview:-1\" \/>\n<link rel=\"canonical\" href=\"https:\/\/wp.kristdemokraterna.se\/varmland\/om-kristdemokraterna\/\" \/>\n<meta property=\"og:locale\" content=\"sv_SE\" \/>\n<meta property=\"og:type\" content=\"article\" \/>\n<meta property=\"og:title\" content=\"Om Kristdemokraterna - Kristdemokraterna i V\u00e4rmland\" \/>\n<meta property=\"og:description\" content=\"Kristdemokraterna arbetar f\u00f6r ett samh\u00e4lle d\u00e4r alla tar ansvar och bryr sig om varandra. V\u00e5ra mest prioriterade omr\u00e5den \u00e4r barn och familj, jobb och \u00e4ldres ekonomi, v\u00e5rd och omsorg samt trygghetsfr\u00e5gor. Vi vill g\u00f6ra Sverige till v\u00e4rldens b\u00e4sta land att v\u00e4xa upp i. V\u00e5r politik k\u00e4nnetecknas av v\u00e5r syn p\u00e5 familjens betydelse, p\u00e5 det civila Read More\" \/>\n<meta property=\"og:url\" content=\"https:\/\/wp.kristdemokraterna.se\/varmland\/om-kristdemokraterna\/\" \/>\n<meta property=\"og:site_name\" content=\"Kristdemokraterna i V\u00e4rmland\" \/>\n<meta property=\"article:modified_time\" content=\"2022-05-10T20:55:55+00:00\" \/>\n<meta name=\"twitter:card\" content=\"summary_large_image\" \/>\n<meta name=\"twitter:label1\" content=\"Ber\u00e4knad l\u00e4stid\" \/>\n\t<meta name=\"twitter:data1\" content=\"1 minut\" \/>\n<script type=\"application\/ld+json\" class=\"yoast-schema-graph\">{\"@context\":\"https:\\\/\\\/schema.org\",\"@graph\":[{\"@type\":\"WebPage\",\"@id\":\"https:\\\/\\\/wp.kristdemokraterna.se\\\/varmland\\\/om-kristdemokraterna\\\/\",\"url\":\"https:\\\/\\\/wp.kristdemokraterna.se\\\/varmland\\\/om-kristdemokraterna\\\/\",\"name\":\"Om Kristdemokraterna - Kristdemokraterna i V\u00e4rmland\",\"isPartOf\":{\"@id\":\"https:\\\/\\\/wp.kristdemokraterna.se\\\/varmland\\\/#website\"},\"datePublished\":\"2018-06-18T12:42:33+00:00\",\"dateModified\":\"2022-05-10T20:55:55+00:00\",\"breadcrumb\":{\"@id\":\"https:\\\/\\\/wp.kristdemokraterna.se\\\/varmland\\\/om-kristdemokraterna\\\/#breadcrumb\"},\"inLanguage\":\"sv-SE\",\"potentialAction\":[{\"@type\":\"ReadAction\",\"target\":[\"https:\\\/\\\/wp.kristdemokraterna.se\\\/varmland\\\/om-kristdemokraterna\\\/\"]}]},{\"@type\":\"BreadcrumbList\",\"@id\":\"https:\\\/\\\/wp.kristdemokraterna.se\\\/varmland\\\/om-kristdemokraterna\\\/#breadcrumb\",\"itemListElement\":[{\"@type\":\"ListItem\",\"position\":1,\"name\":\"Hem\",\"item\":\"https:\\\/\\\/wp.kristdemokraterna.se\\\/varmland\\\/\"},{\"@type\":\"ListItem\",\"position\":2,\"name\":\"Om Kristdemokraterna\"}]},{\"@type\":\"WebSite\",\"@id\":\"https:\\\/\\\/wp.kristdemokraterna.se\\\/varmland\\\/#website\",\"url\":\"https:\\\/\\\/wp.kristdemokraterna.se\\\/varmland\\\/\",\"name\":\"Kristdemokraterna i V\u00e4rmland\",\"description\":\"En till Kristdemokraterna webbplats\",\"inLanguage\":\"sv-SE\"}]}<\/script>\n<!-- \/ Yoast SEO plugin. -->","yoast_head_json":{"title":"Om Kristdemokraterna - Kristdemokraterna i V\u00e4rmland","robots":{"index":"index","follow":"follow","max-snippet":"max-snippet:-1","max-image-preview":"max-image-preview:large","max-video-preview":"max-video-preview:-1"},"canonical":"https:\/\/wp.kristdemokraterna.se\/varmland\/om-kristdemokraterna\/","og_locale":"sv_SE","og_type":"article","og_title":"Om Kristdemokraterna - Kristdemokraterna i V\u00e4rmland","og_description":"Kristdemokraterna arbetar f\u00f6r ett samh\u00e4lle d\u00e4r alla tar ansvar och bryr sig om varandra. V\u00e5ra mest prioriterade omr\u00e5den \u00e4r barn och familj, jobb och \u00e4ldres ekonomi, v\u00e5rd och omsorg samt trygghetsfr\u00e5gor. Vi vill g\u00f6ra Sverige till v\u00e4rldens b\u00e4sta land att v\u00e4xa upp i. V\u00e5r politik k\u00e4nnetecknas av v\u00e5r syn p\u00e5 familjens betydelse, p\u00e5 det civila Read More","og_url":"https:\/\/wp.kristdemokraterna.se\/varmland\/om-kristdemokraterna\/","og_site_name":"Kristdemokraterna i V\u00e4rmland","article_modified_time":"2022-05-10T20:55:55+00:00","twitter_card":"summary_large_image","twitter_misc":{"Ber\u00e4knad l\u00e4stid":"1 minut"},"schema":{"@context":"https:\/\/schema.org","@graph":[{"@type":"WebPage","@id":"https:\/\/wp.kristdemokraterna.se\/varmland\/om-kristdemokraterna\/","url":"https:\/\/wp.kristdemokraterna.se\/varmland\/om-kristdemokraterna\/","name":"Om Kristdemokraterna - Kristdemokraterna i V\u00e4rmland","isPartOf":{"@id":"https:\/\/wp.kristdemokraterna.se\/varmland\/#website"},"datePublished":"2018-06-18T12:42:33+00:00","dateModified":"2022-05-10T20:55:55+00:00","breadcrumb":{"@id":"https:\/\/wp.kristdemokraterna.se\/varmland\/om-kristdemokraterna\/#breadcrumb"},"inLanguage":"sv-SE","potentialAction":[{"@type":"ReadAction","target":["https:\/\/wp.kristdemokraterna.se\/varmland\/om-kristdemokraterna\/"]}]},{"@type":"BreadcrumbList","@id":"https:\/\/wp.kristdemokraterna.se\/varmland\/om-kristdemokraterna\/#breadcrumb","itemListElement":[{"@type":"ListItem","position":1,"name":"Hem","item":"https:\/\/wp.kristdemokraterna.se\/varmland\/"},{"@type":"ListItem","position":2,"name":"Om Kristdemokraterna"}]},{"@type":"WebSite","@id":"https:\/\/wp.kristdemokraterna.se\/varmland\/#website","url":"https:\/\/wp.kristdemokraterna.se\/varmland\/","name":"Kristdemokraterna i V\u00e4rmland","description":"En till Kristdemokraterna webbplats","inLanguage":"sv-SE"}]}},"_links":{"self":[{"href":"https:\/\/wp.kristdemokraterna.se\/varmland\/wp-json\/wp\/v2\/pages\/593","targetHints":{"allow":["GET"]}}],"collection":[{"href":"https:\/\/wp.kristdemokraterna.se\/varmland\/wp-json\/wp\/v2\/pages"}],"about":[{"href":"https:\/\/wp.kristdemokraterna.se\/varmland\/wp-json\/wp\/v2\/types\/page"}],"author":[{"embeddable":true,"href":"https:\/\/wp.kristdemokraterna.se\/varmland\/wp-json\/wp\/v2\/users\/770"}],"replies":[{"embeddable":true,"href":"https:\/\/wp.kristdemokraterna.se\/varmland\/wp-json\/wp\/v2\/comments?post=593"}],"version-history":[{"count":5,"href":"https:\/\/wp.kristdemokraterna.se\/varmland\/wp-json\/wp\/v2\/pages\/593\/revisions"}],"predecessor-version":[{"id":707,"href":"https:\/\/wp.kristdemokraterna.se\/varmland\/wp-json\/wp\/v2\/pages\/593\/revisions\/707"}],"wp:attachment":[{"href":"https:\/\/wp.kristdemokraterna.se\/varmland\/wp-json\/wp\/v2\/media?parent=593"}],"curies":[{"name":"wp","href":"https:\/\/api.w.org\/{rel}","templated":true}]}}