{"version":"1.0","provider_name":"KRISTDEMOKRATERNA V\u00c4RNAMO","provider_url":"https:\/\/wp.kristdemokraterna.se\/varnamo","title":"Fastighetsskatten \u00e4r orimlig - KRISTDEMOKRATERNA V\u00c4RNAMO","type":"rich","width":600,"height":338,"html":"<blockquote class=\"wp-embedded-content\" data-secret=\"8Ls3yqHI9i\"><a href=\"https:\/\/wp.kristdemokraterna.se\/varnamo\/2002\/09\/13\/fastighetsskatten-ar-orimlig\/\">Fastighetsskatten \u00e4r orimlig<\/a><\/blockquote><iframe sandbox=\"allow-scripts\" security=\"restricted\" src=\"https:\/\/wp.kristdemokraterna.se\/varnamo\/2002\/09\/13\/fastighetsskatten-ar-orimlig\/embed\/#?secret=8Ls3yqHI9i\" width=\"600\" height=\"338\" title=\"\u201dFastighetsskatten \u00e4r orimlig\u201d &ndash; KRISTDEMOKRATERNA V\u00c4RNAMO\" data-secret=\"8Ls3yqHI9i\" frameborder=\"0\" marginwidth=\"0\" marginheight=\"0\" scrolling=\"no\" class=\"wp-embedded-content\"><\/iframe><script type=\"text\/javascript\">\n\/* <![CDATA[ *\/\n\/*! This file is auto-generated *\/\n!function(d,l){\"use strict\";l.querySelector&&d.addEventListener&&\"undefined\"!=typeof URL&&(d.wp=d.wp||{},d.wp.receiveEmbedMessage||(d.wp.receiveEmbedMessage=function(e){var t=e.data;if((t||t.secret||t.message||t.value)&&!\/[^a-zA-Z0-9]\/.test(t.secret)){for(var s,r,n,a=l.querySelectorAll('iframe[data-secret=\"'+t.secret+'\"]'),o=l.querySelectorAll('blockquote[data-secret=\"'+t.secret+'\"]'),c=new RegExp(\"^https?:$\",\"i\"),i=0;i<o.length;i++)o[i].style.display=\"none\";for(i=0;i<a.length;i++)s=a[i],e.source===s.contentWindow&&(s.removeAttribute(\"style\"),\"height\"===t.message?(1e3<(r=parseInt(t.value,10))?r=1e3:~~r<200&&(r=200),s.height=r):\"link\"===t.message&&(r=new URL(s.getAttribute(\"src\")),n=new URL(t.value),c.test(n.protocol))&&n.host===r.host&&l.activeElement===s&&(d.top.location.href=t.value))}},d.addEventListener(\"message\",d.wp.receiveEmbedMessage,!1),l.addEventListener(\"DOMContentLoaded\",function(){for(var e,t,s=l.querySelectorAll(\"iframe.wp-embedded-content\"),r=0;r<s.length;r++)(t=(e=s[r]).getAttribute(\"data-secret\"))||(t=Math.random().toString(36).substring(2,12),e.src+=\"#?secret=\"+t,e.setAttribute(\"data-secret\",t)),e.contentWindow.postMessage({message:\"ready\",secret:t},\"*\")},!1)))}(window,document);\n\/\/# sourceURL=https:\/\/wp.kristdemokraterna.se\/varnamo\/wp-includes\/js\/wp-embed.min.js\n\/* ]]> *\/\n<\/script>\n","thumbnail_url":"http:\/\/wp.kristdemokraterna.se\/varnamo\/files\/2010\/08\/arnold_carlzon2.jpg","thumbnail_width":600,"thumbnail_height":600,"description":"P\u00e5 fredagskv\u00e4llen den 13 september efter partiledardebatten hade Kristdemokraterna natt\u00f6ppet i valstugan p\u00e5 Flanaden. Man kunde komma och lufta sina k\u00e4nslor och \u00e4ta en grillad med br\u00f6d tillsammans med Kristdemokraterna. Detta var \u00e4ven ett s\u00e4tt att uppm\u00e4rksamma valet och Kristdemokraterna f\u00f6r de ungdomar som finns ute p\u00e5 stan utan att ha n\u00e5got att g\u00f6ra en Read More"}