{"version":"1.0","provider_name":"KRISTDEMOKRATERNA V\u00c4RNAMO","provider_url":"https:\/\/wp.kristdemokraterna.se\/varnamo","title":"Kristdemokraterna \u2013 n\u00e4st st\u00f6rsta borgerliga parti - KRISTDEMOKRATERNA V\u00c4RNAMO","type":"rich","width":600,"height":338,"html":"<blockquote class=\"wp-embedded-content\" data-secret=\"78HTykioTH\"><a href=\"https:\/\/wp.kristdemokraterna.se\/varnamo\/2003\/02\/15\/kristdemokraterna-nast-storsta-borgerliga-parti\/\">Kristdemokraterna \u2013 n\u00e4st st\u00f6rsta borgerliga parti<\/a><\/blockquote><iframe sandbox=\"allow-scripts\" security=\"restricted\" src=\"https:\/\/wp.kristdemokraterna.se\/varnamo\/2003\/02\/15\/kristdemokraterna-nast-storsta-borgerliga-parti\/embed\/#?secret=78HTykioTH\" width=\"600\" height=\"338\" title=\"\u201dKristdemokraterna \u2013 n\u00e4st st\u00f6rsta borgerliga parti\u201d &ndash; KRISTDEMOKRATERNA V\u00c4RNAMO\" data-secret=\"78HTykioTH\" frameborder=\"0\" marginwidth=\"0\" marginheight=\"0\" scrolling=\"no\" class=\"wp-embedded-content\"><\/iframe><script type=\"text\/javascript\">\n\/* <![CDATA[ *\/\n\/*! This file is auto-generated *\/\n!function(d,l){\"use strict\";l.querySelector&&d.addEventListener&&\"undefined\"!=typeof URL&&(d.wp=d.wp||{},d.wp.receiveEmbedMessage||(d.wp.receiveEmbedMessage=function(e){var t=e.data;if((t||t.secret||t.message||t.value)&&!\/[^a-zA-Z0-9]\/.test(t.secret)){for(var s,r,n,a=l.querySelectorAll('iframe[data-secret=\"'+t.secret+'\"]'),o=l.querySelectorAll('blockquote[data-secret=\"'+t.secret+'\"]'),c=new RegExp(\"^https?:$\",\"i\"),i=0;i<o.length;i++)o[i].style.display=\"none\";for(i=0;i<a.length;i++)s=a[i],e.source===s.contentWindow&&(s.removeAttribute(\"style\"),\"height\"===t.message?(1e3<(r=parseInt(t.value,10))?r=1e3:~~r<200&&(r=200),s.height=r):\"link\"===t.message&&(r=new URL(s.getAttribute(\"src\")),n=new URL(t.value),c.test(n.protocol))&&n.host===r.host&&l.activeElement===s&&(d.top.location.href=t.value))}},d.addEventListener(\"message\",d.wp.receiveEmbedMessage,!1),l.addEventListener(\"DOMContentLoaded\",function(){for(var e,t,s=l.querySelectorAll(\"iframe.wp-embedded-content\"),r=0;r<s.length;r++)(t=(e=s[r]).getAttribute(\"data-secret\"))||(t=Math.random().toString(36).substring(2,12),e.src+=\"#?secret=\"+t,e.setAttribute(\"data-secret\",t)),e.contentWindow.postMessage({message:\"ready\",secret:t},\"*\")},!1)))}(window,document);\n\/\/# sourceURL=https:\/\/wp.kristdemokraterna.se\/varnamo\/wp-includes\/js\/wp-embed.min.js\n\/* ]]> *\/\n<\/script>\n","thumbnail_url":"http:\/\/wp.kristdemokraterna.se\/varnamo\/files\/2010\/08\/maria_larsson.jpg","thumbnail_width":600,"thumbnail_height":600,"description":"F\u00f6r att \u00e5teruppr\u00e4tta demokratin beh\u00f6vs regeringsskifte, d\u00e4r maktfullkomlighet skjuts \u00e5t sidan f\u00f6r\u00a0att levandeg\u00f6ra en demokrati d\u00e4r m\u00e5nga r\u00f6ster f\u00e5r komma till tals, sade riksdagsledamot Maria Larsson (kd) fr\u00e5n Gnosj\u00f6 p\u00e5 fredagkv\u00e4llen. Vid sitt \u00e5rsm\u00f6te kunde Kristdemokraterna V\u00e4rnamo \u00e4ven konstatera att man numera \u00e4r n\u00e4st st\u00f6rsta borgerliga parti och att en kristdemokrat f\u00f6r f\u00f6rsta g\u00e5ngen har Read More"}