{"version":"1.0","provider_name":"KRISTDEMOKRATERNA V\u00c4RNAMO","provider_url":"https:\/\/wp.kristdemokraterna.se\/varnamo","title":"Maktfullkomlig regering v\u00e4ljer bort demokratin - KRISTDEMOKRATERNA V\u00c4RNAMO","type":"rich","width":600,"height":338,"html":"<blockquote class=\"wp-embedded-content\" data-secret=\"sAfVlVCRaD\"><a href=\"https:\/\/wp.kristdemokraterna.se\/varnamo\/2003\/02\/15\/maktfullkomlig-regering-valjer-bort-demokratin\/\">Maktfullkomlig regering v\u00e4ljer bort demokratin<\/a><\/blockquote><iframe sandbox=\"allow-scripts\" security=\"restricted\" src=\"https:\/\/wp.kristdemokraterna.se\/varnamo\/2003\/02\/15\/maktfullkomlig-regering-valjer-bort-demokratin\/embed\/#?secret=sAfVlVCRaD\" width=\"600\" height=\"338\" title=\"\u201dMaktfullkomlig regering v\u00e4ljer bort demokratin\u201d &ndash; KRISTDEMOKRATERNA V\u00c4RNAMO\" data-secret=\"sAfVlVCRaD\" frameborder=\"0\" marginwidth=\"0\" marginheight=\"0\" scrolling=\"no\" class=\"wp-embedded-content\"><\/iframe><script type=\"text\/javascript\">\n\/* <![CDATA[ *\/\n\/*! This file is auto-generated *\/\n!function(d,l){\"use strict\";l.querySelector&&d.addEventListener&&\"undefined\"!=typeof URL&&(d.wp=d.wp||{},d.wp.receiveEmbedMessage||(d.wp.receiveEmbedMessage=function(e){var t=e.data;if((t||t.secret||t.message||t.value)&&!\/[^a-zA-Z0-9]\/.test(t.secret)){for(var s,r,n,a=l.querySelectorAll('iframe[data-secret=\"'+t.secret+'\"]'),o=l.querySelectorAll('blockquote[data-secret=\"'+t.secret+'\"]'),c=new RegExp(\"^https?:$\",\"i\"),i=0;i<o.length;i++)o[i].style.display=\"none\";for(i=0;i<a.length;i++)s=a[i],e.source===s.contentWindow&&(s.removeAttribute(\"style\"),\"height\"===t.message?(1e3<(r=parseInt(t.value,10))?r=1e3:~~r<200&&(r=200),s.height=r):\"link\"===t.message&&(r=new URL(s.getAttribute(\"src\")),n=new URL(t.value),c.test(n.protocol))&&n.host===r.host&&l.activeElement===s&&(d.top.location.href=t.value))}},d.addEventListener(\"message\",d.wp.receiveEmbedMessage,!1),l.addEventListener(\"DOMContentLoaded\",function(){for(var e,t,s=l.querySelectorAll(\"iframe.wp-embedded-content\"),r=0;r<s.length;r++)(t=(e=s[r]).getAttribute(\"data-secret\"))||(t=Math.random().toString(36).substring(2,12),e.src+=\"#?secret=\"+t,e.setAttribute(\"data-secret\",t)),e.contentWindow.postMessage({message:\"ready\",secret:t},\"*\")},!1)))}(window,document);\n\/\/# sourceURL=https:\/\/wp.kristdemokraterna.se\/varnamo\/wp-includes\/js\/wp-embed.min.js\n\/* ]]> *\/\n<\/script>\n","thumbnail_url":"http:\/\/wp.kristdemokraterna.se\/varnamo\/files\/2010\/08\/maria_larsson.jpg","thumbnail_width":600,"thumbnail_height":600,"description":"N\u00e4r statsr\u00e5det Gunnar Lund s\u00e4ger att riksdagen\u00a0b\u00f6r ge regeringen mandat att p\u00e5 egen hand \u00e4ndra skatter, s\u00e5\u00a0vill han inskr\u00e4nka en urgammal r\u00e4tt att folket sj\u00e4lva genom riksdagen beslutar om skatter. Det \u00e4r ytterligare ett exempel p\u00e5\u00a0den maktfullkomlighet som pr\u00e4glar socialdemokratiska statsr\u00e5d.\u00a0Det bland annat sade Maria Larsson, kristdemokratisk riksdagsledamot, n\u00e4r hon talade\u00a0i V\u00e4rnamo p\u00e5 lokalavdelningens \u00e5rsm\u00f6te."}