{"version":"1.0","provider_name":"KRISTDEMOKRATERNA V\u00c4RNAMO","provider_url":"https:\/\/wp.kristdemokraterna.se\/varnamo","title":"Kampanjgeneralen i V\u00e4rnamo - KRISTDEMOKRATERNA V\u00c4RNAMO","type":"rich","width":600,"height":338,"html":"<blockquote class=\"wp-embedded-content\" data-secret=\"RDQmDn8UbA\"><a href=\"https:\/\/wp.kristdemokraterna.se\/varnamo\/2003\/09\/10\/kampanjgeneralen-i-varnamo\/\">Kampanjgeneralen i V\u00e4rnamo<\/a><\/blockquote><iframe sandbox=\"allow-scripts\" security=\"restricted\" src=\"https:\/\/wp.kristdemokraterna.se\/varnamo\/2003\/09\/10\/kampanjgeneralen-i-varnamo\/embed\/#?secret=RDQmDn8UbA\" width=\"600\" height=\"338\" title=\"\u201dKampanjgeneralen i V\u00e4rnamo\u201d &ndash; KRISTDEMOKRATERNA V\u00c4RNAMO\" data-secret=\"RDQmDn8UbA\" frameborder=\"0\" marginwidth=\"0\" marginheight=\"0\" scrolling=\"no\" class=\"wp-embedded-content\"><\/iframe><script type=\"text\/javascript\">\n\/* <![CDATA[ *\/\n\/*! This file is auto-generated *\/\n!function(d,l){\"use strict\";l.querySelector&&d.addEventListener&&\"undefined\"!=typeof URL&&(d.wp=d.wp||{},d.wp.receiveEmbedMessage||(d.wp.receiveEmbedMessage=function(e){var t=e.data;if((t||t.secret||t.message||t.value)&&!\/[^a-zA-Z0-9]\/.test(t.secret)){for(var s,r,n,a=l.querySelectorAll('iframe[data-secret=\"'+t.secret+'\"]'),o=l.querySelectorAll('blockquote[data-secret=\"'+t.secret+'\"]'),c=new RegExp(\"^https?:$\",\"i\"),i=0;i<o.length;i++)o[i].style.display=\"none\";for(i=0;i<a.length;i++)s=a[i],e.source===s.contentWindow&&(s.removeAttribute(\"style\"),\"height\"===t.message?(1e3<(r=parseInt(t.value,10))?r=1e3:~~r<200&&(r=200),s.height=r):\"link\"===t.message&&(r=new URL(s.getAttribute(\"src\")),n=new URL(t.value),c.test(n.protocol))&&n.host===r.host&&l.activeElement===s&&(d.top.location.href=t.value))}},d.addEventListener(\"message\",d.wp.receiveEmbedMessage,!1),l.addEventListener(\"DOMContentLoaded\",function(){for(var e,t,s=l.querySelectorAll(\"iframe.wp-embedded-content\"),r=0;r<s.length;r++)(t=(e=s[r]).getAttribute(\"data-secret\"))||(t=Math.random().toString(36).substring(2,12),e.src+=\"#?secret=\"+t,e.setAttribute(\"data-secret\",t)),e.contentWindow.postMessage({message:\"ready\",secret:t},\"*\")},!1)))}(window,document);\n\/\/# sourceURL=https:\/\/wp.kristdemokraterna.se\/varnamo\/wp-includes\/js\/wp-embed.min.js\n\/* ]]> *\/\n<\/script>\n","thumbnail_url":"http:\/\/wp.kristdemokraterna.se\/varnamo\/files\/2010\/08\/goran_hagglund.jpg","thumbnail_width":600,"thumbnail_height":600,"description":"Valkampanjen inf\u00f6r folkomr\u00f6stningen om euron nu p\u00e5 s\u00f6ndag\u00a0den 14 september g\u00e5r in p\u00e5 sitt upplopp. I V\u00e4rnamo har Ja-partierna\u00a0(Kristdemokraterna, Moderaterna, Folkpartiet liberalerna och Socialdemokraterna)\u00a0valt att driva kampanjarbetet tillsammans. Sedan den 18 augusti st\u00e5r\u00a0valstugan uppst\u00e4lld p\u00e5 Flanaden och bemannas varje eftermiddag\u00a0av n\u00e5gon fr\u00e5n varje parti. N\u00e4stan varje dag kommer det \u00e4ven\u00a0en grupp fr\u00e5n Ja till euron-kampanjen, Read More"}