{"version":"1.0","provider_name":"KRISTDEMOKRATERNA V\u00c4RNAMO","provider_url":"https:\/\/wp.kristdemokraterna.se\/varnamo","title":"Vad det egentligen handlar om - KRISTDEMOKRATERNA V\u00c4RNAMO","type":"rich","width":600,"height":338,"html":"<blockquote class=\"wp-embedded-content\" data-secret=\"ujxg7I16VS\"><a href=\"https:\/\/wp.kristdemokraterna.se\/varnamo\/2003\/09\/10\/vad-det-egentligen-handlar-om\/\">Vad det egentligen handlar om<\/a><\/blockquote><iframe sandbox=\"allow-scripts\" security=\"restricted\" src=\"https:\/\/wp.kristdemokraterna.se\/varnamo\/2003\/09\/10\/vad-det-egentligen-handlar-om\/embed\/#?secret=ujxg7I16VS\" width=\"600\" height=\"338\" title=\"\u201dVad det egentligen handlar om\u201d &ndash; KRISTDEMOKRATERNA V\u00c4RNAMO\" data-secret=\"ujxg7I16VS\" frameborder=\"0\" marginwidth=\"0\" marginheight=\"0\" scrolling=\"no\" class=\"wp-embedded-content\"><\/iframe><script type=\"text\/javascript\">\n\/* <![CDATA[ *\/\n\/*! This file is auto-generated *\/\n!function(d,l){\"use strict\";l.querySelector&&d.addEventListener&&\"undefined\"!=typeof URL&&(d.wp=d.wp||{},d.wp.receiveEmbedMessage||(d.wp.receiveEmbedMessage=function(e){var t=e.data;if((t||t.secret||t.message||t.value)&&!\/[^a-zA-Z0-9]\/.test(t.secret)){for(var s,r,n,a=l.querySelectorAll('iframe[data-secret=\"'+t.secret+'\"]'),o=l.querySelectorAll('blockquote[data-secret=\"'+t.secret+'\"]'),c=new RegExp(\"^https?:$\",\"i\"),i=0;i<o.length;i++)o[i].style.display=\"none\";for(i=0;i<a.length;i++)s=a[i],e.source===s.contentWindow&&(s.removeAttribute(\"style\"),\"height\"===t.message?(1e3<(r=parseInt(t.value,10))?r=1e3:~~r<200&&(r=200),s.height=r):\"link\"===t.message&&(r=new URL(s.getAttribute(\"src\")),n=new URL(t.value),c.test(n.protocol))&&n.host===r.host&&l.activeElement===s&&(d.top.location.href=t.value))}},d.addEventListener(\"message\",d.wp.receiveEmbedMessage,!1),l.addEventListener(\"DOMContentLoaded\",function(){for(var e,t,s=l.querySelectorAll(\"iframe.wp-embedded-content\"),r=0;r<s.length;r++)(t=(e=s[r]).getAttribute(\"data-secret\"))||(t=Math.random().toString(36).substring(2,12),e.src+=\"#?secret=\"+t,e.setAttribute(\"data-secret\",t)),e.contentWindow.postMessage({message:\"ready\",secret:t},\"*\")},!1)))}(window,document);\n\/\/# sourceURL=https:\/\/wp.kristdemokraterna.se\/varnamo\/wp-includes\/js\/wp-embed.min.js\n\/* ]]> *\/\n<\/script>\n","thumbnail_url":"http:\/\/wp.kristdemokraterna.se\/varnamo\/files\/2010\/08\/goran_hagglund.jpg","thumbnail_width":600,"thumbnail_height":600,"description":"Folkomr\u00f6stningen p\u00e5 s\u00f6ndag handlar om Sveriges\u00a0inflytande och ansvar i det nya Europa, om de svenska f\u00f6retagen ska f\u00e5\u00a0rimliga m\u00f6jligheter att konkurrera med andra och till sist v\u00e5ra\u00a0m\u00f6jligheter att finansiera bland annat v\u00e5rden och omsorgen. Det\u00a0sade G\u00f6ran H\u00e4gglund, 2:e vice ordf\u00f6rande och ledare f\u00f6r Kristdemokraternas folkomr\u00f6stningskampanj, n\u00e4r han p\u00e5 onsdagen\u00a0bes\u00f6kte V\u00e4rnamo."}