{"version":"1.0","provider_name":"KRISTDEMOKRATERNA V\u00c4RNAMO","provider_url":"https:\/\/wp.kristdemokraterna.se\/varnamo","title":"Sveriges f\u00e4rskaste partiledare i V\u00e4rnamo - KRISTDEMOKRATERNA V\u00c4RNAMO","type":"rich","width":600,"height":338,"html":"<blockquote class=\"wp-embedded-content\" data-secret=\"SNIqhUdY99\"><a href=\"https:\/\/wp.kristdemokraterna.se\/varnamo\/2004\/06\/04\/sveriges-farskaste-partiledare-i-varnamo\/\">Sveriges f\u00e4rskaste partiledare i V\u00e4rnamo<\/a><\/blockquote><iframe sandbox=\"allow-scripts\" security=\"restricted\" src=\"https:\/\/wp.kristdemokraterna.se\/varnamo\/2004\/06\/04\/sveriges-farskaste-partiledare-i-varnamo\/embed\/#?secret=SNIqhUdY99\" width=\"600\" height=\"338\" title=\"\u201dSveriges f\u00e4rskaste partiledare i V\u00e4rnamo\u201d &ndash; KRISTDEMOKRATERNA V\u00c4RNAMO\" data-secret=\"SNIqhUdY99\" frameborder=\"0\" marginwidth=\"0\" marginheight=\"0\" scrolling=\"no\" class=\"wp-embedded-content\"><\/iframe><script type=\"text\/javascript\">\n\/* <![CDATA[ *\/\n\/*! This file is auto-generated *\/\n!function(d,l){\"use strict\";l.querySelector&&d.addEventListener&&\"undefined\"!=typeof URL&&(d.wp=d.wp||{},d.wp.receiveEmbedMessage||(d.wp.receiveEmbedMessage=function(e){var t=e.data;if((t||t.secret||t.message||t.value)&&!\/[^a-zA-Z0-9]\/.test(t.secret)){for(var s,r,n,a=l.querySelectorAll('iframe[data-secret=\"'+t.secret+'\"]'),o=l.querySelectorAll('blockquote[data-secret=\"'+t.secret+'\"]'),c=new RegExp(\"^https?:$\",\"i\"),i=0;i<o.length;i++)o[i].style.display=\"none\";for(i=0;i<a.length;i++)s=a[i],e.source===s.contentWindow&&(s.removeAttribute(\"style\"),\"height\"===t.message?(1e3<(r=parseInt(t.value,10))?r=1e3:~~r<200&&(r=200),s.height=r):\"link\"===t.message&&(r=new URL(s.getAttribute(\"src\")),n=new URL(t.value),c.test(n.protocol))&&n.host===r.host&&l.activeElement===s&&(d.top.location.href=t.value))}},d.addEventListener(\"message\",d.wp.receiveEmbedMessage,!1),l.addEventListener(\"DOMContentLoaded\",function(){for(var e,t,s=l.querySelectorAll(\"iframe.wp-embedded-content\"),r=0;r<s.length;r++)(t=(e=s[r]).getAttribute(\"data-secret\"))||(t=Math.random().toString(36).substring(2,12),e.src+=\"#?secret=\"+t,e.setAttribute(\"data-secret\",t)),e.contentWindow.postMessage({message:\"ready\",secret:t},\"*\")},!1)))}(window,document);\n\/\/# sourceURL=https:\/\/wp.kristdemokraterna.se\/varnamo\/wp-includes\/js\/wp-embed.min.js\n\/* ]]> *\/\n<\/script>\n","thumbnail_url":"http:\/\/wp.kristdemokraterna.se\/varnamo\/files\/2010\/08\/goran_hagglund.jpg","thumbnail_width":600,"thumbnail_height":600,"description":"Kristdemokraternas partiledare har p\u00e5 senare \u00e5r haft som en god vana att bes\u00f6ka V\u00e4rnamo under varje valkampanj. Denna tradition kommer tydligen \u00e4ven den nyvalde partiordf\u00f6randen G\u00f6ran H\u00e4gglund att uppr\u00e4tth\u00e5lla. Idag bes\u00f6kte han n\u00e4mligen Kristdemokraternas valt\u00e4lt p\u00e5\u00a0Flanaden\u00a0i V\u00e4rnamo, hans f\u00f6rsta v\u00e4rnamobes\u00f6k som partiledare f\u00f6r Kristdemokraterna."}