{"version":"1.0","provider_name":"KRISTDEMOKRATERNA i V\u00e4sterbotten","provider_url":"https:\/\/wp.kristdemokraterna.se\/vasterbotten","title":"Dags att ocks\u00e5 politiken i regionen ska spara? - KRISTDEMOKRATERNA i V\u00e4sterbotten","type":"rich","width":600,"height":338,"html":"<blockquote class=\"wp-embedded-content\" data-secret=\"zNxGLdD73r\"><a href=\"https:\/\/wp.kristdemokraterna.se\/vasterbotten\/dags-att-ocksa-politiken-i-regionen-ska-spara\/\">Dags att ocks\u00e5 politiken i regionen ska spara?<\/a><\/blockquote><iframe sandbox=\"allow-scripts\" security=\"restricted\" src=\"https:\/\/wp.kristdemokraterna.se\/vasterbotten\/dags-att-ocksa-politiken-i-regionen-ska-spara\/embed\/#?secret=zNxGLdD73r\" width=\"600\" height=\"338\" title=\"\u201dDags att ocks\u00e5 politiken i regionen ska spara?\u201d &ndash; KRISTDEMOKRATERNA i V\u00e4sterbotten\" data-secret=\"zNxGLdD73r\" frameborder=\"0\" marginwidth=\"0\" marginheight=\"0\" scrolling=\"no\" class=\"wp-embedded-content\"><\/iframe><script type=\"text\/javascript\">\n\/* <![CDATA[ *\/\n\/*! This file is auto-generated *\/\n!function(d,l){\"use strict\";l.querySelector&&d.addEventListener&&\"undefined\"!=typeof URL&&(d.wp=d.wp||{},d.wp.receiveEmbedMessage||(d.wp.receiveEmbedMessage=function(e){var t=e.data;if((t||t.secret||t.message||t.value)&&!\/[^a-zA-Z0-9]\/.test(t.secret)){for(var s,r,n,a=l.querySelectorAll('iframe[data-secret=\"'+t.secret+'\"]'),o=l.querySelectorAll('blockquote[data-secret=\"'+t.secret+'\"]'),c=new RegExp(\"^https?:$\",\"i\"),i=0;i<o.length;i++)o[i].style.display=\"none\";for(i=0;i<a.length;i++)s=a[i],e.source===s.contentWindow&&(s.removeAttribute(\"style\"),\"height\"===t.message?(1e3<(r=parseInt(t.value,10))?r=1e3:~~r<200&&(r=200),s.height=r):\"link\"===t.message&&(r=new URL(s.getAttribute(\"src\")),n=new URL(t.value),c.test(n.protocol))&&n.host===r.host&&l.activeElement===s&&(d.top.location.href=t.value))}},d.addEventListener(\"message\",d.wp.receiveEmbedMessage,!1),l.addEventListener(\"DOMContentLoaded\",function(){for(var e,t,s=l.querySelectorAll(\"iframe.wp-embedded-content\"),r=0;r<s.length;r++)(t=(e=s[r]).getAttribute(\"data-secret\"))||(t=Math.random().toString(36).substring(2,12),e.src+=\"#?secret=\"+t,e.setAttribute(\"data-secret\",t)),e.contentWindow.postMessage({message:\"ready\",secret:t},\"*\")},!1)))}(window,document);\n\/\/# sourceURL=https:\/\/wp.kristdemokraterna.se\/vasterbotten\/wp-includes\/js\/wp-embed.min.js\n\/* ]]> *\/\n<\/script>\n","description":"Regionens ekonomi bl\u00f6der. Regiondirekt\u00f6ren har lagt ett sparf\u00f6rslag. D\u00e5 m\u00e5ste man se \u00f6ver alla kostnader stora som sm\u00e5. Eftersom V\u00e4sterbotten till ytan \u00e4r ett stort l\u00e4n blir det ett antal hotelln\u00e4tter bokade varje \u00e5r. &#8211; Det \u00e4r dags att politiken ocks\u00e5 drar sitt str\u00e5 till stacken och b\u00f6rjar se \u00f6ver sina kostnader. Det kan inte Read More"}