{"version":"1.0","provider_name":"KRISTDEMOKRATERNA i V\u00e4sterbotten","provider_url":"https:\/\/wp.kristdemokraterna.se\/vasterbotten","title":"De r\u00f6dgr\u00f6na sv\u00e4nger i fr\u00e5gan om fertilitetsverksamhet - KRISTDEMOKRATERNA i V\u00e4sterbotten","type":"rich","width":600,"height":338,"html":"<blockquote class=\"wp-embedded-content\" data-secret=\"m3kTevM7pL\"><a href=\"https:\/\/wp.kristdemokraterna.se\/vasterbotten\/de-rodgrona-svanger-i-fragan-om-fertilitetsverksamhet\/\">De r\u00f6dgr\u00f6na sv\u00e4nger i fr\u00e5gan om fertilitetsverksamhet<\/a><\/blockquote><iframe sandbox=\"allow-scripts\" security=\"restricted\" src=\"https:\/\/wp.kristdemokraterna.se\/vasterbotten\/de-rodgrona-svanger-i-fragan-om-fertilitetsverksamhet\/embed\/#?secret=m3kTevM7pL\" width=\"600\" height=\"338\" title=\"\u201dDe r\u00f6dgr\u00f6na sv\u00e4nger i fr\u00e5gan om fertilitetsverksamhet\u201d &ndash; KRISTDEMOKRATERNA i V\u00e4sterbotten\" data-secret=\"m3kTevM7pL\" frameborder=\"0\" marginwidth=\"0\" marginheight=\"0\" scrolling=\"no\" class=\"wp-embedded-content\"><\/iframe><script type=\"text\/javascript\">\n\/* <![CDATA[ *\/\n\/*! This file is auto-generated *\/\n!function(d,l){\"use strict\";l.querySelector&&d.addEventListener&&\"undefined\"!=typeof URL&&(d.wp=d.wp||{},d.wp.receiveEmbedMessage||(d.wp.receiveEmbedMessage=function(e){var t=e.data;if((t||t.secret||t.message||t.value)&&!\/[^a-zA-Z0-9]\/.test(t.secret)){for(var s,r,n,a=l.querySelectorAll('iframe[data-secret=\"'+t.secret+'\"]'),o=l.querySelectorAll('blockquote[data-secret=\"'+t.secret+'\"]'),c=new RegExp(\"^https?:$\",\"i\"),i=0;i<o.length;i++)o[i].style.display=\"none\";for(i=0;i<a.length;i++)s=a[i],e.source===s.contentWindow&&(s.removeAttribute(\"style\"),\"height\"===t.message?(1e3<(r=parseInt(t.value,10))?r=1e3:~~r<200&&(r=200),s.height=r):\"link\"===t.message&&(r=new URL(s.getAttribute(\"src\")),n=new URL(t.value),c.test(n.protocol))&&n.host===r.host&&l.activeElement===s&&(d.top.location.href=t.value))}},d.addEventListener(\"message\",d.wp.receiveEmbedMessage,!1),l.addEventListener(\"DOMContentLoaded\",function(){for(var e,t,s=l.querySelectorAll(\"iframe.wp-embedded-content\"),r=0;r<s.length;r++)(t=(e=s[r]).getAttribute(\"data-secret\"))||(t=Math.random().toString(36).substring(2,12),e.src+=\"#?secret=\"+t,e.setAttribute(\"data-secret\",t)),e.contentWindow.postMessage({message:\"ready\",secret:t},\"*\")},!1)))}(window,document);\n\/\/# sourceURL=https:\/\/wp.kristdemokraterna.se\/vasterbotten\/wp-includes\/js\/wp-embed.min.js\n\/* ]]> *\/\n<\/script>\n","description":"Livio Ume\u00e5 har bedrivit sin verksamhet vid Norrlands universitetssjukhus i samarbete med de fyra norrlandsregionerna sedan 2002. Samarbetet sker genom ett upphandlat avtal som ger Livio r\u00e4tt att hyra lokalerna samt p\u00e5 uppdrag utf\u00f6ra offentligt finansierade fertilitetsbehandlingar.\u00a0De har investerat i, och \u00e4ger, det mesta av utrustningen i lokalen samt driver verksamheten med egen personal. Deras Read More","thumbnail_url":"http:\/\/wp.kristdemokraterna.se\/vasterbotten\/files\/2022\/05\/ivf-1024x1024.jpg"}