{"version":"1.0","provider_name":"KRISTDEMOKRATERNA i V\u00e4sterbotten","provider_url":"https:\/\/wp.kristdemokraterna.se\/vasterbotten","title":"Direktvald regionkommun i V\u00e4sterbotten - KRISTDEMOKRATERNA i V\u00e4sterbotten","type":"rich","width":600,"height":338,"html":"<blockquote class=\"wp-embedded-content\" data-secret=\"JQ2XOZu6rI\"><a href=\"https:\/\/wp.kristdemokraterna.se\/vasterbotten\/direktvald-regionkommun-i-vasterbotten\/\">Direktvald regionkommun i V\u00e4sterbotten<\/a><\/blockquote><iframe sandbox=\"allow-scripts\" security=\"restricted\" src=\"https:\/\/wp.kristdemokraterna.se\/vasterbotten\/direktvald-regionkommun-i-vasterbotten\/embed\/#?secret=JQ2XOZu6rI\" width=\"600\" height=\"338\" title=\"\u201dDirektvald regionkommun i V\u00e4sterbotten\u201d &ndash; KRISTDEMOKRATERNA i V\u00e4sterbotten\" data-secret=\"JQ2XOZu6rI\" frameborder=\"0\" marginwidth=\"0\" marginheight=\"0\" scrolling=\"no\" class=\"wp-embedded-content\"><\/iframe><script type=\"text\/javascript\">\n\/* <![CDATA[ *\/\n\/*! This file is auto-generated *\/\n!function(d,l){\"use strict\";l.querySelector&&d.addEventListener&&\"undefined\"!=typeof URL&&(d.wp=d.wp||{},d.wp.receiveEmbedMessage||(d.wp.receiveEmbedMessage=function(e){var t=e.data;if((t||t.secret||t.message||t.value)&&!\/[^a-zA-Z0-9]\/.test(t.secret)){for(var s,r,n,a=l.querySelectorAll('iframe[data-secret=\"'+t.secret+'\"]'),o=l.querySelectorAll('blockquote[data-secret=\"'+t.secret+'\"]'),c=new RegExp(\"^https?:$\",\"i\"),i=0;i<o.length;i++)o[i].style.display=\"none\";for(i=0;i<a.length;i++)s=a[i],e.source===s.contentWindow&&(s.removeAttribute(\"style\"),\"height\"===t.message?(1e3<(r=parseInt(t.value,10))?r=1e3:~~r<200&&(r=200),s.height=r):\"link\"===t.message&&(r=new URL(s.getAttribute(\"src\")),n=new URL(t.value),c.test(n.protocol))&&n.host===r.host&&l.activeElement===s&&(d.top.location.href=t.value))}},d.addEventListener(\"message\",d.wp.receiveEmbedMessage,!1),l.addEventListener(\"DOMContentLoaded\",function(){for(var e,t,s=l.querySelectorAll(\"iframe.wp-embedded-content\"),r=0;r<s.length;r++)(t=(e=s[r]).getAttribute(\"data-secret\"))||(t=Math.random().toString(36).substring(2,12),e.src+=\"#?secret=\"+t,e.setAttribute(\"data-secret\",t)),e.contentWindow.postMessage({message:\"ready\",secret:t},\"*\")},!1)))}(window,document);\n\/\/# sourceURL=https:\/\/wp.kristdemokraterna.se\/vasterbotten\/wp-includes\/js\/wp-embed.min.js\n\/* ]]> *\/\n<\/script>\n","description":"Norrbotten och V\u00e4sternorrland har ans\u00f6kt hos regeringen om att f\u00e5 bilda direktvalda regionkommuner i respektive l\u00e4n. \u00c4ven J\u00e4mtlands l\u00e4ns landsting \u00e4r p\u00e5 g\u00e5ng att ans\u00f6ka om att bilda ett eget direktvalt organ med regionalt utvecklingsansvar.\u00a0Kristdemokraterna tycker V\u00e4sterbottens l\u00e4ns landsting\u00a0borde g\u00f6ra detsamma! Vi ska inte ha indirekt valda politiker. Det \u00e4r varken ekonomiskt eller demokratiskt."}