{"version":"1.0","provider_name":"KRISTDEMOKRATERNA i V\u00e4sterbotten","provider_url":"https:\/\/wp.kristdemokraterna.se\/vasterbotten","title":"\"Individen f\u00f6re systemet\" - KRISTDEMOKRATERNA i V\u00e4sterbotten","type":"rich","width":600,"height":338,"html":"<blockquote class=\"wp-embedded-content\" data-secret=\"KRnSeeTf3w\"><a href=\"https:\/\/wp.kristdemokraterna.se\/vasterbotten\/individen-fore-systemet\/\">&#8221;Individen f\u00f6re systemet&#8221;<\/a><\/blockquote><iframe sandbox=\"allow-scripts\" security=\"restricted\" src=\"https:\/\/wp.kristdemokraterna.se\/vasterbotten\/individen-fore-systemet\/embed\/#?secret=KRnSeeTf3w\" width=\"600\" height=\"338\" title=\"\u201d&#8221;Individen f\u00f6re systemet&#8221;\u201d &ndash; KRISTDEMOKRATERNA i V\u00e4sterbotten\" data-secret=\"KRnSeeTf3w\" frameborder=\"0\" marginwidth=\"0\" marginheight=\"0\" scrolling=\"no\" class=\"wp-embedded-content\"><\/iframe><script type=\"text\/javascript\">\n\/* <![CDATA[ *\/\n\/*! This file is auto-generated *\/\n!function(d,l){\"use strict\";l.querySelector&&d.addEventListener&&\"undefined\"!=typeof URL&&(d.wp=d.wp||{},d.wp.receiveEmbedMessage||(d.wp.receiveEmbedMessage=function(e){var t=e.data;if((t||t.secret||t.message||t.value)&&!\/[^a-zA-Z0-9]\/.test(t.secret)){for(var s,r,n,a=l.querySelectorAll('iframe[data-secret=\"'+t.secret+'\"]'),o=l.querySelectorAll('blockquote[data-secret=\"'+t.secret+'\"]'),c=new RegExp(\"^https?:$\",\"i\"),i=0;i<o.length;i++)o[i].style.display=\"none\";for(i=0;i<a.length;i++)s=a[i],e.source===s.contentWindow&&(s.removeAttribute(\"style\"),\"height\"===t.message?(1e3<(r=parseInt(t.value,10))?r=1e3:~~r<200&&(r=200),s.height=r):\"link\"===t.message&&(r=new URL(s.getAttribute(\"src\")),n=new URL(t.value),c.test(n.protocol))&&n.host===r.host&&l.activeElement===s&&(d.top.location.href=t.value))}},d.addEventListener(\"message\",d.wp.receiveEmbedMessage,!1),l.addEventListener(\"DOMContentLoaded\",function(){for(var e,t,s=l.querySelectorAll(\"iframe.wp-embedded-content\"),r=0;r<s.length;r++)(t=(e=s[r]).getAttribute(\"data-secret\"))||(t=Math.random().toString(36).substring(2,12),e.src+=\"#?secret=\"+t,e.setAttribute(\"data-secret\",t)),e.contentWindow.postMessage({message:\"ready\",secret:t},\"*\")},!1)))}(window,document);\n\/\/# sourceURL=https:\/\/wp.kristdemokraterna.se\/vasterbotten\/wp-includes\/js\/wp-embed.min.js\n\/* ]]> *\/\n<\/script>\n","description":"I dagens VK skriver v\u00e5r gruppledare Hans-Inge Smetana om behovet av att utveckla fler mellanv\u00e5rdsformer. Dags att s\u00e4tta individen f\u00f6re systemet f\u00f6r att kunna erbjuda en god och n\u00e4ra v\u00e5rd. Vi m\u00e5ste kunna m\u00f6ta patienterna d\u00e4r de beh\u00f6ver oss. Pandemin har gett oss nya erfarenheter och l\u00e4rdomar g\u00e4llande sjukv\u00e5rden och dess verksamheter. Samarbetet mellan kommuner Read More","thumbnail_url":"http:\/\/wp.kristdemokraterna.se\/vasterbotten\/files\/2022\/05\/individen-fore-systemet-1024x1024.jpg"}