{"version":"1.0","provider_name":"KRISTDEMOKRATERNA i V\u00e4sterbotten","provider_url":"https:\/\/wp.kristdemokraterna.se\/vasterbotten","title":"KD presenterar budget f\u00f6r Region V\u00e4sterbotten - KRISTDEMOKRATERNA i V\u00e4sterbotten","type":"rich","width":600,"height":338,"html":"<blockquote class=\"wp-embedded-content\" data-secret=\"8dvv0CCnjw\"><a href=\"https:\/\/wp.kristdemokraterna.se\/vasterbotten\/kd-presenterar-budget-for-region-vasterbotten\/\">KD presenterar budget f\u00f6r Region V\u00e4sterbotten<\/a><\/blockquote><iframe sandbox=\"allow-scripts\" security=\"restricted\" src=\"https:\/\/wp.kristdemokraterna.se\/vasterbotten\/kd-presenterar-budget-for-region-vasterbotten\/embed\/#?secret=8dvv0CCnjw\" width=\"600\" height=\"338\" title=\"\u201dKD presenterar budget f\u00f6r Region V\u00e4sterbotten\u201d &ndash; KRISTDEMOKRATERNA i V\u00e4sterbotten\" data-secret=\"8dvv0CCnjw\" frameborder=\"0\" marginwidth=\"0\" marginheight=\"0\" scrolling=\"no\" class=\"wp-embedded-content\"><\/iframe><script type=\"text\/javascript\">\n\/* <![CDATA[ *\/\n\/*! This file is auto-generated *\/\n!function(d,l){\"use strict\";l.querySelector&&d.addEventListener&&\"undefined\"!=typeof URL&&(d.wp=d.wp||{},d.wp.receiveEmbedMessage||(d.wp.receiveEmbedMessage=function(e){var t=e.data;if((t||t.secret||t.message||t.value)&&!\/[^a-zA-Z0-9]\/.test(t.secret)){for(var s,r,n,a=l.querySelectorAll('iframe[data-secret=\"'+t.secret+'\"]'),o=l.querySelectorAll('blockquote[data-secret=\"'+t.secret+'\"]'),c=new RegExp(\"^https?:$\",\"i\"),i=0;i<o.length;i++)o[i].style.display=\"none\";for(i=0;i<a.length;i++)s=a[i],e.source===s.contentWindow&&(s.removeAttribute(\"style\"),\"height\"===t.message?(1e3<(r=parseInt(t.value,10))?r=1e3:~~r<200&&(r=200),s.height=r):\"link\"===t.message&&(r=new URL(s.getAttribute(\"src\")),n=new URL(t.value),c.test(n.protocol))&&n.host===r.host&&l.activeElement===s&&(d.top.location.href=t.value))}},d.addEventListener(\"message\",d.wp.receiveEmbedMessage,!1),l.addEventListener(\"DOMContentLoaded\",function(){for(var e,t,s=l.querySelectorAll(\"iframe.wp-embedded-content\"),r=0;r<s.length;r++)(t=(e=s[r]).getAttribute(\"data-secret\"))||(t=Math.random().toString(36).substring(2,12),e.src+=\"#?secret=\"+t,e.setAttribute(\"data-secret\",t)),e.contentWindow.postMessage({message:\"ready\",secret:t},\"*\")},!1)))}(window,document);\n\/\/# sourceURL=https:\/\/wp.kristdemokraterna.se\/vasterbotten\/wp-includes\/js\/wp-embed.min.js\n\/* ]]> *\/\n<\/script>\n","description":"L\u00e4s hela budgeten h\u00e4r: KD Region V\u00e4sterbotten \u2013 Regionplan och budget Kristdemokraterna vill se en v\u00e4sterbottnisk h\u00e4lso- och sjukv\u00e5rd som \u00e4r tillg\u00e4nglig och h\u00f6gkvalitativ i hela l\u00e4net. D\u00e4r individen g\u00e5r f\u00f6re systemet och r\u00e4tten att v\u00e4lja, eller v\u00e4lja bort, v\u00e5rdgivare \u00e4r given. Vi \u00e4r en r\u00f6st f\u00f6r de som alltf\u00f6r ofta ingen r\u00f6st har, en Read More","thumbnail_url":"http:\/\/wp.kristdemokraterna.se\/vasterbotten\/files\/2021\/06\/37bbiovkwg-300x200.jpg"}