{"version":"1.0","provider_name":"KRISTDEMOKRATERNA i V\u00e4sterbotten","provider_url":"https:\/\/wp.kristdemokraterna.se\/vasterbotten","title":"Landstingets \u00e5rsredovisning har debatterats - KRISTDEMOKRATERNA i V\u00e4sterbotten","type":"rich","width":600,"height":338,"html":"<blockquote class=\"wp-embedded-content\" data-secret=\"qviBjSVqpI\"><a href=\"https:\/\/wp.kristdemokraterna.se\/vasterbotten\/landstingets-arsredovisning-har-debatterats\/\">Landstingets \u00e5rsredovisning har debatterats<\/a><\/blockquote><iframe sandbox=\"allow-scripts\" security=\"restricted\" src=\"https:\/\/wp.kristdemokraterna.se\/vasterbotten\/landstingets-arsredovisning-har-debatterats\/embed\/#?secret=qviBjSVqpI\" width=\"600\" height=\"338\" title=\"\u201dLandstingets \u00e5rsredovisning har debatterats\u201d &ndash; KRISTDEMOKRATERNA i V\u00e4sterbotten\" data-secret=\"qviBjSVqpI\" frameborder=\"0\" marginwidth=\"0\" marginheight=\"0\" scrolling=\"no\" class=\"wp-embedded-content\"><\/iframe><script type=\"text\/javascript\">\n\/* <![CDATA[ *\/\n\/*! This file is auto-generated *\/\n!function(d,l){\"use strict\";l.querySelector&&d.addEventListener&&\"undefined\"!=typeof URL&&(d.wp=d.wp||{},d.wp.receiveEmbedMessage||(d.wp.receiveEmbedMessage=function(e){var t=e.data;if((t||t.secret||t.message||t.value)&&!\/[^a-zA-Z0-9]\/.test(t.secret)){for(var s,r,n,a=l.querySelectorAll('iframe[data-secret=\"'+t.secret+'\"]'),o=l.querySelectorAll('blockquote[data-secret=\"'+t.secret+'\"]'),c=new RegExp(\"^https?:$\",\"i\"),i=0;i<o.length;i++)o[i].style.display=\"none\";for(i=0;i<a.length;i++)s=a[i],e.source===s.contentWindow&&(s.removeAttribute(\"style\"),\"height\"===t.message?(1e3<(r=parseInt(t.value,10))?r=1e3:~~r<200&&(r=200),s.height=r):\"link\"===t.message&&(r=new URL(s.getAttribute(\"src\")),n=new URL(t.value),c.test(n.protocol))&&n.host===r.host&&l.activeElement===s&&(d.top.location.href=t.value))}},d.addEventListener(\"message\",d.wp.receiveEmbedMessage,!1),l.addEventListener(\"DOMContentLoaded\",function(){for(var e,t,s=l.querySelectorAll(\"iframe.wp-embedded-content\"),r=0;r<s.length;r++)(t=(e=s[r]).getAttribute(\"data-secret\"))||(t=Math.random().toString(36).substring(2,12),e.src+=\"#?secret=\"+t,e.setAttribute(\"data-secret\",t)),e.contentWindow.postMessage({message:\"ready\",secret:t},\"*\")},!1)))}(window,document);\n\/\/# sourceURL=https:\/\/wp.kristdemokraterna.se\/vasterbotten\/wp-includes\/js\/wp-embed.min.js\n\/* ]]> *\/\n<\/script>\n","description":"&#8221;Landstinget m\u00e5ste ge personalen i prim\u00e4rv\u00e5rden rimliga f\u00f6ruts\u00e4ttningar att genomf\u00f6ra sina uppdrag p\u00e5 ett vettigt s\u00e4tt. D\u00e5 \u00e4r jag s\u00e4ker p\u00e5 att l\u00e4karna och distriktssk\u00f6terskorna \u00e5ter igen kommer att s\u00f6ka sig till h\u00e4lsocentralerna. Personalen har gjort och g\u00f6r ett fantastiskt arbete f\u00f6r att ge den b\u00e4sta t\u00e4nkbara v\u00e5rd till v\u00e4sterbottningarna. Som patient hoppas jag att Read More"}