{"version":"1.0","provider_name":"KD V\u00e4sternorrland","provider_url":"https:\/\/wp.kristdemokraterna.se\/vasternorrland","title":"Barn och ungas villkor s\u00e4tter agendan | KD V\u00e4sternorrland","type":"rich","width":600,"height":338,"html":"<blockquote class=\"wp-embedded-content\" data-secret=\"aMQmXFfdFq\"><a href=\"https:\/\/wp.kristdemokraterna.se\/vasternorrland\/barn-och-ungas-villkor-satter-agendan\/\">Barn och ungas villkor s\u00e4tter agendan<\/a><\/blockquote><iframe sandbox=\"allow-scripts\" security=\"restricted\" src=\"https:\/\/wp.kristdemokraterna.se\/vasternorrland\/barn-och-ungas-villkor-satter-agendan\/embed\/#?secret=aMQmXFfdFq\" width=\"600\" height=\"338\" title=\"\u201dBarn och ungas villkor s\u00e4tter agendan\u201d &ndash; KD V\u00e4sternorrland\" data-secret=\"aMQmXFfdFq\" frameborder=\"0\" marginwidth=\"0\" marginheight=\"0\" scrolling=\"no\" class=\"wp-embedded-content\"><\/iframe><script type=\"text\/javascript\">\n\/* <![CDATA[ *\/\n\/*! This file is auto-generated *\/\n!function(d,l){\"use strict\";l.querySelector&&d.addEventListener&&\"undefined\"!=typeof URL&&(d.wp=d.wp||{},d.wp.receiveEmbedMessage||(d.wp.receiveEmbedMessage=function(e){var t=e.data;if((t||t.secret||t.message||t.value)&&!\/[^a-zA-Z0-9]\/.test(t.secret)){for(var s,r,n,a=l.querySelectorAll('iframe[data-secret=\"'+t.secret+'\"]'),o=l.querySelectorAll('blockquote[data-secret=\"'+t.secret+'\"]'),c=new RegExp(\"^https?:$\",\"i\"),i=0;i<o.length;i++)o[i].style.display=\"none\";for(i=0;i<a.length;i++)s=a[i],e.source===s.contentWindow&&(s.removeAttribute(\"style\"),\"height\"===t.message?(1e3<(r=parseInt(t.value,10))?r=1e3:~~r<200&&(r=200),s.height=r):\"link\"===t.message&&(r=new URL(s.getAttribute(\"src\")),n=new URL(t.value),c.test(n.protocol))&&n.host===r.host&&l.activeElement===s&&(d.top.location.href=t.value))}},d.addEventListener(\"message\",d.wp.receiveEmbedMessage,!1),l.addEventListener(\"DOMContentLoaded\",function(){for(var e,t,s=l.querySelectorAll(\"iframe.wp-embedded-content\"),r=0;r<s.length;r++)(t=(e=s[r]).getAttribute(\"data-secret\"))||(t=Math.random().toString(36).substring(2,12),e.src+=\"#?secret=\"+t,e.setAttribute(\"data-secret\",t)),e.contentWindow.postMessage({message:\"ready\",secret:t},\"*\")},!1)))}(window,document);\n\/\/# sourceURL=https:\/\/wp.kristdemokraterna.se\/vasternorrland\/wp-includes\/js\/wp-embed.min.js\n\/* ]]> *\/\n<\/script>\n","description":"Pressmeddelande: Barn och ungas villkor s\u00e4tter agendan Onsdag den 19 juni bes\u00f6ks Sollefte\u00e5 av Regionala n\u00e4mndens ordf\u00f6rande, Sverker \u00c5gren, Kristdemokraterna. \u00d6nskar media delta vid n\u00e5got av bes\u00f6ken eller tr\u00e4ffa Sverker \u00c5gren f\u00f6r intervju i samband med dagen kontakta d\u00e5 politisk sekreterare Liza-Maria Norlin. Villkoren f\u00f6r barn och unga i Sollefte\u00e5 kommer att st\u00e5 i centrum Read More"}