{"version":"1.0","provider_name":"KD V\u00e4sternorrland","provider_url":"https:\/\/wp.kristdemokraterna.se\/vasternorrland","title":"Civilsamh\u00e4llet - viktigt eller inte | KD V\u00e4sternorrland","type":"rich","width":600,"height":338,"html":"<blockquote class=\"wp-embedded-content\" data-secret=\"9MUqtXzUxD\"><a href=\"https:\/\/wp.kristdemokraterna.se\/vasternorrland\/civilsamhallet-viktigt-eller-inte\/\">Civilsamh\u00e4llet &#8211; viktigt eller inte<\/a><\/blockquote><iframe sandbox=\"allow-scripts\" security=\"restricted\" src=\"https:\/\/wp.kristdemokraterna.se\/vasternorrland\/civilsamhallet-viktigt-eller-inte\/embed\/#?secret=9MUqtXzUxD\" width=\"600\" height=\"338\" title=\"\u201dCivilsamh\u00e4llet &#8211; viktigt eller inte\u201d &ndash; KD V\u00e4sternorrland\" data-secret=\"9MUqtXzUxD\" frameborder=\"0\" marginwidth=\"0\" marginheight=\"0\" scrolling=\"no\" class=\"wp-embedded-content\"><\/iframe><script type=\"text\/javascript\">\n\/* <![CDATA[ *\/\n\/*! This file is auto-generated *\/\n!function(d,l){\"use strict\";l.querySelector&&d.addEventListener&&\"undefined\"!=typeof URL&&(d.wp=d.wp||{},d.wp.receiveEmbedMessage||(d.wp.receiveEmbedMessage=function(e){var t=e.data;if((t||t.secret||t.message||t.value)&&!\/[^a-zA-Z0-9]\/.test(t.secret)){for(var s,r,n,a=l.querySelectorAll('iframe[data-secret=\"'+t.secret+'\"]'),o=l.querySelectorAll('blockquote[data-secret=\"'+t.secret+'\"]'),c=new RegExp(\"^https?:$\",\"i\"),i=0;i<o.length;i++)o[i].style.display=\"none\";for(i=0;i<a.length;i++)s=a[i],e.source===s.contentWindow&&(s.removeAttribute(\"style\"),\"height\"===t.message?(1e3<(r=parseInt(t.value,10))?r=1e3:~~r<200&&(r=200),s.height=r):\"link\"===t.message&&(r=new URL(s.getAttribute(\"src\")),n=new URL(t.value),c.test(n.protocol))&&n.host===r.host&&l.activeElement===s&&(d.top.location.href=t.value))}},d.addEventListener(\"message\",d.wp.receiveEmbedMessage,!1),l.addEventListener(\"DOMContentLoaded\",function(){for(var e,t,s=l.querySelectorAll(\"iframe.wp-embedded-content\"),r=0;r<s.length;r++)(t=(e=s[r]).getAttribute(\"data-secret\"))||(t=Math.random().toString(36).substring(2,12),e.src+=\"#?secret=\"+t,e.setAttribute(\"data-secret\",t)),e.contentWindow.postMessage({message:\"ready\",secret:t},\"*\")},!1)))}(window,document);\n\/\/# sourceURL=https:\/\/wp.kristdemokraterna.se\/vasternorrland\/wp-includes\/js\/wp-embed.min.js\n\/* ]]> *\/\n<\/script>\n","description":"L\u00e4ns\u00f6verenskommelsen var regionens stora verktyg f\u00f6r samverkan med civilsamh\u00e4llets akt\u00f6rer[1] och hade som m\u00e5l &#8221;st\u00e4rka samspelet mellan den id\u00e9burna sektorn och Region V\u00e4sternorrland&#8221;. \u00d6verenskommelsens antogs av fullm\u00e4ktige i april 2017. Sen tog resan slut; efter valet 2018 verkar den nya majoriteten (S, M och L) lagt \u00f6verenskommelsen \u00e5t sidan och under h\u00f6sten 2020 kom f\u00f6rslaget Read More"}