{"version":"1.0","provider_name":"KD V\u00e4sternorrland","provider_url":"https:\/\/wp.kristdemokraterna.se\/vasternorrland","title":"Fr\u00e5ga: Fri bensin - utmanande f\u00f6rm\u00e5n | KD V\u00e4sternorrland","type":"rich","width":600,"height":338,"html":"<blockquote class=\"wp-embedded-content\" data-secret=\"LXPLfZUfGv\"><a href=\"https:\/\/wp.kristdemokraterna.se\/vasternorrland\/fraga-fri-bensin-utmanande-forman\/\">Fr\u00e5ga: Fri bensin &#8211; utmanande f\u00f6rm\u00e5n<\/a><\/blockquote><iframe sandbox=\"allow-scripts\" security=\"restricted\" src=\"https:\/\/wp.kristdemokraterna.se\/vasternorrland\/fraga-fri-bensin-utmanande-forman\/embed\/#?secret=LXPLfZUfGv\" width=\"600\" height=\"338\" title=\"\u201dFr\u00e5ga: Fri bensin &#8211; utmanande f\u00f6rm\u00e5n\u201d &ndash; KD V\u00e4sternorrland\" data-secret=\"LXPLfZUfGv\" frameborder=\"0\" marginwidth=\"0\" marginheight=\"0\" scrolling=\"no\" class=\"wp-embedded-content\"><\/iframe><script type=\"text\/javascript\">\n\/* <![CDATA[ *\/\n\/*! This file is auto-generated *\/\n!function(d,l){\"use strict\";l.querySelector&&d.addEventListener&&\"undefined\"!=typeof URL&&(d.wp=d.wp||{},d.wp.receiveEmbedMessage||(d.wp.receiveEmbedMessage=function(e){var t=e.data;if((t||t.secret||t.message||t.value)&&!\/[^a-zA-Z0-9]\/.test(t.secret)){for(var s,r,n,a=l.querySelectorAll('iframe[data-secret=\"'+t.secret+'\"]'),o=l.querySelectorAll('blockquote[data-secret=\"'+t.secret+'\"]'),c=new RegExp(\"^https?:$\",\"i\"),i=0;i<o.length;i++)o[i].style.display=\"none\";for(i=0;i<a.length;i++)s=a[i],e.source===s.contentWindow&&(s.removeAttribute(\"style\"),\"height\"===t.message?(1e3<(r=parseInt(t.value,10))?r=1e3:~~r<200&&(r=200),s.height=r):\"link\"===t.message&&(r=new URL(s.getAttribute(\"src\")),n=new URL(t.value),c.test(n.protocol))&&n.host===r.host&&l.activeElement===s&&(d.top.location.href=t.value))}},d.addEventListener(\"message\",d.wp.receiveEmbedMessage,!1),l.addEventListener(\"DOMContentLoaded\",function(){for(var e,t,s=l.querySelectorAll(\"iframe.wp-embedded-content\"),r=0;r<s.length;r++)(t=(e=s[r]).getAttribute(\"data-secret\"))||(t=Math.random().toString(36).substring(2,12),e.src+=\"#?secret=\"+t,e.setAttribute(\"data-secret\",t)),e.contentWindow.postMessage({message:\"ready\",secret:t},\"*\")},!1)))}(window,document);\n\/\/# sourceURL=https:\/\/wp.kristdemokraterna.se\/vasternorrland\/wp-includes\/js\/wp-embed.min.js\n\/* ]]> *\/\n<\/script>\n","description":"Landstingen har nyligen tecknat avtal som ger chefstj\u00e4nstem\u00e4n m\u00f6jlighet att erh\u00e5lla f\u00f6rm\u00e5nsbil. Inte fullt s\u00e5 uppm\u00e4rksammat \u00e4r att f\u00f6rm\u00e5nen ocks\u00e5 g\u00e4ller landstingsr\u00e5d. Jag kan acceptera att en arbetsgivare som landstinget inf\u00f6r denna f\u00f6rm\u00e5n, men tidpunkten \u00e4r s\u00e4llsynt illa vald. Reaktioner utifr\u00e5n det s\u00e5 kallade f\u00e4ltet har ju varit ganska kraftfulla. Visst f\u00e5r tj\u00e4nstem\u00e4nnen sj\u00e4lva betala Read More"}