{"version":"1.0","provider_name":"KD V\u00e4sternorrland","provider_url":"https:\/\/wp.kristdemokraterna.se\/vasternorrland","title":"Friare liv under ansvar utg\u00e5ngspunkten f\u00f6r KD | KD V\u00e4sternorrland","type":"rich","width":600,"height":338,"html":"<blockquote class=\"wp-embedded-content\" data-secret=\"73ePlPSNKO\"><a href=\"https:\/\/wp.kristdemokraterna.se\/vasternorrland\/friare-liv-under-ansvar-utgangspunkten-for-kd\/\">Friare liv under ansvar utg\u00e5ngspunkten f\u00f6r KD<\/a><\/blockquote><iframe sandbox=\"allow-scripts\" security=\"restricted\" src=\"https:\/\/wp.kristdemokraterna.se\/vasternorrland\/friare-liv-under-ansvar-utgangspunkten-for-kd\/embed\/#?secret=73ePlPSNKO\" width=\"600\" height=\"338\" title=\"\u201dFriare liv under ansvar utg\u00e5ngspunkten f\u00f6r KD\u201d &ndash; KD V\u00e4sternorrland\" data-secret=\"73ePlPSNKO\" frameborder=\"0\" marginwidth=\"0\" marginheight=\"0\" scrolling=\"no\" class=\"wp-embedded-content\"><\/iframe><script type=\"text\/javascript\">\n\/* <![CDATA[ *\/\n\/*! This file is auto-generated *\/\n!function(d,l){\"use strict\";l.querySelector&&d.addEventListener&&\"undefined\"!=typeof URL&&(d.wp=d.wp||{},d.wp.receiveEmbedMessage||(d.wp.receiveEmbedMessage=function(e){var t=e.data;if((t||t.secret||t.message||t.value)&&!\/[^a-zA-Z0-9]\/.test(t.secret)){for(var s,r,n,a=l.querySelectorAll('iframe[data-secret=\"'+t.secret+'\"]'),o=l.querySelectorAll('blockquote[data-secret=\"'+t.secret+'\"]'),c=new RegExp(\"^https?:$\",\"i\"),i=0;i<o.length;i++)o[i].style.display=\"none\";for(i=0;i<a.length;i++)s=a[i],e.source===s.contentWindow&&(s.removeAttribute(\"style\"),\"height\"===t.message?(1e3<(r=parseInt(t.value,10))?r=1e3:~~r<200&&(r=200),s.height=r):\"link\"===t.message&&(r=new URL(s.getAttribute(\"src\")),n=new URL(t.value),c.test(n.protocol))&&n.host===r.host&&l.activeElement===s&&(d.top.location.href=t.value))}},d.addEventListener(\"message\",d.wp.receiveEmbedMessage,!1),l.addEventListener(\"DOMContentLoaded\",function(){for(var e,t,s=l.querySelectorAll(\"iframe.wp-embedded-content\"),r=0;r<s.length;r++)(t=(e=s[r]).getAttribute(\"data-secret\"))||(t=Math.random().toString(36).substring(2,12),e.src+=\"#?secret=\"+t,e.setAttribute(\"data-secret\",t)),e.contentWindow.postMessage({message:\"ready\",secret:t},\"*\")},!1)))}(window,document);\n\/\/# sourceURL=https:\/\/wp.kristdemokraterna.se\/vasternorrland\/wp-includes\/js\/wp-embed.min.js\n\/* ]]> *\/\n<\/script>\n","description":"Individualism och kollektivism \u00e4r k\u00e4nda politiska begrepp. De utg\u00f6r utg\u00e5ngspunkter f\u00f6r bland annat liberalism och socialism. Individualismen betonar den enskildes frihet d\u00e4r varje m\u00e4nniska \u2013 om man spetsar det hela \u2013 \u00e4r sig sj\u00e4lv nog. Var och en blir sin egen lyckas smed och var och en ansvarar f\u00f6r sig sj\u00e4lv. Allt som inkr\u00e4ktar p\u00e5 Read More"}