{"version":"1.0","provider_name":"KD V\u00e4sternorrland","provider_url":"https:\/\/wp.kristdemokraterna.se\/vasternorrland","title":"Hans Brynielsson ny ledamot i fullm\u00e4ktige | KD V\u00e4sternorrland","type":"rich","width":600,"height":338,"html":"<blockquote class=\"wp-embedded-content\" data-secret=\"sNP8jxrmb1\"><a href=\"https:\/\/wp.kristdemokraterna.se\/vasternorrland\/hans-brynielsson-ny-ledamot-i-regionfullmaktige\/\">Hans Brynielsson ny ledamot i fullm\u00e4ktige<\/a><\/blockquote><iframe sandbox=\"allow-scripts\" security=\"restricted\" src=\"https:\/\/wp.kristdemokraterna.se\/vasternorrland\/hans-brynielsson-ny-ledamot-i-regionfullmaktige\/embed\/#?secret=sNP8jxrmb1\" width=\"600\" height=\"338\" title=\"\u201dHans Brynielsson ny ledamot i fullm\u00e4ktige\u201d &ndash; KD V\u00e4sternorrland\" data-secret=\"sNP8jxrmb1\" frameborder=\"0\" marginwidth=\"0\" marginheight=\"0\" scrolling=\"no\" class=\"wp-embedded-content\"><\/iframe><script type=\"text\/javascript\">\n\/* <![CDATA[ *\/\n\/*! This file is auto-generated *\/\n!function(d,l){\"use strict\";l.querySelector&&d.addEventListener&&\"undefined\"!=typeof URL&&(d.wp=d.wp||{},d.wp.receiveEmbedMessage||(d.wp.receiveEmbedMessage=function(e){var t=e.data;if((t||t.secret||t.message||t.value)&&!\/[^a-zA-Z0-9]\/.test(t.secret)){for(var s,r,n,a=l.querySelectorAll('iframe[data-secret=\"'+t.secret+'\"]'),o=l.querySelectorAll('blockquote[data-secret=\"'+t.secret+'\"]'),c=new RegExp(\"^https?:$\",\"i\"),i=0;i<o.length;i++)o[i].style.display=\"none\";for(i=0;i<a.length;i++)s=a[i],e.source===s.contentWindow&&(s.removeAttribute(\"style\"),\"height\"===t.message?(1e3<(r=parseInt(t.value,10))?r=1e3:~~r<200&&(r=200),s.height=r):\"link\"===t.message&&(r=new URL(s.getAttribute(\"src\")),n=new URL(t.value),c.test(n.protocol))&&n.host===r.host&&l.activeElement===s&&(d.top.location.href=t.value))}},d.addEventListener(\"message\",d.wp.receiveEmbedMessage,!1),l.addEventListener(\"DOMContentLoaded\",function(){for(var e,t,s=l.querySelectorAll(\"iframe.wp-embedded-content\"),r=0;r<s.length;r++)(t=(e=s[r]).getAttribute(\"data-secret\"))||(t=Math.random().toString(36).substring(2,12),e.src+=\"#?secret=\"+t,e.setAttribute(\"data-secret\",t)),e.contentWindow.postMessage({message:\"ready\",secret:t},\"*\")},!1)))}(window,document);\n\/\/# sourceURL=https:\/\/wp.kristdemokraterna.se\/vasternorrland\/wp-includes\/js\/wp-embed.min.js\n\/* ]]> *\/\n<\/script>\n","description":"Hans Brynielsson blir ny regionfullm\u00e4ktigeledamot f\u00f6r Kristdemokraterna i Centrala Sundsvall-Timr\u00e5 valkrets efter Roger Boork. Britt-Marie Brynielsson tar vid som ny ers\u00e4ttare f\u00f6r partiet efter Bertil H\u00f6rnqvist i samma valkrets.\u00a0Detta har L\u00e4nsstyrelsen meddelat vilket anm\u00e4ldes p\u00e5 fullm\u00e4ktigem\u00f6tet den 2 februari. Kristdemokraterna | Bertil H\u00f6rnqvist \u00b7 Britt-Mari Brynielsson \u00b7 Hans Brynielsson \u00b7 Roger Boork"}