{"version":"1.0","provider_name":"KD V\u00e4sternorrland","provider_url":"https:\/\/wp.kristdemokraterna.se\/vasternorrland","title":"Interpellation: Fler familjecentraler | KD V\u00e4sternorrland","type":"rich","width":600,"height":338,"html":"<blockquote class=\"wp-embedded-content\" data-secret=\"i3GT4gjfTz\"><a href=\"https:\/\/wp.kristdemokraterna.se\/vasternorrland\/interpellation-fler-familjecentraler\/\">Interpellation: Fler familjecentraler<\/a><\/blockquote><iframe sandbox=\"allow-scripts\" security=\"restricted\" src=\"https:\/\/wp.kristdemokraterna.se\/vasternorrland\/interpellation-fler-familjecentraler\/embed\/#?secret=i3GT4gjfTz\" width=\"600\" height=\"338\" title=\"\u201dInterpellation: Fler familjecentraler\u201d &ndash; KD V\u00e4sternorrland\" data-secret=\"i3GT4gjfTz\" frameborder=\"0\" marginwidth=\"0\" marginheight=\"0\" scrolling=\"no\" class=\"wp-embedded-content\"><\/iframe><script type=\"text\/javascript\">\n\/* <![CDATA[ *\/\n\/*! This file is auto-generated *\/\n!function(d,l){\"use strict\";l.querySelector&&d.addEventListener&&\"undefined\"!=typeof URL&&(d.wp=d.wp||{},d.wp.receiveEmbedMessage||(d.wp.receiveEmbedMessage=function(e){var t=e.data;if((t||t.secret||t.message||t.value)&&!\/[^a-zA-Z0-9]\/.test(t.secret)){for(var s,r,n,a=l.querySelectorAll('iframe[data-secret=\"'+t.secret+'\"]'),o=l.querySelectorAll('blockquote[data-secret=\"'+t.secret+'\"]'),c=new RegExp(\"^https?:$\",\"i\"),i=0;i<o.length;i++)o[i].style.display=\"none\";for(i=0;i<a.length;i++)s=a[i],e.source===s.contentWindow&&(s.removeAttribute(\"style\"),\"height\"===t.message?(1e3<(r=parseInt(t.value,10))?r=1e3:~~r<200&&(r=200),s.height=r):\"link\"===t.message&&(r=new URL(s.getAttribute(\"src\")),n=new URL(t.value),c.test(n.protocol))&&n.host===r.host&&l.activeElement===s&&(d.top.location.href=t.value))}},d.addEventListener(\"message\",d.wp.receiveEmbedMessage,!1),l.addEventListener(\"DOMContentLoaded\",function(){for(var e,t,s=l.querySelectorAll(\"iframe.wp-embedded-content\"),r=0;r<s.length;r++)(t=(e=s[r]).getAttribute(\"data-secret\"))||(t=Math.random().toString(36).substring(2,12),e.src+=\"#?secret=\"+t,e.setAttribute(\"data-secret\",t)),e.contentWindow.postMessage({message:\"ready\",secret:t},\"*\")},!1)))}(window,document);\n\/\/# sourceURL=https:\/\/wp.kristdemokraterna.se\/vasternorrland\/wp-includes\/js\/wp-embed.min.js\n\/* ]]> *\/\n<\/script>\n","description":"En familjecentral \u00e4r en viktig m\u00f6tesplats d\u00e4r barnfamiljer f\u00e5r tillg\u00e5ng till m\u00f6drav\u00e5rd, barnav\u00e5rdcentral, \u00f6ppen f\u00f6rskola och socialtj\u00e4nst p\u00e5 ett och samma st\u00e4lle. Inte minst ger familjecentralerna asyls\u00f6kande familjer st\u00e4rkta m\u00f6jligheter att f\u00e5 en lyckad integration i det svenska samh\u00e4llet. Genom denna samverkan, med b\u00e5de kommunal och landstingsdriven verksamhet, n\u00e5r man l\u00e4ttare familjer och f\u00e5r ut\u00f6kade Read More"}