{"version":"1.0","provider_name":"KD V\u00e4sternorrland","provider_url":"https:\/\/wp.kristdemokraterna.se\/vasternorrland","title":"Interpellation: Situationen p\u00e5 \u00d6rnsk\u00f6ldsviks sjukhus | KD V\u00e4sternorrland","type":"rich","width":600,"height":338,"html":"<blockquote class=\"wp-embedded-content\" data-secret=\"gbcLMz2S1B\"><a href=\"https:\/\/wp.kristdemokraterna.se\/vasternorrland\/interpellation-situationen-pa-ornskoldsviks-sjukhus\/\">Interpellation: Situationen p\u00e5 \u00d6rnsk\u00f6ldsviks sjukhus<\/a><\/blockquote><iframe sandbox=\"allow-scripts\" security=\"restricted\" src=\"https:\/\/wp.kristdemokraterna.se\/vasternorrland\/interpellation-situationen-pa-ornskoldsviks-sjukhus\/embed\/#?secret=gbcLMz2S1B\" width=\"600\" height=\"338\" title=\"\u201dInterpellation: Situationen p\u00e5 \u00d6rnsk\u00f6ldsviks sjukhus\u201d &ndash; KD V\u00e4sternorrland\" data-secret=\"gbcLMz2S1B\" frameborder=\"0\" marginwidth=\"0\" marginheight=\"0\" scrolling=\"no\" class=\"wp-embedded-content\"><\/iframe><script type=\"text\/javascript\">\n\/* <![CDATA[ *\/\n\/*! This file is auto-generated *\/\n!function(d,l){\"use strict\";l.querySelector&&d.addEventListener&&\"undefined\"!=typeof URL&&(d.wp=d.wp||{},d.wp.receiveEmbedMessage||(d.wp.receiveEmbedMessage=function(e){var t=e.data;if((t||t.secret||t.message||t.value)&&!\/[^a-zA-Z0-9]\/.test(t.secret)){for(var s,r,n,a=l.querySelectorAll('iframe[data-secret=\"'+t.secret+'\"]'),o=l.querySelectorAll('blockquote[data-secret=\"'+t.secret+'\"]'),c=new RegExp(\"^https?:$\",\"i\"),i=0;i<o.length;i++)o[i].style.display=\"none\";for(i=0;i<a.length;i++)s=a[i],e.source===s.contentWindow&&(s.removeAttribute(\"style\"),\"height\"===t.message?(1e3<(r=parseInt(t.value,10))?r=1e3:~~r<200&&(r=200),s.height=r):\"link\"===t.message&&(r=new URL(s.getAttribute(\"src\")),n=new URL(t.value),c.test(n.protocol))&&n.host===r.host&&l.activeElement===s&&(d.top.location.href=t.value))}},d.addEventListener(\"message\",d.wp.receiveEmbedMessage,!1),l.addEventListener(\"DOMContentLoaded\",function(){for(var e,t,s=l.querySelectorAll(\"iframe.wp-embedded-content\"),r=0;r<s.length;r++)(t=(e=s[r]).getAttribute(\"data-secret\"))||(t=Math.random().toString(36).substring(2,12),e.src+=\"#?secret=\"+t,e.setAttribute(\"data-secret\",t)),e.contentWindow.postMessage({message:\"ready\",secret:t},\"*\")},!1)))}(window,document);\n\/\/# sourceURL=https:\/\/wp.kristdemokraterna.se\/vasternorrland\/wp-includes\/js\/wp-embed.min.js\n\/* ]]> *\/\n<\/script>\n","description":"Maude Westman \u00f6verl\u00e4mnade till ordf\u00f6rande en interpellation med f\u00f6ljande lydelse st\u00e4lld till landstingsstyrelsens ordf\u00f6rande: F\u00f6r tv\u00e5 \u00e5r sedan besl\u00f6ts det i ett enigt landstingsfullm\u00e4ktige att vi m\u00e5ste se \u00f6ver v\u00e5ra kostnader f\u00f6r v\u00e5rt landsting bl\u00f6dde. Vi besl\u00f6t att anta ett sparf\u00f6rslag f\u00f6r att komma fram till en budget vi kan f\u00f6rsvara. St\u00f6rsta delen av sparbetinget Read More"}