{"version":"1.0","provider_name":"KD V\u00e4sternorrland","provider_url":"https:\/\/wp.kristdemokraterna.se\/vasternorrland","title":"Kaos p\u00e5 presidiekonferensen i regionen | KD V\u00e4sternorrland","type":"rich","width":600,"height":338,"html":"<blockquote class=\"wp-embedded-content\" data-secret=\"d5nqjrB0Nk\"><a href=\"https:\/\/wp.kristdemokraterna.se\/vasternorrland\/kaos-pa-presidiekonferensen-i-regionen\/\">Kaos p\u00e5 presidiekonferensen i regionen<\/a><\/blockquote><iframe sandbox=\"allow-scripts\" security=\"restricted\" src=\"https:\/\/wp.kristdemokraterna.se\/vasternorrland\/kaos-pa-presidiekonferensen-i-regionen\/embed\/#?secret=d5nqjrB0Nk\" width=\"600\" height=\"338\" title=\"\u201dKaos p\u00e5 presidiekonferensen i regionen\u201d &ndash; KD V\u00e4sternorrland\" data-secret=\"d5nqjrB0Nk\" frameborder=\"0\" marginwidth=\"0\" marginheight=\"0\" scrolling=\"no\" class=\"wp-embedded-content\"><\/iframe><script type=\"text\/javascript\">\n\/* <![CDATA[ *\/\n\/*! This file is auto-generated *\/\n!function(d,l){\"use strict\";l.querySelector&&d.addEventListener&&\"undefined\"!=typeof URL&&(d.wp=d.wp||{},d.wp.receiveEmbedMessage||(d.wp.receiveEmbedMessage=function(e){var t=e.data;if((t||t.secret||t.message||t.value)&&!\/[^a-zA-Z0-9]\/.test(t.secret)){for(var s,r,n,a=l.querySelectorAll('iframe[data-secret=\"'+t.secret+'\"]'),o=l.querySelectorAll('blockquote[data-secret=\"'+t.secret+'\"]'),c=new RegExp(\"^https?:$\",\"i\"),i=0;i<o.length;i++)o[i].style.display=\"none\";for(i=0;i<a.length;i++)s=a[i],e.source===s.contentWindow&&(s.removeAttribute(\"style\"),\"height\"===t.message?(1e3<(r=parseInt(t.value,10))?r=1e3:~~r<200&&(r=200),s.height=r):\"link\"===t.message&&(r=new URL(s.getAttribute(\"src\")),n=new URL(t.value),c.test(n.protocol))&&n.host===r.host&&l.activeElement===s&&(d.top.location.href=t.value))}},d.addEventListener(\"message\",d.wp.receiveEmbedMessage,!1),l.addEventListener(\"DOMContentLoaded\",function(){for(var e,t,s=l.querySelectorAll(\"iframe.wp-embedded-content\"),r=0;r<s.length;r++)(t=(e=s[r]).getAttribute(\"data-secret\"))||(t=Math.random().toString(36).substring(2,12),e.src+=\"#?secret=\"+t,e.setAttribute(\"data-secret\",t)),e.contentWindow.postMessage({message:\"ready\",secret:t},\"*\")},!1)))}(window,document);\n\/\/# sourceURL=https:\/\/wp.kristdemokraterna.se\/vasternorrland\/wp-includes\/js\/wp-embed.min.js\n\/* ]]> *\/\n<\/script>\n","description":"En helt vanlig dag i regionpolitikens V\u00e4sternorrland. Just idag, den 8 juni 2021, \u00e4r det presidiekonferens. Presidiekonferensen \u00e4r ett m\u00f6te d\u00e4r fullm\u00e4ktiges ordf\u00f6rande m\u00f6ter gruppledarna f\u00f6r regionens 8 partier. Konferensen \u00e4r till f\u00f6r att partierna gemensamt ska planera och f\u00f6lja upp fullm\u00e4ktigem\u00f6tena. Det blev \u00e4nnu en presidiekonferens d\u00e4r Socialdemokraterna strular p\u00e5 om att man till Read More","thumbnail_url":"https:\/\/wp.kristdemokraterna.se\/vasternorrland\/files\/2021\/06\/traffic-4003342_1920-e1629537362171.jpg","thumbnail_width":1920,"thumbnail_height":1080}