{"version":"1.0","provider_name":"KD V\u00e4sternorrland","provider_url":"https:\/\/wp.kristdemokraterna.se\/vasternorrland","title":"Maria Borgehammar - Redo f\u00f6r ett nytt ledarskap | KD V\u00e4sternorrland","type":"rich","width":600,"height":338,"html":"<blockquote class=\"wp-embedded-content\" data-secret=\"FlaibRNEB5\"><a href=\"https:\/\/wp.kristdemokraterna.se\/vasternorrland\/maria-borgehammar-redo-for-ett-nytt-ledarskap\/\">Maria Borgehammar &#8211; Redo f\u00f6r ett nytt ledarskap<\/a><\/blockquote><iframe sandbox=\"allow-scripts\" security=\"restricted\" src=\"https:\/\/wp.kristdemokraterna.se\/vasternorrland\/maria-borgehammar-redo-for-ett-nytt-ledarskap\/embed\/#?secret=FlaibRNEB5\" width=\"600\" height=\"338\" title=\"\u201dMaria Borgehammar &#8211; Redo f\u00f6r ett nytt ledarskap\u201d &ndash; KD V\u00e4sternorrland\" data-secret=\"FlaibRNEB5\" frameborder=\"0\" marginwidth=\"0\" marginheight=\"0\" scrolling=\"no\" class=\"wp-embedded-content\"><\/iframe><script type=\"text\/javascript\">\n\/* <![CDATA[ *\/\n\/*! This file is auto-generated *\/\n!function(d,l){\"use strict\";l.querySelector&&d.addEventListener&&\"undefined\"!=typeof URL&&(d.wp=d.wp||{},d.wp.receiveEmbedMessage||(d.wp.receiveEmbedMessage=function(e){var t=e.data;if((t||t.secret||t.message||t.value)&&!\/[^a-zA-Z0-9]\/.test(t.secret)){for(var s,r,n,a=l.querySelectorAll('iframe[data-secret=\"'+t.secret+'\"]'),o=l.querySelectorAll('blockquote[data-secret=\"'+t.secret+'\"]'),c=new RegExp(\"^https?:$\",\"i\"),i=0;i<o.length;i++)o[i].style.display=\"none\";for(i=0;i<a.length;i++)s=a[i],e.source===s.contentWindow&&(s.removeAttribute(\"style\"),\"height\"===t.message?(1e3<(r=parseInt(t.value,10))?r=1e3:~~r<200&&(r=200),s.height=r):\"link\"===t.message&&(r=new URL(s.getAttribute(\"src\")),n=new URL(t.value),c.test(n.protocol))&&n.host===r.host&&l.activeElement===s&&(d.top.location.href=t.value))}},d.addEventListener(\"message\",d.wp.receiveEmbedMessage,!1),l.addEventListener(\"DOMContentLoaded\",function(){for(var e,t,s=l.querySelectorAll(\"iframe.wp-embedded-content\"),r=0;r<s.length;r++)(t=(e=s[r]).getAttribute(\"data-secret\"))||(t=Math.random().toString(36).substring(2,12),e.src+=\"#?secret=\"+t,e.setAttribute(\"data-secret\",t)),e.contentWindow.postMessage({message:\"ready\",secret:t},\"*\")},!1)))}(window,document);\n\/\/# sourceURL=https:\/\/wp.kristdemokraterna.se\/vasternorrland\/wp-includes\/js\/wp-embed.min.js\n\/* ]]> *\/\n<\/script>\n","description":"Tre akutsjukhus &#8211; Sollefte\u00e5, Sundsvall och \u00d6rnsk\u00f6ldsvik. Det m\u00e5ste vi ha f\u00f6r en j\u00e4mlik, trygg och s\u00e4ker v\u00e5rd med rimliga avst\u00e5nd. Lyssna p\u00e5 personalen &#8211; De kan verksamheten och vet hur man kan f\u00f6r\u00e4ndra, f\u00f6rb\u00e4ttra och utveckla den. Staten ska ha huvudansvar f\u00f6r sjukv\u00e5rden s\u00e5 att en h\u00f6gkvalitativ, effektiv och j\u00e4mlik v\u00e5rd kan ges p\u00e5 Read More","thumbnail_url":"http:\/\/wp.kristdemokraterna.se\/vasternorrland\/files\/2022\/05\/19-300x168.jpg"}