{"version":"1.0","provider_name":"KD V\u00e4sternorrland","provider_url":"https:\/\/wp.kristdemokraterna.se\/vasternorrland","title":"N\u00e4tl\u00e4karna beh\u00f6vs f\u00f6r v\u00e4lf\u00e4rden! | KD V\u00e4sternorrland","type":"rich","width":600,"height":338,"html":"<blockquote class=\"wp-embedded-content\" data-secret=\"Al9rlid1Yn\"><a href=\"https:\/\/wp.kristdemokraterna.se\/vasternorrland\/natlakarna-behovs-for-valfarden\/\">N\u00e4tl\u00e4karna beh\u00f6vs f\u00f6r v\u00e4lf\u00e4rden!<\/a><\/blockquote><iframe sandbox=\"allow-scripts\" security=\"restricted\" src=\"https:\/\/wp.kristdemokraterna.se\/vasternorrland\/natlakarna-behovs-for-valfarden\/embed\/#?secret=Al9rlid1Yn\" width=\"600\" height=\"338\" title=\"\u201dN\u00e4tl\u00e4karna beh\u00f6vs f\u00f6r v\u00e4lf\u00e4rden!\u201d &ndash; KD V\u00e4sternorrland\" data-secret=\"Al9rlid1Yn\" frameborder=\"0\" marginwidth=\"0\" marginheight=\"0\" scrolling=\"no\" class=\"wp-embedded-content\"><\/iframe><script type=\"text\/javascript\">\n\/* <![CDATA[ *\/\n\/*! This file is auto-generated *\/\n!function(d,l){\"use strict\";l.querySelector&&d.addEventListener&&\"undefined\"!=typeof URL&&(d.wp=d.wp||{},d.wp.receiveEmbedMessage||(d.wp.receiveEmbedMessage=function(e){var t=e.data;if((t||t.secret||t.message||t.value)&&!\/[^a-zA-Z0-9]\/.test(t.secret)){for(var s,r,n,a=l.querySelectorAll('iframe[data-secret=\"'+t.secret+'\"]'),o=l.querySelectorAll('blockquote[data-secret=\"'+t.secret+'\"]'),c=new RegExp(\"^https?:$\",\"i\"),i=0;i<o.length;i++)o[i].style.display=\"none\";for(i=0;i<a.length;i++)s=a[i],e.source===s.contentWindow&&(s.removeAttribute(\"style\"),\"height\"===t.message?(1e3<(r=parseInt(t.value,10))?r=1e3:~~r<200&&(r=200),s.height=r):\"link\"===t.message&&(r=new URL(s.getAttribute(\"src\")),n=new URL(t.value),c.test(n.protocol))&&n.host===r.host&&l.activeElement===s&&(d.top.location.href=t.value))}},d.addEventListener(\"message\",d.wp.receiveEmbedMessage,!1),l.addEventListener(\"DOMContentLoaded\",function(){for(var e,t,s=l.querySelectorAll(\"iframe.wp-embedded-content\"),r=0;r<s.length;r++)(t=(e=s[r]).getAttribute(\"data-secret\"))||(t=Math.random().toString(36).substring(2,12),e.src+=\"#?secret=\"+t,e.setAttribute(\"data-secret\",t)),e.contentWindow.postMessage({message:\"ready\",secret:t},\"*\")},!1)))}(window,document);\n\/\/# sourceURL=https:\/\/wp.kristdemokraterna.se\/vasternorrland\/wp-includes\/js\/wp-embed.min.js\n\/* ]]> *\/\n<\/script>\n","description":"Att f\u00e5 v\u00e5rden n\u00e4r du beh\u00f6ver den, det \u00e4r v\u00e4lf\u00e4rd. D\u00e5 spelar det ingen roll om du f\u00e5r den av en privat\u00e4gd v\u00e5rdcentral, ett regiondrivet sjukhus eller utav en digital n\u00e4tl\u00e4kare. Fyra v\u00e4nsterpartister skrev den 29 mars i media att privata n\u00e4tl\u00e4kare \u00e4r kostsamt f\u00f6r regionen. Att V\u00e4nsterpartiet inte gillar det privata, det vet vi. Read More","thumbnail_url":"https:\/\/wp.kristdemokraterna.se\/vasternorrland\/files\/2021\/04\/valfard-hander.jpg","thumbnail_width":1920,"thumbnail_height":1080}