{"version":"1.0","provider_name":"KD V\u00e4sternorrland","provider_url":"https:\/\/wp.kristdemokraterna.se\/vasternorrland","title":"Politiker ska inte detaljstyra familjer | KD V\u00e4sternorrland","type":"rich","width":600,"height":338,"html":"<blockquote class=\"wp-embedded-content\" data-secret=\"BEflT9PsVu\"><a href=\"https:\/\/wp.kristdemokraterna.se\/vasternorrland\/politiker-ska-inte-detaljstyra-familjer\/\">Politiker ska inte detaljstyra familjer<\/a><\/blockquote><iframe sandbox=\"allow-scripts\" security=\"restricted\" src=\"https:\/\/wp.kristdemokraterna.se\/vasternorrland\/politiker-ska-inte-detaljstyra-familjer\/embed\/#?secret=BEflT9PsVu\" width=\"600\" height=\"338\" title=\"\u201dPolitiker ska inte detaljstyra familjer\u201d &ndash; KD V\u00e4sternorrland\" data-secret=\"BEflT9PsVu\" frameborder=\"0\" marginwidth=\"0\" marginheight=\"0\" scrolling=\"no\" class=\"wp-embedded-content\"><\/iframe><script type=\"text\/javascript\">\n\/* <![CDATA[ *\/\n\/*! This file is auto-generated *\/\n!function(d,l){\"use strict\";l.querySelector&&d.addEventListener&&\"undefined\"!=typeof URL&&(d.wp=d.wp||{},d.wp.receiveEmbedMessage||(d.wp.receiveEmbedMessage=function(e){var t=e.data;if((t||t.secret||t.message||t.value)&&!\/[^a-zA-Z0-9]\/.test(t.secret)){for(var s,r,n,a=l.querySelectorAll('iframe[data-secret=\"'+t.secret+'\"]'),o=l.querySelectorAll('blockquote[data-secret=\"'+t.secret+'\"]'),c=new RegExp(\"^https?:$\",\"i\"),i=0;i<o.length;i++)o[i].style.display=\"none\";for(i=0;i<a.length;i++)s=a[i],e.source===s.contentWindow&&(s.removeAttribute(\"style\"),\"height\"===t.message?(1e3<(r=parseInt(t.value,10))?r=1e3:~~r<200&&(r=200),s.height=r):\"link\"===t.message&&(r=new URL(s.getAttribute(\"src\")),n=new URL(t.value),c.test(n.protocol))&&n.host===r.host&&l.activeElement===s&&(d.top.location.href=t.value))}},d.addEventListener(\"message\",d.wp.receiveEmbedMessage,!1),l.addEventListener(\"DOMContentLoaded\",function(){for(var e,t,s=l.querySelectorAll(\"iframe.wp-embedded-content\"),r=0;r<s.length;r++)(t=(e=s[r]).getAttribute(\"data-secret\"))||(t=Math.random().toString(36).substring(2,12),e.src+=\"#?secret=\"+t,e.setAttribute(\"data-secret\",t)),e.contentWindow.postMessage({message:\"ready\",secret:t},\"*\")},!1)))}(window,document);\n\/\/# sourceURL=https:\/\/wp.kristdemokraterna.se\/vasternorrland\/wp-includes\/js\/wp-embed.min.js\n\/* ]]> *\/\n<\/script>\n","description":"I f\u00f6rra veckan kunde vi h\u00f6ra att socialdemokraterna tagit beslut p\u00e5 sin kongress att g\u00e5 vidare med f\u00f6rslaget om tv\u00e5ngskvotering av f\u00f6r\u00e4ldraf\u00f6rs\u00e4kringen, 50 procent till vardera f\u00f6r\u00e4lder. Man kommer att redan fr\u00e5n \u00e5rsskiftet \u00f6ronm\u00e4rka en tredje m\u00e5nad f\u00f6r papporna. Vi kristdemokrater vill g\u00e5 i helt motsatt riktning. Socialdemokraterna h\u00e4nvisar till att kvinnor i dagsl\u00e4get tar Read More"}