{"version":"1.0","provider_name":"KD V\u00e4sternorrland","provider_url":"https:\/\/wp.kristdemokraterna.se\/vasternorrland","title":"Psykiatrisk v\u00e5rd som avskr\u00e4cker patienter | KD V\u00e4sternorrland","type":"rich","width":600,"height":338,"html":"<blockquote class=\"wp-embedded-content\" data-secret=\"2KDLfBV1fv\"><a href=\"https:\/\/wp.kristdemokraterna.se\/vasternorrland\/psykiatrisk-vard-som-avskracker-patienter\/\">Psykiatrisk v\u00e5rd som avskr\u00e4cker patienter<\/a><\/blockquote><iframe sandbox=\"allow-scripts\" security=\"restricted\" src=\"https:\/\/wp.kristdemokraterna.se\/vasternorrland\/psykiatrisk-vard-som-avskracker-patienter\/embed\/#?secret=2KDLfBV1fv\" width=\"600\" height=\"338\" title=\"\u201dPsykiatrisk v\u00e5rd som avskr\u00e4cker patienter\u201d &ndash; KD V\u00e4sternorrland\" data-secret=\"2KDLfBV1fv\" frameborder=\"0\" marginwidth=\"0\" marginheight=\"0\" scrolling=\"no\" class=\"wp-embedded-content\"><\/iframe><script type=\"text\/javascript\">\n\/* <![CDATA[ *\/\n\/*! This file is auto-generated *\/\n!function(d,l){\"use strict\";l.querySelector&&d.addEventListener&&\"undefined\"!=typeof URL&&(d.wp=d.wp||{},d.wp.receiveEmbedMessage||(d.wp.receiveEmbedMessage=function(e){var t=e.data;if((t||t.secret||t.message||t.value)&&!\/[^a-zA-Z0-9]\/.test(t.secret)){for(var s,r,n,a=l.querySelectorAll('iframe[data-secret=\"'+t.secret+'\"]'),o=l.querySelectorAll('blockquote[data-secret=\"'+t.secret+'\"]'),c=new RegExp(\"^https?:$\",\"i\"),i=0;i<o.length;i++)o[i].style.display=\"none\";for(i=0;i<a.length;i++)s=a[i],e.source===s.contentWindow&&(s.removeAttribute(\"style\"),\"height\"===t.message?(1e3<(r=parseInt(t.value,10))?r=1e3:~~r<200&&(r=200),s.height=r):\"link\"===t.message&&(r=new URL(s.getAttribute(\"src\")),n=new URL(t.value),c.test(n.protocol))&&n.host===r.host&&l.activeElement===s&&(d.top.location.href=t.value))}},d.addEventListener(\"message\",d.wp.receiveEmbedMessage,!1),l.addEventListener(\"DOMContentLoaded\",function(){for(var e,t,s=l.querySelectorAll(\"iframe.wp-embedded-content\"),r=0;r<s.length;r++)(t=(e=s[r]).getAttribute(\"data-secret\"))||(t=Math.random().toString(36).substring(2,12),e.src+=\"#?secret=\"+t,e.setAttribute(\"data-secret\",t)),e.contentWindow.postMessage({message:\"ready\",secret:t},\"*\")},!1)))}(window,document);\n\/\/# sourceURL=https:\/\/wp.kristdemokraterna.se\/vasternorrland\/wp-includes\/js\/wp-embed.min.js\n\/* ]]> *\/\n<\/script>\n","description":"Medan m\u00e5nga specialiteter utvecklas mot att bli alltmer anpassade till patienternas specifika behov, tycks psykiatrin g\u00e5 motsatt riktning. Allra v\u00e4rst \u00e4r det f\u00f6r unga l\u00e4nsmedborgare som drabbas av psykisk oh\u00e4lsa och beh\u00f6ver slutenv\u00e5rd. I praktiken erbjuds inl\u00e4ggning (d\u00e4r man sover kvar i \u00f6ver natten) endast p\u00e5 avdelning 7 i Sundsvall. Det \u00e4r en vuxenavdelning, som Read More"}