{"version":"1.0","provider_name":"KD V\u00e4sternorrland","provider_url":"https:\/\/wp.kristdemokraterna.se\/vasternorrland","title":"Referat v\u00e5rst\u00e4mman 2011 | KD V\u00e4sternorrland","type":"rich","width":600,"height":338,"html":"<blockquote class=\"wp-embedded-content\" data-secret=\"Xvp4u2hkfI\"><a href=\"https:\/\/wp.kristdemokraterna.se\/vasternorrland\/referat-varstamman-2011\/\">Referat v\u00e5rst\u00e4mman 2011<\/a><\/blockquote><iframe sandbox=\"allow-scripts\" security=\"restricted\" src=\"https:\/\/wp.kristdemokraterna.se\/vasternorrland\/referat-varstamman-2011\/embed\/#?secret=Xvp4u2hkfI\" width=\"600\" height=\"338\" title=\"\u201dReferat v\u00e5rst\u00e4mman 2011\u201d &ndash; KD V\u00e4sternorrland\" data-secret=\"Xvp4u2hkfI\" frameborder=\"0\" marginwidth=\"0\" marginheight=\"0\" scrolling=\"no\" class=\"wp-embedded-content\"><\/iframe><script type=\"text\/javascript\">\n\/* <![CDATA[ *\/\n\/*! This file is auto-generated *\/\n!function(d,l){\"use strict\";l.querySelector&&d.addEventListener&&\"undefined\"!=typeof URL&&(d.wp=d.wp||{},d.wp.receiveEmbedMessage||(d.wp.receiveEmbedMessage=function(e){var t=e.data;if((t||t.secret||t.message||t.value)&&!\/[^a-zA-Z0-9]\/.test(t.secret)){for(var s,r,n,a=l.querySelectorAll('iframe[data-secret=\"'+t.secret+'\"]'),o=l.querySelectorAll('blockquote[data-secret=\"'+t.secret+'\"]'),c=new RegExp(\"^https?:$\",\"i\"),i=0;i<o.length;i++)o[i].style.display=\"none\";for(i=0;i<a.length;i++)s=a[i],e.source===s.contentWindow&&(s.removeAttribute(\"style\"),\"height\"===t.message?(1e3<(r=parseInt(t.value,10))?r=1e3:~~r<200&&(r=200),s.height=r):\"link\"===t.message&&(r=new URL(s.getAttribute(\"src\")),n=new URL(t.value),c.test(n.protocol))&&n.host===r.host&&l.activeElement===s&&(d.top.location.href=t.value))}},d.addEventListener(\"message\",d.wp.receiveEmbedMessage,!1),l.addEventListener(\"DOMContentLoaded\",function(){for(var e,t,s=l.querySelectorAll(\"iframe.wp-embedded-content\"),r=0;r<s.length;r++)(t=(e=s[r]).getAttribute(\"data-secret\"))||(t=Math.random().toString(36).substring(2,12),e.src+=\"#?secret=\"+t,e.setAttribute(\"data-secret\",t)),e.contentWindow.postMessage({message:\"ready\",secret:t},\"*\")},!1)))}(window,document);\n\/\/# sourceURL=https:\/\/wp.kristdemokraterna.se\/vasternorrland\/wp-includes\/js\/wp-embed.min.js\n\/* ]]> *\/\n<\/script>\n","description":"Kristdemokraterna i V\u00e4sternorrland h\u00f6ll v\u00e5rst\u00e4mma p\u00e5 Richard S\u00e5ngkock i \u00d6rnsk\u00f6ldsvik. Distriktets ordf\u00f6rande Jan Erik \u00c5gren h\u00e4lsade de m\u00e5nga n\u00e4rvarande v\u00e4lkomna, varefter han l\u00e4mnade \u00f6ver ordet till nyblivne n\u00e4mndsordf\u00f6rande i regionfr\u00e5gan Sverker \u00c5gren, som ber\u00e4ttade om f\u00f6r\u00e4ndringen i landstinget, d\u00e5 en ny majoritet f\u00e5tt ledningen. Partiets associerade f\u00f6rbund presenterades d\u00e4refter: Kvinnof\u00f6rbundet av dess vice ordf\u00f6rande Bitten Read More"}