{"version":"1.0","provider_name":"KD V\u00e4sternorrland","provider_url":"https:\/\/wp.kristdemokraterna.se\/vasternorrland","title":"S\u00e5 h\u00e4r prioriterar vi i landstingspolitiken | KD V\u00e4sternorrland","type":"rich","width":600,"height":338,"html":"<blockquote class=\"wp-embedded-content\" data-secret=\"iAMmQqf5Gb\"><a href=\"https:\/\/wp.kristdemokraterna.se\/vasternorrland\/sa-har-prioriterar-vi-i-landstingspolitiken\/\">S\u00e5 h\u00e4r prioriterar vi i landstingspolitiken<\/a><\/blockquote><iframe sandbox=\"allow-scripts\" security=\"restricted\" src=\"https:\/\/wp.kristdemokraterna.se\/vasternorrland\/sa-har-prioriterar-vi-i-landstingspolitiken\/embed\/#?secret=iAMmQqf5Gb\" width=\"600\" height=\"338\" title=\"\u201dS\u00e5 h\u00e4r prioriterar vi i landstingspolitiken\u201d &ndash; KD V\u00e4sternorrland\" data-secret=\"iAMmQqf5Gb\" frameborder=\"0\" marginwidth=\"0\" marginheight=\"0\" scrolling=\"no\" class=\"wp-embedded-content\"><\/iframe><script type=\"text\/javascript\">\n\/* <![CDATA[ *\/\n\/*! This file is auto-generated *\/\n!function(d,l){\"use strict\";l.querySelector&&d.addEventListener&&\"undefined\"!=typeof URL&&(d.wp=d.wp||{},d.wp.receiveEmbedMessage||(d.wp.receiveEmbedMessage=function(e){var t=e.data;if((t||t.secret||t.message||t.value)&&!\/[^a-zA-Z0-9]\/.test(t.secret)){for(var s,r,n,a=l.querySelectorAll('iframe[data-secret=\"'+t.secret+'\"]'),o=l.querySelectorAll('blockquote[data-secret=\"'+t.secret+'\"]'),c=new RegExp(\"^https?:$\",\"i\"),i=0;i<o.length;i++)o[i].style.display=\"none\";for(i=0;i<a.length;i++)s=a[i],e.source===s.contentWindow&&(s.removeAttribute(\"style\"),\"height\"===t.message?(1e3<(r=parseInt(t.value,10))?r=1e3:~~r<200&&(r=200),s.height=r):\"link\"===t.message&&(r=new URL(s.getAttribute(\"src\")),n=new URL(t.value),c.test(n.protocol))&&n.host===r.host&&l.activeElement===s&&(d.top.location.href=t.value))}},d.addEventListener(\"message\",d.wp.receiveEmbedMessage,!1),l.addEventListener(\"DOMContentLoaded\",function(){for(var e,t,s=l.querySelectorAll(\"iframe.wp-embedded-content\"),r=0;r<s.length;r++)(t=(e=s[r]).getAttribute(\"data-secret\"))||(t=Math.random().toString(36).substring(2,12),e.src+=\"#?secret=\"+t,e.setAttribute(\"data-secret\",t)),e.contentWindow.postMessage({message:\"ready\",secret:t},\"*\")},!1)))}(window,document);\n\/\/# sourceURL=https:\/\/wp.kristdemokraterna.se\/vasternorrland\/wp-includes\/js\/wp-embed.min.js\n\/* ]]> *\/\n<\/script>\n","description":"Politiken har stort ansvar f\u00f6r att se till att det finns st\u00f6d f\u00f6r barn och ungdomar. Tyv\u00e4rr kan vi se en \u00f6kande psykisk oh\u00e4lsa bland unga m\u00e4nniskor. Regeringen har sk\u00e4rpt v\u00e5rdgarantin f\u00f6r barn- och ungdomspsykiatrin, vilket har kortat v\u00e4ntetiden fram till den f\u00f6rsta kontakten med v\u00e5rden. Men fortfarande tar det f\u00f6r l\u00e5ng tid fr\u00e5n bed\u00f6mning Read More"}