{"version":"1.0","provider_name":"KD V\u00e4sternorrland","provider_url":"https:\/\/wp.kristdemokraterna.se\/vasternorrland","title":"Staten struntar i skogs\u00e4garnas \u00e4gander\u00e4tt | KD V\u00e4sternorrland","type":"rich","width":600,"height":338,"html":"<blockquote class=\"wp-embedded-content\" data-secret=\"PIzoeXGzxp\"><a href=\"https:\/\/wp.kristdemokraterna.se\/vasternorrland\/staten-struntar-i-skogsagarnas-aganderatt\/\">Staten struntar i skogs\u00e4garnas \u00e4gander\u00e4tt<\/a><\/blockquote><iframe sandbox=\"allow-scripts\" security=\"restricted\" src=\"https:\/\/wp.kristdemokraterna.se\/vasternorrland\/staten-struntar-i-skogsagarnas-aganderatt\/embed\/#?secret=PIzoeXGzxp\" width=\"600\" height=\"338\" title=\"\u201dStaten struntar i skogs\u00e4garnas \u00e4gander\u00e4tt\u201d &ndash; KD V\u00e4sternorrland\" data-secret=\"PIzoeXGzxp\" frameborder=\"0\" marginwidth=\"0\" marginheight=\"0\" scrolling=\"no\" class=\"wp-embedded-content\"><\/iframe><script type=\"text\/javascript\">\n\/* <![CDATA[ *\/\n\/*! This file is auto-generated *\/\n!function(d,l){\"use strict\";l.querySelector&&d.addEventListener&&\"undefined\"!=typeof URL&&(d.wp=d.wp||{},d.wp.receiveEmbedMessage||(d.wp.receiveEmbedMessage=function(e){var t=e.data;if((t||t.secret||t.message||t.value)&&!\/[^a-zA-Z0-9]\/.test(t.secret)){for(var s,r,n,a=l.querySelectorAll('iframe[data-secret=\"'+t.secret+'\"]'),o=l.querySelectorAll('blockquote[data-secret=\"'+t.secret+'\"]'),c=new RegExp(\"^https?:$\",\"i\"),i=0;i<o.length;i++)o[i].style.display=\"none\";for(i=0;i<a.length;i++)s=a[i],e.source===s.contentWindow&&(s.removeAttribute(\"style\"),\"height\"===t.message?(1e3<(r=parseInt(t.value,10))?r=1e3:~~r<200&&(r=200),s.height=r):\"link\"===t.message&&(r=new URL(s.getAttribute(\"src\")),n=new URL(t.value),c.test(n.protocol))&&n.host===r.host&&l.activeElement===s&&(d.top.location.href=t.value))}},d.addEventListener(\"message\",d.wp.receiveEmbedMessage,!1),l.addEventListener(\"DOMContentLoaded\",function(){for(var e,t,s=l.querySelectorAll(\"iframe.wp-embedded-content\"),r=0;r<s.length;r++)(t=(e=s[r]).getAttribute(\"data-secret\"))||(t=Math.random().toString(36).substring(2,12),e.src+=\"#?secret=\"+t,e.setAttribute(\"data-secret\",t)),e.contentWindow.postMessage({message:\"ready\",secret:t},\"*\")},!1)))}(window,document);\n\/\/# sourceURL=https:\/\/wp.kristdemokraterna.se\/vasternorrland\/wp-includes\/js\/wp-embed.min.js\n\/* ]]> *\/\n<\/script>\n","description":"Den svenska skogen ger oss fantastiska m\u00f6jligheter, d\u00e4r kan vi vandra och s\u00f6ka ro. Dessutom ger den avg\u00f6rande int\u00e4kter f\u00f6r v\u00e5r v\u00e4lf\u00e4rd. Den brukade skogen ger oss trippel milj\u00f6nytta. Den tar upp koldioxid n\u00e4r den v\u00e4xer, lagrar koldioxid i tr\u00e4produkter och ers\u00e4tter olja, kol och plast. Utifr\u00e5n det perspektivet b\u00f6r vi utv\u00e4rdera arbetet med s\u00e5 Read More"}