{"version":"1.0","provider_name":"KD V\u00e4sternorrland","provider_url":"https:\/\/wp.kristdemokraterna.se\/vasternorrland","title":"Svar p\u00e5 interpellation om L\u00e4ns\u00f6verenskommelsen | KD V\u00e4sternorrland","type":"rich","width":600,"height":338,"html":"<blockquote class=\"wp-embedded-content\" data-secret=\"rUgZEJLUha\"><a href=\"https:\/\/wp.kristdemokraterna.se\/vasternorrland\/svar-pa-interpellation-om-lansoverenskommelsen\/\">Svar p\u00e5 interpellation om L\u00e4ns\u00f6verenskommelsen<\/a><\/blockquote><iframe sandbox=\"allow-scripts\" security=\"restricted\" src=\"https:\/\/wp.kristdemokraterna.se\/vasternorrland\/svar-pa-interpellation-om-lansoverenskommelsen\/embed\/#?secret=rUgZEJLUha\" width=\"600\" height=\"338\" title=\"\u201dSvar p\u00e5 interpellation om L\u00e4ns\u00f6verenskommelsen\u201d &ndash; KD V\u00e4sternorrland\" data-secret=\"rUgZEJLUha\" frameborder=\"0\" marginwidth=\"0\" marginheight=\"0\" scrolling=\"no\" class=\"wp-embedded-content\"><\/iframe><script type=\"text\/javascript\">\n\/* <![CDATA[ *\/\n\/*! This file is auto-generated *\/\n!function(d,l){\"use strict\";l.querySelector&&d.addEventListener&&\"undefined\"!=typeof URL&&(d.wp=d.wp||{},d.wp.receiveEmbedMessage||(d.wp.receiveEmbedMessage=function(e){var t=e.data;if((t||t.secret||t.message||t.value)&&!\/[^a-zA-Z0-9]\/.test(t.secret)){for(var s,r,n,a=l.querySelectorAll('iframe[data-secret=\"'+t.secret+'\"]'),o=l.querySelectorAll('blockquote[data-secret=\"'+t.secret+'\"]'),c=new RegExp(\"^https?:$\",\"i\"),i=0;i<o.length;i++)o[i].style.display=\"none\";for(i=0;i<a.length;i++)s=a[i],e.source===s.contentWindow&&(s.removeAttribute(\"style\"),\"height\"===t.message?(1e3<(r=parseInt(t.value,10))?r=1e3:~~r<200&&(r=200),s.height=r):\"link\"===t.message&&(r=new URL(s.getAttribute(\"src\")),n=new URL(t.value),c.test(n.protocol))&&n.host===r.host&&l.activeElement===s&&(d.top.location.href=t.value))}},d.addEventListener(\"message\",d.wp.receiveEmbedMessage,!1),l.addEventListener(\"DOMContentLoaded\",function(){for(var e,t,s=l.querySelectorAll(\"iframe.wp-embedded-content\"),r=0;r<s.length;r++)(t=(e=s[r]).getAttribute(\"data-secret\"))||(t=Math.random().toString(36).substring(2,12),e.src+=\"#?secret=\"+t,e.setAttribute(\"data-secret\",t)),e.contentWindow.postMessage({message:\"ready\",secret:t},\"*\")},!1)))}(window,document);\n\/\/# sourceURL=https:\/\/wp.kristdemokraterna.se\/vasternorrland\/wp-includes\/js\/wp-embed.min.js\n\/* ]]> *\/\n<\/script>\n","description":"Interpellanten st\u00e4ller tre fr\u00e5gor: Hur har Region V\u00e4sternorrland f\u00f6rb\u00e4ttrat dialogen med de id\u00e9burna organisationerna j\u00e4mf\u00f6rt med tidigare? P\u00e5 vilket s\u00e4tt har man synliggjort de id\u00e9burna organisationernas roll som b\u00e4rare av demokratiska v\u00e4rderingar och opinionsbildare f\u00f6r samh\u00e4llsf\u00f6r\u00e4ndring? Vilka organisationer i den id\u00e9burna sektorn har man gjort \u00f6verenskommelser med? Kan du ge n\u00e5gra exempel p\u00e5 den \u00f6kade Read More"}