{"version":"1.0","provider_name":"KD V\u00e4sternorrland","provider_url":"https:\/\/wp.kristdemokraterna.se\/vasternorrland","title":"Ut\u00f6ka v\u00e5rdvalet f\u00f6r inv\u00e5narnas b\u00e4sta | KD V\u00e4sternorrland","type":"rich","width":600,"height":338,"html":"<blockquote class=\"wp-embedded-content\" data-secret=\"27SRvH9KID\"><a href=\"https:\/\/wp.kristdemokraterna.se\/vasternorrland\/utoka-vardvalet-for-invanarnas-basta\/\">Ut\u00f6ka v\u00e5rdvalet f\u00f6r inv\u00e5narnas b\u00e4sta<\/a><\/blockquote><iframe sandbox=\"allow-scripts\" security=\"restricted\" src=\"https:\/\/wp.kristdemokraterna.se\/vasternorrland\/utoka-vardvalet-for-invanarnas-basta\/embed\/#?secret=27SRvH9KID\" width=\"600\" height=\"338\" title=\"\u201dUt\u00f6ka v\u00e5rdvalet f\u00f6r inv\u00e5narnas b\u00e4sta\u201d &ndash; KD V\u00e4sternorrland\" data-secret=\"27SRvH9KID\" frameborder=\"0\" marginwidth=\"0\" marginheight=\"0\" scrolling=\"no\" class=\"wp-embedded-content\"><\/iframe><script type=\"text\/javascript\">\n\/* <![CDATA[ *\/\n\/*! This file is auto-generated *\/\n!function(d,l){\"use strict\";l.querySelector&&d.addEventListener&&\"undefined\"!=typeof URL&&(d.wp=d.wp||{},d.wp.receiveEmbedMessage||(d.wp.receiveEmbedMessage=function(e){var t=e.data;if((t||t.secret||t.message||t.value)&&!\/[^a-zA-Z0-9]\/.test(t.secret)){for(var s,r,n,a=l.querySelectorAll('iframe[data-secret=\"'+t.secret+'\"]'),o=l.querySelectorAll('blockquote[data-secret=\"'+t.secret+'\"]'),c=new RegExp(\"^https?:$\",\"i\"),i=0;i<o.length;i++)o[i].style.display=\"none\";for(i=0;i<a.length;i++)s=a[i],e.source===s.contentWindow&&(s.removeAttribute(\"style\"),\"height\"===t.message?(1e3<(r=parseInt(t.value,10))?r=1e3:~~r<200&&(r=200),s.height=r):\"link\"===t.message&&(r=new URL(s.getAttribute(\"src\")),n=new URL(t.value),c.test(n.protocol))&&n.host===r.host&&l.activeElement===s&&(d.top.location.href=t.value))}},d.addEventListener(\"message\",d.wp.receiveEmbedMessage,!1),l.addEventListener(\"DOMContentLoaded\",function(){for(var e,t,s=l.querySelectorAll(\"iframe.wp-embedded-content\"),r=0;r<s.length;r++)(t=(e=s[r]).getAttribute(\"data-secret\"))||(t=Math.random().toString(36).substring(2,12),e.src+=\"#?secret=\"+t,e.setAttribute(\"data-secret\",t)),e.contentWindow.postMessage({message:\"ready\",secret:t},\"*\")},!1)))}(window,document);\n\/\/# sourceURL=https:\/\/wp.kristdemokraterna.se\/vasternorrland\/wp-includes\/js\/wp-embed.min.js\n\/* ]]> *\/\n<\/script>\n","description":"V\u00e5rdval V\u00e4sternorrland inf\u00f6rdes i januari 2010. Det \u00e4r en lagstadgad reform som \u00f6kar patienten valfrihet. De har hj\u00e4lp till att h\u00e5lla nere v\u00e5rdk\u00f6erna och gett patienterna st\u00f6rre m\u00f6jlighet att sj\u00e4lva v\u00e4lja n\u00e4r, var och hur de vill tr\u00e4ffa sin l\u00e4kare. Ett ut\u00f6kat v\u00e5rdval skulle vara ett bra s\u00e4tt att \u00f6verf\u00f6ra verksamheter fr\u00e5n specialistv\u00e5rden till prim\u00e4rv\u00e5rden. Read More","thumbnail_url":"https:\/\/wp.kristdemokraterna.se\/vasternorrland\/files\/2019\/06\/vardval-regelbok-2019.jpg","thumbnail_width":1920,"thumbnail_height":1080}