{"version":"1.0","provider_name":"KD V\u00e4sternorrland","provider_url":"https:\/\/wp.kristdemokraterna.se\/vasternorrland","title":"Vaccinera \u00e4ldre och riskgrupper gratis i h\u00f6st! | KD V\u00e4sternorrland","type":"rich","width":600,"height":338,"html":"<blockquote class=\"wp-embedded-content\" data-secret=\"PzVPFr8fVQ\"><a href=\"https:\/\/wp.kristdemokraterna.se\/vasternorrland\/vaccinera-aldre-och-riskgrupper-gratis-i-host\/\">Vaccinera \u00e4ldre och riskgrupper gratis i h\u00f6st!<\/a><\/blockquote><iframe sandbox=\"allow-scripts\" security=\"restricted\" src=\"https:\/\/wp.kristdemokraterna.se\/vasternorrland\/vaccinera-aldre-och-riskgrupper-gratis-i-host\/embed\/#?secret=PzVPFr8fVQ\" width=\"600\" height=\"338\" title=\"\u201dVaccinera \u00e4ldre och riskgrupper gratis i h\u00f6st!\u201d &ndash; KD V\u00e4sternorrland\" data-secret=\"PzVPFr8fVQ\" frameborder=\"0\" marginwidth=\"0\" marginheight=\"0\" scrolling=\"no\" class=\"wp-embedded-content\"><\/iframe><script type=\"text\/javascript\">\n\/* <![CDATA[ *\/\n\/*! This file is auto-generated *\/\n!function(d,l){\"use strict\";l.querySelector&&d.addEventListener&&\"undefined\"!=typeof URL&&(d.wp=d.wp||{},d.wp.receiveEmbedMessage||(d.wp.receiveEmbedMessage=function(e){var t=e.data;if((t||t.secret||t.message||t.value)&&!\/[^a-zA-Z0-9]\/.test(t.secret)){for(var s,r,n,a=l.querySelectorAll('iframe[data-secret=\"'+t.secret+'\"]'),o=l.querySelectorAll('blockquote[data-secret=\"'+t.secret+'\"]'),c=new RegExp(\"^https?:$\",\"i\"),i=0;i<o.length;i++)o[i].style.display=\"none\";for(i=0;i<a.length;i++)s=a[i],e.source===s.contentWindow&&(s.removeAttribute(\"style\"),\"height\"===t.message?(1e3<(r=parseInt(t.value,10))?r=1e3:~~r<200&&(r=200),s.height=r):\"link\"===t.message&&(r=new URL(s.getAttribute(\"src\")),n=new URL(t.value),c.test(n.protocol))&&n.host===r.host&&l.activeElement===s&&(d.top.location.href=t.value))}},d.addEventListener(\"message\",d.wp.receiveEmbedMessage,!1),l.addEventListener(\"DOMContentLoaded\",function(){for(var e,t,s=l.querySelectorAll(\"iframe.wp-embedded-content\"),r=0;r<s.length;r++)(t=(e=s[r]).getAttribute(\"data-secret\"))||(t=Math.random().toString(36).substring(2,12),e.src+=\"#?secret=\"+t,e.setAttribute(\"data-secret\",t)),e.contentWindow.postMessage({message:\"ready\",secret:t},\"*\")},!1)))}(window,document);\n\/\/# sourceURL=https:\/\/wp.kristdemokraterna.se\/vasternorrland\/wp-includes\/js\/wp-embed.min.js\n\/* ]]> *\/\n<\/script>\n","description":"Sannolikheten f\u00f6r en andra v\u00e5g av Covid-19 har \u00f6kat markant sedan regeringen beslutat ta bort restriktionerna f\u00f6r resor inom landet alldeles lagom till semestertiden d\u00e5 folk reser som mest. Snart kommer verkligheten ikapp folket. Kommer det en andra v\u00e5g av pandemin i v\u00e5rt land, s\u00e5 kommer v\u00e5rden f\u00e5 extremt anstr\u00e4ngt under h\u00f6sten och vintern. L\u00e4gg Read More"}