{"version":"1.0","provider_name":"KD V\u00e4sternorrland","provider_url":"https:\/\/wp.kristdemokraterna.se\/vasternorrland","title":"Vi s\u00e4ger nej till tv\u00e5ngsdelad f\u00f6r\u00e4ldraf\u00f6rs\u00e4kring | KD V\u00e4sternorrland","type":"rich","width":600,"height":338,"html":"<blockquote class=\"wp-embedded-content\" data-secret=\"u3MYNLoyIY\"><a href=\"https:\/\/wp.kristdemokraterna.se\/vasternorrland\/vi-sager-nej-till-tvangsdelad-foraldraforsakring\/\">Vi s\u00e4ger nej till tv\u00e5ngsdelad f\u00f6r\u00e4ldraf\u00f6rs\u00e4kring<\/a><\/blockquote><iframe sandbox=\"allow-scripts\" security=\"restricted\" src=\"https:\/\/wp.kristdemokraterna.se\/vasternorrland\/vi-sager-nej-till-tvangsdelad-foraldraforsakring\/embed\/#?secret=u3MYNLoyIY\" width=\"600\" height=\"338\" title=\"\u201dVi s\u00e4ger nej till tv\u00e5ngsdelad f\u00f6r\u00e4ldraf\u00f6rs\u00e4kring\u201d &ndash; KD V\u00e4sternorrland\" data-secret=\"u3MYNLoyIY\" frameborder=\"0\" marginwidth=\"0\" marginheight=\"0\" scrolling=\"no\" class=\"wp-embedded-content\"><\/iframe><script type=\"text\/javascript\">\n\/* <![CDATA[ *\/\n\/*! This file is auto-generated *\/\n!function(d,l){\"use strict\";l.querySelector&&d.addEventListener&&\"undefined\"!=typeof URL&&(d.wp=d.wp||{},d.wp.receiveEmbedMessage||(d.wp.receiveEmbedMessage=function(e){var t=e.data;if((t||t.secret||t.message||t.value)&&!\/[^a-zA-Z0-9]\/.test(t.secret)){for(var s,r,n,a=l.querySelectorAll('iframe[data-secret=\"'+t.secret+'\"]'),o=l.querySelectorAll('blockquote[data-secret=\"'+t.secret+'\"]'),c=new RegExp(\"^https?:$\",\"i\"),i=0;i<o.length;i++)o[i].style.display=\"none\";for(i=0;i<a.length;i++)s=a[i],e.source===s.contentWindow&&(s.removeAttribute(\"style\"),\"height\"===t.message?(1e3<(r=parseInt(t.value,10))?r=1e3:~~r<200&&(r=200),s.height=r):\"link\"===t.message&&(r=new URL(s.getAttribute(\"src\")),n=new URL(t.value),c.test(n.protocol))&&n.host===r.host&&l.activeElement===s&&(d.top.location.href=t.value))}},d.addEventListener(\"message\",d.wp.receiveEmbedMessage,!1),l.addEventListener(\"DOMContentLoaded\",function(){for(var e,t,s=l.querySelectorAll(\"iframe.wp-embedded-content\"),r=0;r<s.length;r++)(t=(e=s[r]).getAttribute(\"data-secret\"))||(t=Math.random().toString(36).substring(2,12),e.src+=\"#?secret=\"+t,e.setAttribute(\"data-secret\",t)),e.contentWindow.postMessage({message:\"ready\",secret:t},\"*\")},!1)))}(window,document);\n\/\/# sourceURL=https:\/\/wp.kristdemokraterna.se\/vasternorrland\/wp-includes\/js\/wp-embed.min.js\n\/* ]]> *\/\n<\/script>\n","description":"Kristdemokraternas familjepolitik utg\u00e5r fr\u00e5n barnen och deras behov av tid tillsammans med sina f\u00f6r\u00e4ldrar. Just d\u00e4rf\u00f6r beh\u00f6ver barnfamiljernas m\u00f6jligheter till flexibla val \u00f6ka, inte besk\u00e4ras ytterligare. Staten ska inte fatta beslut som f\u00f6r\u00e4ldrarna \u00e4r b\u00e4ttre l\u00e4mpade att fatta. F\u00f6r\u00e4ldraansvaret beh\u00f6ver st\u00e4rkas, inte f\u00f6rsvagas. F\u00f6r\u00e4ldrar har redan i dag en lagstadgad r\u00e4tt till h\u00e4lften av f\u00f6r\u00e4ldrapenningdagarna Read More"}