{"version":"1.0","provider_name":"KD V\u00e4sternorrland","provider_url":"https:\/\/wp.kristdemokraterna.se\/vasternorrland","title":"Yrkande Till\u00e4ggsbudget samt omdisponering \u00e5r 2022 | KD V\u00e4sternorrland","type":"rich","width":600,"height":338,"html":"<blockquote class=\"wp-embedded-content\" data-secret=\"K0UW19PxUW\"><a href=\"https:\/\/wp.kristdemokraterna.se\/vasternorrland\/yrkande-tillaggsbudget-samt-omdisponering-ar-2022\/\">Yrkande Till\u00e4ggsbudget samt omdisponering \u00e5r 2022<\/a><\/blockquote><iframe sandbox=\"allow-scripts\" security=\"restricted\" src=\"https:\/\/wp.kristdemokraterna.se\/vasternorrland\/yrkande-tillaggsbudget-samt-omdisponering-ar-2022\/embed\/#?secret=K0UW19PxUW\" width=\"600\" height=\"338\" title=\"\u201dYrkande Till\u00e4ggsbudget samt omdisponering \u00e5r 2022\u201d &ndash; KD V\u00e4sternorrland\" data-secret=\"K0UW19PxUW\" frameborder=\"0\" marginwidth=\"0\" marginheight=\"0\" scrolling=\"no\" class=\"wp-embedded-content\"><\/iframe><script type=\"text\/javascript\">\n\/* <![CDATA[ *\/\n\/*! This file is auto-generated *\/\n!function(d,l){\"use strict\";l.querySelector&&d.addEventListener&&\"undefined\"!=typeof URL&&(d.wp=d.wp||{},d.wp.receiveEmbedMessage||(d.wp.receiveEmbedMessage=function(e){var t=e.data;if((t||t.secret||t.message||t.value)&&!\/[^a-zA-Z0-9]\/.test(t.secret)){for(var s,r,n,a=l.querySelectorAll('iframe[data-secret=\"'+t.secret+'\"]'),o=l.querySelectorAll('blockquote[data-secret=\"'+t.secret+'\"]'),c=new RegExp(\"^https?:$\",\"i\"),i=0;i<o.length;i++)o[i].style.display=\"none\";for(i=0;i<a.length;i++)s=a[i],e.source===s.contentWindow&&(s.removeAttribute(\"style\"),\"height\"===t.message?(1e3<(r=parseInt(t.value,10))?r=1e3:~~r<200&&(r=200),s.height=r):\"link\"===t.message&&(r=new URL(s.getAttribute(\"src\")),n=new URL(t.value),c.test(n.protocol))&&n.host===r.host&&l.activeElement===s&&(d.top.location.href=t.value))}},d.addEventListener(\"message\",d.wp.receiveEmbedMessage,!1),l.addEventListener(\"DOMContentLoaded\",function(){for(var e,t,s=l.querySelectorAll(\"iframe.wp-embedded-content\"),r=0;r<s.length;r++)(t=(e=s[r]).getAttribute(\"data-secret\"))||(t=Math.random().toString(36).substring(2,12),e.src+=\"#?secret=\"+t,e.setAttribute(\"data-secret\",t)),e.contentWindow.postMessage({message:\"ready\",secret:t},\"*\")},!1)))}(window,document);\n\/\/# sourceURL=https:\/\/wp.kristdemokraterna.se\/vasternorrland\/wp-includes\/js\/wp-embed.min.js\n\/* ]]> *\/\n<\/script>\n","description":"Personalen \u00e4r Regionens viktigaste tillg\u00e5ng. Utan personal stannar h\u00e4lso- och sjukv\u00e5rden. Omdisponeringen av budgeten avseende en l\u00f6nesatsning om 30 miljoner kronor \u00e4r d\u00e4rf\u00f6r helt n\u00f6dv\u00e4ndig. Vi ser d\u00e4rf\u00f6r positivt p\u00e5 f\u00f6rslaget p\u00e5 denna akuta \u00e5tg\u00e4rd. Samtidigt kan det h\u00e4r ge effekter som att det skapas ilska och irritation hos de som inte f\u00e5r ta del Read More"}