{"id":156168,"date":"2018-12-30T12:09:44","date_gmt":"2018-12-30T11:09:44","guid":{"rendered":"http:\/\/wp.kristdemokraterna.se\/vasternorrland\/?page_id=156168"},"modified":"2021-05-22T19:11:34","modified_gmt":"2021-05-22T17:11:34","slug":"lansprogram-infor-valet-1994","status":"publish","type":"page","link":"https:\/\/wp.kristdemokraterna.se\/vasternorrland\/tidigare-val\/valet-1994\/lansprogram-infor-valet-1994\/","title":{"rendered":"L\u00e4nsprogram inf\u00f6r valet 1994"},"content":{"rendered":"<h2>Ett nytt V\u00e4sternorrland &#8211; en vision \u00e5r 2005<\/h2>\n<p>Efter m\u00e5nga \u00e5r av ekonomisk kr\u00e4ftg\u00e5ng och utflyttning \u00e4ndrades situationen m\u00e4rkbart i mitten av 90-talet.<\/p>\n<p>Det som nu k\u00e4nnetecknar l\u00e4net \u00e4r att framtidstron vuxit, m\u00e5nga jobb skapats i nya f\u00f6retag och att befolkningen \u00f6kar. Genom detta har kommunernas ekonomi blivit stabilare och servicen utvecklats. Den k\u00e4rva inledningen p\u00e5 90-talet s\u00e5g hotande ut, men banade ist\u00e4llet v\u00e4g f\u00f6r m\u00e5nga viktiga f\u00f6r\u00e4ndringar:<\/p>\n<p>L\u00e4\u00f6nets kommunikationer f\u00f6rb\u00e4ttrades radikalt. V\u00e4gn\u00e4tet i hela l\u00e4net rustades upp. Med den nya E4:an och bron \u00f6ver \u00c5ngerman\u00e4lven fick l\u00e4net en stark puls\u00e5der. J\u00e4rnv\u00e4gen, som h\u00f6ll p\u00e5 att l\u00e4ggas ner p\u00e5 80-talet, f\u00f6rnyades radikalt med snabbt\u00e5g.<\/p>\n<p>F\u00f6r Sundsvall innebar det att studenter och l\u00e4rare nu kan dagpendla till Mittuniversitetet b\u00e5de fr\u00e5n norra H\u00e4lsingland, v\u00e4stra Medelpad och hela \u00c5ngermanland och \u00e4ven fr\u00e5n \u00d6rnsk\u00f6ldsvik till Ume\u00e5 reser man. Det blir l\u00e4ttare att exportera genom snabbare leveranser till hela Europa. R\u00e5varan i l\u00e4net blev l\u00e4ttare att nyttja \u00e4n tidigare.<\/p>\n<p>\u00d6kningen av antalet resande och transporterna har st\u00e4llt krav p\u00e5 milj\u00f6insatser. Genom att nya inhemska br\u00e4nslen inf\u00f6rts p\u00e5 tunga fordon har de farliga utsl\u00e4ppen minskats. Produktion av etanol sker inom l\u00e4net som en avknoppning till skogsindustrin och jordbruket. Den helt utsl\u00e4ppsfria j\u00e4rnv\u00e4gen har en st\u00f6rre andel resen\u00e4rer \u00e4n n\u00e5gonsin. Men den nya skattev\u00e4xlingen f\u00f6r milj\u00f6 har \u00f6kat kostnaderna f\u00f6r energif\u00f6rbrukning och minskat den f\u00f6r arbete. P\u00e5 s\u00e5 s\u00e4tt \u00e4r intresset f\u00f6r att d\u00e4mpa energianv\u00e4ndning stor. Kostnaderna f\u00f6r att skapa nya jobb \u00e4r de l\u00e4gsta sedan 60-talet.<\/p>\n<p>Syssels\u00e4ttningen i l\u00e4net har kvar sina r\u00f6tter i de tunga basn\u00e4ringarna, skog och energi. De ger f\u00e4rre men tryggare jobb \u00e4n tidigare. D\u00e4remot har syssels\u00e4ttningen \u00f6kat i de tj\u00e4nste- och kunskapsf\u00f6retag, som kunnat ta vara p\u00e5 de f\u00f6rb\u00e4ttrade kommunikationerna, ny teknik och de forskningsm\u00f6jligheter, som det nya Mittuniversitetet skapat. Livsmedelsindustrin har \u00e5ter etablerat sig i l\u00e4net. Livsmedel av h\u00f6g kvalitet har blivit en bra exportvara i Europa.<\/p>\n<p>Kulturverksamheter har alltid varit en viktig livsnerv i V\u00e4sternorrland. Aktiva m\u00e4nniskor i l\u00e4nets alla kommuner har berikat sin och andras tillvaro med ett rikt musikliv, teaterverksamhet, bildkonst, f\u00f6rfattarskap, hantverk och sl\u00f6jd. Samh\u00e4llets insatser har betytt att l\u00e4net f\u00e5tt ett eget museum, goda teaterlokaler och en professionell symfoniorkester.<\/p>\n<p>F\u00f6r att kunna utveckla bra f\u00f6retag har intresset vuxit enormt f\u00f6r sunda och \u00e4rliga villkor i aff\u00e4rslivet. Sj\u00e4lvklart betydde det att andra tog intryck. Skola och familjeliv p\u00e5verkades i samma riktning. Som v\u00e4sternorrl\u00e4nning funderar m\u00e5nga p\u00e5 hur man tidigare kunde gl\u00f6mma hur viktigt det var att l\u00e4ra barnen om r\u00e4tt och fel!<\/p>\n<p>Under 90-talet f\u00f6ddes en ny regional niv\u00e5 i Sverige. Den gamla statliga l\u00e4nsstyrelsen fick l\u00e4mna \u00f6ver ett antal uppgifter till den nya, folkvalda regionen. Med de nya ekonomiska resurser, som regionen skaffade sig, bland annat genom EU kunde l\u00e4net sj\u00e4lv besluta om viktiga strategiska satsningar.<\/p>\n<p>H\u00e4lso- och sjukv\u00e5rden kunde r\u00e4ddas fr\u00e5n h\u00e5rda nedsk\u00e4rningar, som 80-talets politiska och ekonomiska misstag tidigare orsakat. L\u00e4nets fyra sjukhus kunde beh\u00e5llas och samarbete mellan regionen och l\u00e4nets kommuner har utvecklats, s\u00e4rskild p\u00e5 v\u00e5rdomr\u00e5det. De \u00e4ldres behov av v\u00e5rd, service och omsorg tryggades.<\/p>\n<p>Familjepolitikens f\u00f6rnyelse i mitten av 90-talet lade grunden till en b\u00e4ttre uppv\u00e4xt f\u00f6r m\u00e5nga barn. F\u00f6r\u00e4ldrar kan numera utforma barnomsorg efter de egna behoven. V\u00e5rdl\u00f6nen som inf\u00f6rdes 1994 gav en r\u00e4ttvis och enkel f\u00f6rdelning av st\u00f6det till alla. Kombinationen yrkesliv och barn har blivit l\u00e4ttare. J\u00e4mst\u00e4lldheten mellan kvinnor och m\u00e4n har \u00f6kat, men f\u00f6ljer inga givna mallar. Fler kooperativa daghem finns nu \u00e4n n\u00e5gonsin. Kommunens barnomsorg kan erbjudas i alla delar av l\u00e4nets kommuner. Samarbete mellan skolan och barnomsorgen ger en smidig \u00f6verg\u00e5ng mellan sm\u00e5barns\u00e5ren och skoltiden.<\/p>\n<h2>Utveckla l\u00e4nets tillg\u00e5ngar<\/h2>\n<p>V\u00e4sternorrlands l\u00e4n \u00e4r rikt p\u00e5 naturtillg\u00e5ngar och st\u00e5r f\u00f6r en betydande del av Sveriges exportinkomster.<\/p>\n<h3>Vattenkraften<\/h3>\n<p>H\u00e4rifr\u00e5n kommer en femtedel av landets elproduktion, medan endast en liten del av int\u00e4kterna f\u00f6r denna produktion hamnar i l\u00e4net. Detta vill KdS \u00e4ndra p\u00e5.<\/p>\n<ul>\n<li>KdS kr\u00e4ver en \u00e5terb\u00e4ring p\u00e5 producerad och exporterad el fr\u00e5n vatten kraften.<\/li>\n<li>\u00c5terb\u00e4ringen kan bl.a. \u00f6ronm\u00e4rkas f\u00f6r utveckling av l\u00e4nets innovat\u00f6rers och sm\u00e5f\u00f6retagares verksamhet, som s\u00e4rskilt i glesbygd kan \u00e5stadkomma arbetstillf\u00e4llen.<\/li>\n<\/ul>\n<h3>Skog<\/h3>\n<ul>\n<li>Utveckla produktomr\u00e5den som inneb\u00e4r \u00f6kad f\u00f6r\u00e4dling av l\u00e4nets skog. S\u00e4rskilt g\u00e4ller detta inlandsregionerna d\u00e4r st\u00f6d m\u00e5ste ges till sm\u00e5f\u00f6retagarsatsningar.<\/li>\n<li>Fortfarande \u00e4r de stora industrierna vid kusten mycket viktiga f\u00f6r l\u00e4net. Senare \u00e5rs framg\u00e5ngar p\u00e5 milj\u00f6omr\u00e5det f\u00f6r l\u00e4nets skogsindustrier skall ges m\u00f6jlighet att vidareutvecklas.<\/li>\n<li>Skogsr\u00e5vara i form av b\u00e4r och svamp b\u00f6r ges m\u00f6jlighet f\u00f6r marknadsf\u00f6ring p\u00e5 internationella och framf\u00f6r allt europeiska marknader.<\/li>\n<\/ul>\n<h3>Turism<\/h3>\n<ul>\n<li>En fortsatt satsning p\u00e5 turismen i V\u00e4sternorrlands l\u00e4n beh\u00f6vs. KdS finner projektet &#8221;Tr\u00e4riket&#8221; v\u00e4rt en eloge och fortsatt st\u00f6d.<\/li>\n<li>En intensifiering av arbetet med att g\u00f6ra l\u00e4net till ett vinterturistl\u00e4n \u00e4r angel\u00e4get. F\u00f6ruts\u00e4ttningarna ska noggrannt kartl\u00e4ggas f\u00f6r att p\u00e5 b\u00e4sta s\u00e4tt samordna resurser f\u00f6r marknadsf\u00f6ring. F\u00f6r detta projekt b\u00f6r pengar avs\u00e4ttas och uppdrag ges till Mitt-Sverige-Turism f\u00f6r genomf\u00f6rande.<\/li>\n<\/ul>\n<h2>Kommunikationer<\/h2>\n<p>Bra kommunikationer och infrastruktur \u00e4r en av de viktigaste faktorerna f\u00f6r att m\u00e4nniskor ska kunna leva och verka i v\u00e5rt l\u00e4n.<\/p>\n<ul>\n<li>Underh\u00e5llet av l\u00e4nets v\u00e4gn\u00e4t \u00e4r av st\u00f6rsta betydelse, de mindre och medelstora v\u00e4garna m\u00e5ste f\u00e5 en kraftig upprustning. I samband med upprustningen b\u00f6r det \u00e4ven planeras f\u00f6r flera rastplatser efter v\u00e5ra v\u00e4gar.<\/li>\n<li>Starten av Veda-projektet \u00e4r viktigt f\u00f6r hela regionen. Att det genomf\u00f6rs med stor h\u00e4nsyn till milj\u00f6n anser vi vara sj\u00e4lvklart.<\/li>\n<li>Satsningar p\u00e5 nya kommunikationer b\u00f6r f\u00f6rutom Veda-projektet n\u00e4rmast vara Botnia-banan, med prioritering f\u00f6r etappet mellan \u00d6rnsk\u00f6ldsvik och Husum.<\/li>\n<li>Kollektivtrafiken m\u00e5ste g\u00f6ras attraktivare, och merutnyttjas p\u00e5 ett annat s\u00e4tt \u00e4n idag. Alla inv\u00e5nare i v\u00e5rt l\u00e4n m\u00e5ste f\u00e5 en bra m\u00f6jlighet att ta sig till och fr\u00e5n sin bostadsort in till aff\u00e4rer, post\/bank och serviceinr\u00e4ttningar varje vecka oavsett var man bor. N\u00e4r det g\u00e4ller resandet till och fr\u00e5n arbetet m\u00e5ste ett st\u00f6rre samarbete ske mellan l\u00e4nstrafik och olika arbetsgivare f\u00f6r ett st\u00f6rre utbud. Vidare m\u00e5ste satsas p\u00e5 betydligt fler regnskydd vid bussh\u00e5llplatserna.<\/li>\n<li>Flyget till och fr\u00e5n v\u00e5rt l\u00e4n f\u00e5r inte minska. Ytterligare satsningar p\u00e5 Kramfors och \u00d6rnsk\u00f6ldsviks flygplatser m\u00e5ste till. \u00d6rnsk\u00f6ldsvik m\u00e5ste f\u00e5 f\u00f6rbindelser inom Norrland f\u00f6r aff\u00e4rsliv och industri skall kunna vidareutvecklas.<\/li>\n<li>T\u00e5gf\u00f6rbindelserna till och fr\u00e5n v\u00e5rt l\u00e4n \u00e4r p\u00e5 r\u00e4tt v\u00e4g n\u00e4r det g\u00e4ller Sundsvall\/H\u00e4rn\u00f6sand och s\u00f6derut med de planer som finns p\u00e5 snabbt\u00e5g. Mittlinjen till och fr\u00e5n \u00d6stersund b\u00f6r beh\u00e5llas. F\u00f6rbindelserna mellan \u00c5dalen\/V\u00e4stra \u00c5ngermanland och H\u00e4rn\u00f6sand f\u00e5r inte minska. \u00d6rnsk\u00f6ldsviks t\u00e5gf\u00f6rbindelser \u00e4r under all kritik. Stora f\u00f6rb\u00e4ttringar m\u00e5ste till f\u00f6r att t\u00e5get skall bli ett alternativ f\u00f6r \u00d6rnsk\u00f6ldsviksborna.<\/li>\n<\/ul>\n<h2>Jordbruk<\/h2>\n<p>L\u00e4nets produktiva jordbruksmark b\u00f6r anv\u00e4ndas till en ekologiskt balanserad produktion av livsmedel. KdS har utarbetat ett program f\u00f6r en total \u00f6verg\u00e5ng bort fr\u00e5n kemikaliejordbruket. Det kan ske utan att den enskilde jordbrukaren drabbas ekonomiskt. KdS anser att jordbruksmark som inte brukas f\u00f6r livsmedelsodling inte skall till\u00e5tas ligga i tr\u00e4da, utan skall anv\u00e4ndas f\u00f6r alternativa produkter.<\/p>\n<p>Det \u00e4r viktigt med \u00f6ppna landskap. Statligt ekonomiskt st\u00f6d f\u00f6r \u00f6ppeth\u00e5llande ska bibeh\u00e5llas. V\u00e4sternorrlands areal f\u00f6r livsmedelsproduktion ska inte minskas och l\u00e4mpliga st\u00f6d\u00e5tg\u00e4rder f\u00f6r omst\u00e4llning till alternativodling ska ges.<\/p>\n<h2>Kultur som utvecklar<\/h2>\n<p>I V\u00e4sternorrland har vi ett rikt kulturliv, d\u00e4r olika grupper och akt\u00f6rer samverkar. N\u00e4r det kommersiella utbudet v\u00e4xer, kr\u00e4vs en \u00e4nnu starkare satsning p\u00e5 kulturaktiviteter f\u00f6r att v\u00e4rna om l\u00e4nets kulturarv och s\u00e4rart.<\/p>\n<ul>\n<li>KdS anser att kulturutbudet skall vara allsidigt och ge goda villkor f\u00f6r ut\u00f6varna.<\/li>\n<li>Reglerna f\u00f6r kulturarbetarnas skatter och sociala avgifter m\u00e5ste f\u00f6r\u00e4ndras.<\/li>\n<li>KdS vill ocks\u00e5 utveckla det nordiska kulturutbytet.<\/li>\n<\/ul>\n<h2>V\u00e4lkomna invandraren!<\/h2>\n<p>KdS i V\u00e4sternorrland v\u00e4lkomnar invandrare och flyktingar. De m\u00e5nga flyktingar som finns i v\u00e5rt l\u00e4n utg\u00f6r ett viktigt tillskott av kreativitet, kunskap och kultur.<\/p>\n<p>Vi menar att det \u00e4r viktigt att i hemmen skapa \u00f6ppenhet kring m\u00f6tet med m\u00e4nniskor fr\u00e5n andra kulturer. Detta har unga m\u00e4nniskor nytta av hela livet.<\/p>\n<p>Ett gl\u00e4djande initiativ \u00e4r &#8221;Fem-i-tolv-r\u00f6relsen&#8221;, som vi hoppas kommer att \u00f6ka v\u00e5r f\u00f6rst\u00e5else f\u00f6r invandrare.<\/p>\n<h2>Arbetsmarknaden\/n\u00e4ringsliv<\/h2>\n<p>V\u00e4sternorrlands arbetsmarknad genomg\u00e5r omfattande f\u00f6r\u00e4ndringar. I den f\u00f6r\u00e4ndringsprocessen vill KdS arbeta f\u00f6r att:<\/p>\n<ul>\n<li>Statliga medel f\u00f6r utbildning anv\u00e4nds inom offentlig och kommunal f\u00f6rvaltning ist\u00e4llet f\u00f6r avskedande.<\/li>\n<li>Tidigarel\u00e4gga reparationer och underh\u00e5ll av offentliga fastigheter av arbetsmarknadssk\u00e4l.<\/li>\n<li>En s\u00e5 kallad Ungdomsskattsedel blir en bra v\u00e4g f\u00f6r att motverka ungdomsarbetsl\u00f6sheten.<\/li>\n<li>G\u00f6r Veda-projektet till ett exempel p\u00e5 projekt, d\u00e4r endast seri\u00f6sa entrepren\u00f6rer deltar. Projektet &#8221;Vita Veda&#8221; inneb\u00e4r kontroll av att deltagande f\u00f6retag \u00e4r seri\u00f6sa och f\u00f6ljer svensk lag. Huvudentrepren\u00f6rens roll skall klarg\u00f6ras och kontrolleras.<\/li>\n<\/ul>\n<h2>V\u00e4sternorrland utan droger<\/h2>\n<p>KdS f\u00f6r en aktiv kamp f\u00f6r ett samh\u00e4lle utan droger. Landstingets m\u00e5ls\u00e4ttning att s\u00e4nka alkoholkonsumtionen med 30 % \u00e4r en stor utmaning f\u00f6r alla. N\u00e5r vi det m\u00e5let kan vi r\u00e4kna med b\u00e4ttre h\u00e4lsa, minskat antal trafikolyckor, f\u00e4rre splittrade hem m m.<\/p>\n<ul>\n<li>Skolan m\u00e5ste spela en aktivare roll i det f\u00f6rebyggande arbetet f\u00f6r att minska drogmissbruket.<\/li>\n<li>Kommuner och landsting b\u00f6r inf\u00f6ra ett s\u00e4rskilt bidrag till f\u00f6reningar och organisationer som bedriver enbart drogfri verksamhet.<\/li>\n<li>Samh\u00e4llets rehabilitering av drogmissbrukare ska i \u00f6kad utstr\u00e4ckning ta h\u00e4nsyn till de faktiska resultaten som har presenterats av de organisationer som arbetar f\u00f6r en kristen-humanistisk livsstil.<\/li>\n<li>Ingen skall tvingas avst\u00e5 fr\u00e5n v\u00e5rd av ekonomiska sk\u00e4l.<\/li>\n<\/ul>\n<h2>Kriminalv\u00e5rd<\/h2>\n<p>Kriminalpolitiken skall pr\u00e4glas av en kristen och humanistisk m\u00e4nniskosyn d\u00e4r den enskilde individen ses som en del i ett st\u00f6rre socialt sammanhang. De kriminalpolitiska \u00e5tg\u00e4rderna f\u00f6ruts\u00e4tter samordnade insatser p\u00e5 det familje- och socialpolitiska omr\u00e5det.<\/p>\n<p>P\u00e5f\u00f6ljderna av domar ska vara meningsfulla. Det \u00e4r samh\u00e4llets uppgift att f\u00f6rs\u00f6ka f\u00f6rhindra en fortsatt brottslig karri\u00e4r samt hj\u00e4lpa den d\u00f6mde att skapa en normal livssituation.<\/p>\n<ul>\n<li>I det individuella rehabiliteringsprogrammet skall m\u00f6jlighet ges f\u00f6r den kriminelle att bryta sitt brottsm\u00f6nster och bygga sin framtidstro p\u00e5 de kristna-humanistiska v\u00e4rderingarna.<\/li>\n<li>Samh\u00e4llstj\u00e4nst \u00e4r en bra form av brottsp\u00e5f\u00f6ljd.<\/li>\n<li>Elektronisk \u00f6vervakning skall fortsatt pr\u00f6vas och utvecklas.<\/li>\n<li>Alla anstalter ska vara drogfria.<\/li>\n<li>Brottsofferjourer ska etableras i alla polisdistrikt och ges ett kraftigt st\u00f6d av samh\u00e4llet vad avser utbildning av personer verksamma i brottsofferjourerna.<\/li>\n<\/ul>\n<h2>J\u00e4mst\u00e4lldhet<\/h2>\n<p>M\u00e4nnens och kvinnornas s\u00e4tt att tilsammans utforma samh\u00e4llet har stor betydelse f\u00f6r den framtida utvecklingen och kommande generationer. KdS V\u00e4sternorrland anser inte j\u00e4mst\u00e4lldhet vara en r\u00e4ttvisefr\u00e5ga, utan en \u00f6verlevnadsfr\u00e5ga. Vi anser att m\u00e4ns och kvinnors kompetenser s\u00e5som komplement till varandra \u00e4r en avg\u00f6rande faktor f\u00f6r den framtida utvecklingen av V\u00e4sternorrland.<\/p>\n<ul>\n<li>Arbetslivet skall utformas s\u00e5 att b\u00e5de m\u00e4ns och kvinnors kompetenser kommer till sin r\u00e4tt.<\/li>\n<li>Kvinnor \u00e4r b\u00e4ttre \u00e4n m\u00e4n p\u00e5 nyf\u00f6retagande i glesbygd visar siffror fr\u00e5n utvecklingsfonderna. L\u00e5t detta f\u00e5 konsekvenser p\u00e5 utbildnings- och bidragsomr\u00e5det.<\/li>\n<li>\u00d6ka resurserna vad avser forskning och utbildning n\u00e4r det g\u00e4ller det kvinnliga perspektivet p\u00e5 samh\u00e4llsutformning.<\/li>\n<li>Lika l\u00f6n f\u00f6r lika arbete. L\u00e5t V\u00e4sternorrland bli ett f\u00f6red\u00f6me f\u00f6r att g\u00f6ra verklighet av detta inom offentlig verksamhet.<\/li>\n<\/ul>\n<h2>Landsbygd<\/h2>\n<p>L\u00e4nets r\u00e5varuresurser finns i glesbygden, medan f\u00f6r\u00e4dlingen av r\u00e5varan f\u00f6rlagts till kust och t\u00e4tort. Numera genererar dessa r\u00e5varor i form av skog och vattenkraft i minskande grad arbetstillf\u00e4llen i l\u00e4nets inland.<\/p>\n<ul>\n<li>Fordonsskatterna b\u00f6r anpassas s\u00e5 att virkestransportkostnaderna fr\u00e5n inlandet inte g\u00f6r skogsavverkningen ol\u00f6nsam.<\/li>\n<li>\u00d6ka m\u00f6jligheterna f\u00f6r kvinnor i glesbygd att starta eget.<\/li>\n<\/ul>\n<h2>Politiskt engagemang\/politikerf\u00f6raktet<\/h2>\n<p>Idag kan ointresse s\u00e4gas utg\u00f6ra det st\u00f6rsta hindret f\u00f6r att utveckla demokratin. Kampen f\u00f6r utveckling av den parlamentariska demokratin som samh\u00e4llets samarbetsform beh\u00f6ver h\u00e5llas levande varje dag och i varje situation. Partipolitiskt engagemang har l\u00e5g status. Enligt SIFO skulle 20 procent av Sveriges befolkning kunna t\u00e4nka sej att inneha ett politiskt f\u00f6rtroendeuppdrag, men den verkliga siffran \u00e4r betydligt l\u00e4gre.<\/p>\n<ul>\n<li>KdS vill skapa debatt kring politikerrollen och demokratin.<\/li>\n<\/ul>\n<h2>Isbrytarna till H\u00e4rn\u00f6sand<\/h2>\n<p>Ambitionen f\u00f6r KdS i V\u00e4sternorrland \u00e4r fortfarande att de statliga isbrytarna ska f\u00f6rl\u00e4ggas till H\u00e4rn\u00f6sand.<\/p>\n<ul>\n<li>KdS arbetar f\u00f6r att ledningen f\u00f6r kommunikationsdepartementet beslutar att statens isbrytare ska flyttas fr\u00e5n Stockholm till H\u00e4rn\u00f6sand.<\/li>\n<\/ul>\n<h2>Utbildning och forskning<\/h2>\n<p>Utbildning och forskning har en avg\u00f6rande betydelse f\u00f6r utvecklingen av en region. Tillg\u00e5ngen till utbildning, och utbildningens kvalit\u00e9 \u00e4r ofta en avg\u00f6rande faktor n\u00e4r det g\u00e4ller lokalisering f\u00f6r n\u00e4ringslivet.<\/p>\n<p>Den h\u00f6gre utbildningen vid Mitth\u00f6gskolan, sammanslagningen av h\u00f6gskolorna i Sundsvall\/H\u00e4rn\u00f6sand och \u00d6stersund, kan breddas och f\u00f6rst\u00e4rkas med nya utbildningar, speciellt s\u00e5dana som kan betraktas som karakt\u00e4ristiska f\u00f6r regionen.<\/p>\n<p>Vi ser med tillfredsst\u00e4llelse att de ursprungligen fyra utbildningsn\u00e4mnderna har ut\u00f6kats med en femte, n\u00e4mligen med planeringsn\u00e4mnden f\u00f6r v\u00e5rd. Detta g\u00f6r att v\u00e5rdh\u00f6gskolorna f\u00e5r b\u00e4ttre f\u00f6ruts\u00e4ttningar att samverka med statliga universitet, samt med mindre och medelstora h\u00f6gskolor f\u00f6r vidareutveckling inom utbildning och forskning.<\/p>\n<p>Undervisning i etik och livs\u00e5sk\u00e5dning samt kultur och milj\u00f6 b\u00f6r ges ut\u00f6kad tyngd i all gymnasial utbildning. Utbildningen b\u00f6r bedrivas p\u00e5 kvalitativt h\u00f6g niv\u00e5 s\u00e5 att eleverna \u00e4r v\u00e4l f\u00f6rberedda inf\u00f6r intr\u00e4det p\u00e5 arbetsmarknaden eller f\u00f6r fortsatta studier. En kompetent och yrkesskicklig l\u00e4rark\u00e5r \u00e4r en f\u00f6ruts\u00e4ttning.<\/p>\n<p>Landstinget ansvarar f\u00f6r Omv\u00e5rdnadsprogrammet och Naturbruksprogrammet i den nya gymnasieskolan. En str\u00e4van b\u00f6r vara att samordna undervisningen i naturbruksprogrammet med de \u00f6vriga l\u00e4nen i Norra regionen.<\/p>\n<h2>Handikappfr\u00e5gor<\/h2>\n<p>M\u00e4nniskor med handikapp har vitt skilda behov av st\u00f6d fr\u00e5n samh\u00e4llet. Samh\u00e4llet skall str\u00e4va efter att f\u00f6rebygga, eliminera, \u00f6verbrygga och kompensera den enskildes handikapp.<\/p>\n<p>Familjer som sj\u00e4lva v\u00e5rdar handikappade barn i hemmet ska ges st\u00f6d fr\u00e5n samh\u00e4llet i form av ekonomisk ers\u00e4ttning samt r\u00e4tt till avl\u00f6sning och korttidsv\u00e5rd.<\/p>\n<p>M\u00e5nga handikappade kan klara av b\u00e5de ett eget boende och f\u00f6rv\u00e4rvsarbete om de bara f\u00e5r tillg\u00e5ng till r\u00e4tt tekniska hj\u00e4lpmedel. Normalisering och integration i samh\u00e4llet b\u00f6r efterstr\u00e4vas.<\/p>\n<p>Ovann\u00e4mnda st\u00f6d fr\u00e5n samh\u00e4llets sida b\u00f6r skapa goda m\u00f6jligheter till ett sj\u00e4lvst\u00e4ndigt liv f\u00f6r de handikappade. <em>[&#8211;texten i meningen h\u00e4r har fallit bort i det p\u00e5 papper tryckta originaldokumentet&#8211;]<\/em>\u00a0.. f\u00f6rst\u00e5ndshandikappade i samh\u00e4llet till gruppboende eller till eget boende. Ensamhet och isolering f\u00e5r inte bli f\u00f6ljden av denna reform.<\/p>\n<p>M\u00e5ls\u00e4ttningen m\u00e5ste vara att ge varje s\u00e4rskoleelev den undervisning och tr\u00e4ning som passar just dennes behov. Eleven skall k\u00e4nna sig tillh\u00f6ra skolans gemenskap, och oberoende av handikapp kunna p\u00e5r\u00e4kna st\u00f6d och omv\u00e5rdnad.<\/p>\n<h2>\u00c4ldreomsorg<\/h2>\n<p>\u00c4ldre ska ha r\u00e4tt till sjukv\u00e5rd som \u00e4r anpassad till den \u00e4ldres individuella f\u00f6ruts\u00e4ttning f\u00f6r utredning och behandling. F\u00f6r\u00e4ndringar i verksamheten ska ske i en lugn och planerad takt, med god omv\u00e5rdnad, s\u00e5 att de \u00e4ldre hela tiden k\u00e4nner trygghet i v\u00e5rden.<\/p>\n<p>F\u00f6r\u00e4ndringar genom \u00c4DEL-reformen har medf\u00f6rt att s\u00e4ttet att tillgodose behovet av boende f\u00f6r \u00e4ldre varierar mellan kommuner i l\u00e4net. Den \u00f6kande andelen \u00e4ldre, (speciellt de \u00e5ldersdementa), kommer att st\u00e4lla \u00f6kade krav p\u00e5 behov av bl a gruppbost\u00e4der. \u00c4ven andra alternativ av boendeformer b\u00f6r pr\u00f6vas.<\/p>\n<p>Kommunerna b\u00f6r stimuleras till \u00f6kad satsning p\u00e5 dagv\u00e5rd f\u00f6r \u00e5ldersdementa, som \u00e4r utvecklande f\u00f6r de \u00e4ldre och en avlastning f\u00f6r de anh\u00f6riga.<\/p>\n<p>Avlastningsplatser p\u00e5 sjukhem e dyl \u00e4r n\u00f6dv\u00e4ndiga f\u00f6r att ge andrum f\u00f6r anh\u00f6rigv\u00e5rdarna. Samh\u00e4llets st\u00f6d till v\u00e5rd i hemmet b\u00f6r f\u00f6rst\u00e4rkas i form av teknisk utrustning och medm\u00e4nskligt st\u00f6d.<\/p>\n<p>F\u00f6r den som vill sluta sina dagar i det egna hemmet skall en trygg v\u00e5rdplats byggas upp. Det inneb\u00e4r r\u00e4tt till kontinuerlig tillsyn av ett begr\u00e4nsat antal personer, m\u00f6jlighet till medicinska insatser med kort varsel samt vid behov kontinuerlig sm\u00e4rtlindring. Det \u00e4r n\u00f6dv\u00e4ndigt att det till v\u00e5rdplatsen i hemmet finns kopplat plats p\u00e5 sjukhus eller sjukhem, dit man f\u00e5r komma akut eller med kort varsel, n\u00e4r hemsituationen sviktar.<\/p>\n<p>Alla skall ges f\u00f6ruts\u00e4ttningar f\u00f6r ett v\u00e4rdigt slut p\u00e5 livet. Ingen skall beh\u00f6va d\u00f6 ensam. Den som s\u00e5 \u00f6nskar skall f\u00e5 andligt st\u00f6d. De anh\u00f6rigas roll skall uppv\u00e4rderas.<\/p>\n<h2>H\u00e4lso- och sjukv\u00e5rd<\/h2>\n<p>En av de viktigaste delarna i v\u00e4lf\u00e4rden \u00e4r h\u00e4lso- och sjukv\u00e5rden. V\u00e5rdpolitiken b\u00f6r utg\u00e5 fr\u00e5n m\u00e4nniskov\u00e4rdet och alla m\u00e4nniskors absoluta och lika v\u00e4rde. Helhetssynen p\u00e5 m\u00e4nniskan med betoning av individens ansvar f\u00f6r medm\u00e4nniskorna och f\u00f6r sitt liv, liksom behovet av integritet, gemenskap och trygghet \u00e4r fundament i v\u00e5rden.<\/p>\n<p>Den medicinska och tekniska utvecklingen g\u00e5r allt snabbare. Detta faktum tillsammans med det \u00f6kade antalet \u00e4ldre st\u00e4ller \u00f6kade krav p\u00e5 en genomt\u00e4nkt etik grundad p\u00e5 kristen m\u00e4nniskosyn. \u00c4ven forskningen och dess praktiska till\u00e4mpning ska analyseras\u00a0 mot bakgrund av dess etiska konsekvenser. Respekten f\u00f6r och omtanken om medm\u00e4nniskan ska alltid st\u00e5 i centrum.<\/p>\n<p>KdS i V\u00e4sternorrland verkar f\u00f6r att landstingets resurser f\u00f6r v\u00e5rd och omsorg ska f\u00f6rst\u00e4rkas. Den \u00f6kande andelen \u00e4ldre, l\u00e4nets geografiska f\u00f6ruts\u00e4ttningar och eftersatta gruppers behov motiverar detta.<\/p>\n<h3>V\u00e5rdpolitiken<\/h3>\n<p>En aktiv kamp m\u00e5ste f\u00f6ras mot allt som f\u00f6rs\u00e4mrar livsmilj\u00f6n. Det \u00e4r f\u00f6ruts\u00e4ttningen i en f\u00f6rebyggande h\u00e4lsov\u00e5rd, som \u00e4r n\u00f6dv\u00e4ndig f\u00f6r att m\u00e4nniskornas livskvalitet skall f\u00f6rb\u00e4ttras.<\/p>\n<p>V\u00e5rdpolitiken skall beakta betydelsen av f\u00f6rebyggande h\u00e4lsov\u00e5rd. H\u00e4lso- och sjukv\u00e5rden skall ge information om hur den enskilde kan ta ett \u00f6kat ansvar f\u00f6r sin h\u00e4lsa.<\/p>\n<p>Alla ska tillf\u00f6rs\u00e4kras en h\u00e4lso- och sjukv\u00e5rd av god kvalitet oavsett bostadsort, \u00e5lder, k\u00f6n eller sociala och ekonomiska f\u00f6ruts\u00e4ttningar.<\/p>\n<p>H\u00e4lso- och sjukv\u00e5rden skall pr\u00e4glas av en helhetssyn p\u00e5 m\u00e4nniskan utifr\u00e5n fysiska, sociala, psykiska, kulturella och existentiella behov. Personlig kontakt, individuell omv\u00e5rdnad och kontinuitet \u00e4r viktiga delar i v\u00e5rden.<\/p>\n<p>V\u00e5rden m\u00e5ste erh\u00e5lla tillr\u00e4ckliga ekonomiska resurser f\u00f6r de behov som finns, inte minst av sjukv\u00e5rd f\u00f6r de \u00e4ldre. Ingen ska beh\u00f6va d\u00f6 i ensamhet.<\/p>\n<p>Sjukv\u00e5rden skall finansieras solidariskt och erbjudas alla p\u00e5 lika villkor. Den finansiering som sker via avgifter skall kombineras med h\u00f6gkostnadsskydd som kan vara differentierat f\u00f6r olika v\u00e5rdomr\u00e5den. H\u00f6gkostnadsskydd skyddar svaga grupper och de som i st\u00f6rre utstr\u00e4ckning har behov av v\u00e5rdtj\u00e4nster. Bes\u00f6k hos distriktssk\u00f6terska ska vara avgiftsfri.<\/p>\n<p>H\u00e4lso- och sjukv\u00e5rden skall bedrivas i s\u00e5v\u00e4l offentlig som enskild regi. Privata familjel\u00e4kare beh\u00f6vs f\u00f6r att ge valfrihet och stimulerar till utveckling av v\u00e5rden. Patienten skall ha r\u00e4tt att kunna v\u00e4lja v\u00e5rdenhet och l\u00e4kare. Den enskildes integritet, r\u00e4ttss\u00e4kerhet och insyn m\u00e5ste garanteras s\u00e5v\u00e4l inom offentligt driven v\u00e5rd som inom \u00f6vriga driftsformer.<\/p>\n<p>Kvalitetss\u00e4kringssystem, \u00e4ven i prim\u00e4rv\u00e5rden och den kommunala h\u00e4lso- och sjukv\u00e5rden ska finnas.<\/p>\n<p>L\u00e4nets fyra sjukhus \u00e4r viktiga resurser, i synnerhet f\u00f6r de \u00e4ldre vid akut sjukdom eller f\u00f6rs\u00e4mring av tillst\u00e5ndet. Sollefte\u00e5 sjukhus, v\u00e5rt enda in-landssjukv\u00e5rden, ska beh\u00e5lla f\u00f6rlossningsv\u00e5rd.<\/p>\n<p>Decentraliserad specialistv\u00e5rd skall finnas s\u00e5v\u00e4l inom kroppssjukv\u00e5rd som psykiatrisk v\u00e5rd.<\/p>\n<p>Den mest h\u00f6gspecialiserade v\u00e5rden vid Norrlands Universitetsklinik i Ume\u00e5 (NUS) kr\u00e4ver specialisering f\u00f6r att kompetens, frontforskning och resursutnyttjande skall kunna beh\u00e5llas p\u00e5 h\u00f6g niv\u00e5. Prestationsbaserade betalningssystem f\u00e5r icke utformas s\u00e5 att f\u00f6ruts\u00e4ttningarna f\u00f6r utbildning och forskning f\u00f6rs\u00e4mras.<\/p>\n<h3>Prim\u00e4rv\u00e5rd och familjel\u00e4kare<\/h3>\n<p>Landstingens basresurs \u00e4r prim\u00e4rv\u00e5rden. H\u00e4r ing\u00e5r familjel\u00e4karen med medicinsk specialistkunskap. Denne ska vara l\u00e4tt att n\u00e5 och svara f\u00f6r kontinuitet och kvalitet. Distriktssk\u00f6terskornas geografiska omr\u00e5desansvar ska beh\u00e5llas. En komplettering av v\u00e5rdlagen med kuratorer b\u00f6r pr\u00f6vas.<\/p>\n<p>Hemsjukv\u00e5rdens och h\u00e4lso- och sjukv\u00e5rd i kommunernas s\u00e4rskilda boendeformer skall ges med utg\u00e5ngspunkt fr\u00e5n den enskildes behov och \u00f6nskem\u00e5l.<\/p>\n<p>Den psykiatriska erksamheten b\u00f6r i huvudsak bedrivas i \u00f6ppna v\u00e5rdformer. Det f\u00f6ruts\u00e4tter ett gott samarbete med socialtj\u00e4nst och frivilliga organisationer. Behovet av slutenv\u00e5rd f\u00e5r icke underskattas och skall tillgodoses.<\/p>\n<p>Vilken v\u00e5rd som skall ges avg\u00f6rs i m\u00f6tet mellan v\u00e5rdtagaren och v\u00e5rdgivaren. Detaljerade prioriteringslistor f\u00e5r icke anv\u00e4ndas f\u00f6r att styra v\u00e5rden av en enskild patient.<\/p>\n<p>Kunskaperna fr\u00e5n den s\u00e5 kallade alternativa medicinen med naturl\u00e4kemedel och andra behandlingsformer skall tas till vara och utvecklas. H\u00e4lsohemmet \u00d6ster\u00e5sen \u00e4r ett bra komplement till den traditionella sjukv\u00e5rden.<\/p>\n<p>Alla skall ha tillg\u00e5ng till en god tandv\u00e5rd genom allm\u00e4n tandv\u00e5rdsf\u00f6rs\u00e4kring, som b\u00f6r premiera f\u00f6rebyggande v\u00e5rd.<\/p>\n<h3>Medicinsk etik<\/h3>\n<p>R\u00e4tten till liv, som \u00e4r en grundl\u00e4ggande m\u00e4nsklig r\u00e4ttighet, skall g\u00e4lla alltifr\u00e5n livets b\u00f6rjan till dess slut. Denna r\u00e4tt till liv b\u00f6r skyddas i lag.<\/p>\n<p>Sjukv\u00e5rdens uppgift skall vara att r\u00e4dda liv och s\u00e5 l\u00e5ngt m\u00f6jligt bidraga till god livskvalitet. Aktiv d\u00f6dshj\u00e4lp f\u00e5r inte till\u00e4mpas.<\/p>\n<p>Undervisning i etik och livsfr\u00e5gor skall ing\u00e5 i all v\u00e5rdutbildning.<\/p>\n<p>Ett etiskt forum skall skapas gemensamt f\u00f6r landsting och kommun f\u00f6r att ge v\u00e4gledning i v\u00e5rdetiska fr\u00e5gor.<\/p>\n<p>Landsting och kommun ska i samverkan aktivt arbeta f\u00f6r att f\u00f6rebygga icke \u00f6nskade graviditeter och f\u00f6r att minska behovet av aborter. St\u00f6d skall ges till m\u00e4nniskor med sociala eller ekonomiska problem s\u00e5 att abort kan undvikas.<\/p>\n<h2><\/h2>\n<p>&nbsp;<\/p>\n","protected":false},"excerpt":{"rendered":"<p>Ett nytt V\u00e4sternorrland &#8211; en vision \u00e5r 2005 Efter m\u00e5nga \u00e5r av ekonomisk kr\u00e4ftg\u00e5ng och utflyttning \u00e4ndrades situationen m\u00e4rkbart i mitten av 90-talet. Det som nu k\u00e4nnetecknar l\u00e4net \u00e4r att framtidstron vuxit, m\u00e5nga jobb skapats i nya f\u00f6retag och att befolkningen \u00f6kar. Genom detta har kommunernas ekonomi blivit stabilare och servicen utvecklats. Den k\u00e4rva inledningen <a class=\"read-more-link\" href=\"https:\/\/wp.kristdemokraterna.se\/vasternorrland\/tidigare-val\/valet-1994\/lansprogram-infor-valet-1994\/\">Read More<\/a><\/p>\n","protected":false},"author":787,"featured_media":0,"parent":220365,"menu_order":0,"comment_status":"closed","ping_status":"closed","template":"","meta":{"_acf_changed":false,"footnotes":""},"class_list":["post-156168","page","type-page","status-publish","hentry"],"acf":[],"yoast_head":"<!-- This site is optimized with the Yoast SEO plugin v27.4 - https:\/\/yoast.com\/product\/yoast-seo-wordpress\/ -->\n<title>L\u00e4nsprogram inf\u00f6r valet 1994 | KD V\u00e4sternorrland<\/title>\n<meta name=\"robots\" content=\"index, follow, max-snippet:-1, max-image-preview:large, max-video-preview:-1\" \/>\n<link rel=\"canonical\" href=\"https:\/\/wp.kristdemokraterna.se\/vasternorrland\/tidigare-val\/valet-1994\/lansprogram-infor-valet-1994\/\" \/>\n<meta property=\"og:locale\" content=\"sv_SE\" \/>\n<meta property=\"og:type\" content=\"article\" \/>\n<meta property=\"og:title\" content=\"L\u00e4nsprogram inf\u00f6r valet 1994 | KD V\u00e4sternorrland\" \/>\n<meta property=\"og:description\" content=\"Ett nytt V\u00e4sternorrland &#8211; en vision \u00e5r 2005 Efter m\u00e5nga \u00e5r av ekonomisk kr\u00e4ftg\u00e5ng och utflyttning \u00e4ndrades situationen m\u00e4rkbart i mitten av 90-talet. Det som nu k\u00e4nnetecknar l\u00e4net \u00e4r att framtidstron vuxit, m\u00e5nga jobb skapats i nya f\u00f6retag och att befolkningen \u00f6kar. Genom detta har kommunernas ekonomi blivit stabilare och servicen utvecklats. Den k\u00e4rva inledningen Read More\" \/>\n<meta property=\"og:url\" content=\"https:\/\/wp.kristdemokraterna.se\/vasternorrland\/tidigare-val\/valet-1994\/lansprogram-infor-valet-1994\/\" \/>\n<meta property=\"og:site_name\" content=\"KD V\u00e4sternorrland\" \/>\n<meta property=\"article:publisher\" content=\"https:\/\/www.facebook.com\/kdrvn\/\" \/>\n<meta property=\"article:modified_time\" content=\"2021-05-22T17:11:34+00:00\" \/>\n<meta name=\"twitter:card\" content=\"summary_large_image\" \/>\n<meta name=\"twitter:label1\" content=\"Ber\u00e4knad l\u00e4stid\" \/>\n\t<meta name=\"twitter:data1\" content=\"14 minuter\" \/>\n<script type=\"application\/ld+json\" class=\"yoast-schema-graph\">{\"@context\":\"https:\\\/\\\/schema.org\",\"@graph\":[{\"@type\":\"WebPage\",\"@id\":\"https:\\\/\\\/wp.kristdemokraterna.se\\\/vasternorrland\\\/tidigare-val\\\/valet-1994\\\/lansprogram-infor-valet-1994\\\/\",\"url\":\"https:\\\/\\\/wp.kristdemokraterna.se\\\/vasternorrland\\\/tidigare-val\\\/valet-1994\\\/lansprogram-infor-valet-1994\\\/\",\"name\":\"L\u00e4nsprogram inf\u00f6r valet 1994 | KD V\u00e4sternorrland\",\"isPartOf\":{\"@id\":\"https:\\\/\\\/wp.kristdemokraterna.se\\\/vasternorrland\\\/#website\"},\"datePublished\":\"2018-12-30T11:09:44+00:00\",\"dateModified\":\"2021-05-22T17:11:34+00:00\",\"breadcrumb\":{\"@id\":\"https:\\\/\\\/wp.kristdemokraterna.se\\\/vasternorrland\\\/tidigare-val\\\/valet-1994\\\/lansprogram-infor-valet-1994\\\/#breadcrumb\"},\"inLanguage\":\"sv-SE\",\"potentialAction\":[{\"@type\":\"ReadAction\",\"target\":[\"https:\\\/\\\/wp.kristdemokraterna.se\\\/vasternorrland\\\/tidigare-val\\\/valet-1994\\\/lansprogram-infor-valet-1994\\\/\"]}]},{\"@type\":\"BreadcrumbList\",\"@id\":\"https:\\\/\\\/wp.kristdemokraterna.se\\\/vasternorrland\\\/tidigare-val\\\/valet-1994\\\/lansprogram-infor-valet-1994\\\/#breadcrumb\",\"itemListElement\":[{\"@type\":\"ListItem\",\"position\":1,\"name\":\"Hem\",\"item\":\"https:\\\/\\\/wp.kristdemokraterna.se\\\/vasternorrland\\\/\"},{\"@type\":\"ListItem\",\"position\":2,\"name\":\"Tidigare val\",\"item\":\"https:\\\/\\\/wp.kristdemokraterna.se\\\/vasternorrland\\\/tidigare-val\\\/\"},{\"@type\":\"ListItem\",\"position\":3,\"name\":\"Valet 1994\",\"item\":\"https:\\\/\\\/wp.kristdemokraterna.se\\\/vasternorrland\\\/tidigare-val\\\/valet-1994\\\/\"},{\"@type\":\"ListItem\",\"position\":4,\"name\":\"L\u00e4nsprogram inf\u00f6r valet 1994\"}]},{\"@type\":\"WebSite\",\"@id\":\"https:\\\/\\\/wp.kristdemokraterna.se\\\/vasternorrland\\\/#website\",\"url\":\"https:\\\/\\\/wp.kristdemokraterna.se\\\/vasternorrland\\\/\",\"name\":\"KD V\u00e4sternorrland\",\"description\":\"V\u00e5rda v\u00e5rden - utveckla prim\u00e4rv\u00e5rden\",\"inLanguage\":\"sv-SE\"}]}<\/script>\n<!-- \/ Yoast SEO plugin. -->","yoast_head_json":{"title":"L\u00e4nsprogram inf\u00f6r valet 1994 | KD V\u00e4sternorrland","robots":{"index":"index","follow":"follow","max-snippet":"max-snippet:-1","max-image-preview":"max-image-preview:large","max-video-preview":"max-video-preview:-1"},"canonical":"https:\/\/wp.kristdemokraterna.se\/vasternorrland\/tidigare-val\/valet-1994\/lansprogram-infor-valet-1994\/","og_locale":"sv_SE","og_type":"article","og_title":"L\u00e4nsprogram inf\u00f6r valet 1994 | KD V\u00e4sternorrland","og_description":"Ett nytt V\u00e4sternorrland &#8211; en vision \u00e5r 2005 Efter m\u00e5nga \u00e5r av ekonomisk kr\u00e4ftg\u00e5ng och utflyttning \u00e4ndrades situationen m\u00e4rkbart i mitten av 90-talet. Det som nu k\u00e4nnetecknar l\u00e4net \u00e4r att framtidstron vuxit, m\u00e5nga jobb skapats i nya f\u00f6retag och att befolkningen \u00f6kar. Genom detta har kommunernas ekonomi blivit stabilare och servicen utvecklats. Den k\u00e4rva inledningen Read More","og_url":"https:\/\/wp.kristdemokraterna.se\/vasternorrland\/tidigare-val\/valet-1994\/lansprogram-infor-valet-1994\/","og_site_name":"KD V\u00e4sternorrland","article_publisher":"https:\/\/www.facebook.com\/kdrvn\/","article_modified_time":"2021-05-22T17:11:34+00:00","twitter_card":"summary_large_image","twitter_misc":{"Ber\u00e4knad l\u00e4stid":"14 minuter"},"schema":{"@context":"https:\/\/schema.org","@graph":[{"@type":"WebPage","@id":"https:\/\/wp.kristdemokraterna.se\/vasternorrland\/tidigare-val\/valet-1994\/lansprogram-infor-valet-1994\/","url":"https:\/\/wp.kristdemokraterna.se\/vasternorrland\/tidigare-val\/valet-1994\/lansprogram-infor-valet-1994\/","name":"L\u00e4nsprogram inf\u00f6r valet 1994 | KD V\u00e4sternorrland","isPartOf":{"@id":"https:\/\/wp.kristdemokraterna.se\/vasternorrland\/#website"},"datePublished":"2018-12-30T11:09:44+00:00","dateModified":"2021-05-22T17:11:34+00:00","breadcrumb":{"@id":"https:\/\/wp.kristdemokraterna.se\/vasternorrland\/tidigare-val\/valet-1994\/lansprogram-infor-valet-1994\/#breadcrumb"},"inLanguage":"sv-SE","potentialAction":[{"@type":"ReadAction","target":["https:\/\/wp.kristdemokraterna.se\/vasternorrland\/tidigare-val\/valet-1994\/lansprogram-infor-valet-1994\/"]}]},{"@type":"BreadcrumbList","@id":"https:\/\/wp.kristdemokraterna.se\/vasternorrland\/tidigare-val\/valet-1994\/lansprogram-infor-valet-1994\/#breadcrumb","itemListElement":[{"@type":"ListItem","position":1,"name":"Hem","item":"https:\/\/wp.kristdemokraterna.se\/vasternorrland\/"},{"@type":"ListItem","position":2,"name":"Tidigare val","item":"https:\/\/wp.kristdemokraterna.se\/vasternorrland\/tidigare-val\/"},{"@type":"ListItem","position":3,"name":"Valet 1994","item":"https:\/\/wp.kristdemokraterna.se\/vasternorrland\/tidigare-val\/valet-1994\/"},{"@type":"ListItem","position":4,"name":"L\u00e4nsprogram inf\u00f6r valet 1994"}]},{"@type":"WebSite","@id":"https:\/\/wp.kristdemokraterna.se\/vasternorrland\/#website","url":"https:\/\/wp.kristdemokraterna.se\/vasternorrland\/","name":"KD V\u00e4sternorrland","description":"V\u00e5rda v\u00e5rden - utveckla prim\u00e4rv\u00e5rden","inLanguage":"sv-SE"}]}},"_links":{"self":[{"href":"https:\/\/wp.kristdemokraterna.se\/vasternorrland\/wp-json\/wp\/v2\/pages\/156168","targetHints":{"allow":["GET"]}}],"collection":[{"href":"https:\/\/wp.kristdemokraterna.se\/vasternorrland\/wp-json\/wp\/v2\/pages"}],"about":[{"href":"https:\/\/wp.kristdemokraterna.se\/vasternorrland\/wp-json\/wp\/v2\/types\/page"}],"author":[{"embeddable":true,"href":"https:\/\/wp.kristdemokraterna.se\/vasternorrland\/wp-json\/wp\/v2\/users\/787"}],"replies":[{"embeddable":true,"href":"https:\/\/wp.kristdemokraterna.se\/vasternorrland\/wp-json\/wp\/v2\/comments?post=156168"}],"version-history":[{"count":16,"href":"https:\/\/wp.kristdemokraterna.se\/vasternorrland\/wp-json\/wp\/v2\/pages\/156168\/revisions"}],"predecessor-version":[{"id":351870,"href":"https:\/\/wp.kristdemokraterna.se\/vasternorrland\/wp-json\/wp\/v2\/pages\/156168\/revisions\/351870"}],"up":[{"embeddable":true,"href":"https:\/\/wp.kristdemokraterna.se\/vasternorrland\/wp-json\/wp\/v2\/pages\/220365"}],"wp:attachment":[{"href":"https:\/\/wp.kristdemokraterna.se\/vasternorrland\/wp-json\/wp\/v2\/media?parent=156168"}],"curies":[{"name":"wp","href":"https:\/\/api.w.org\/{rel}","templated":true}]}}