{"id":261243,"date":"1985-11-02T16:19:59","date_gmt":"1985-11-02T15:19:59","guid":{"rendered":"http:\/\/wp.kristdemokraterna.se\/vasternorrland\/?page_id=261243"},"modified":"2020-03-26T20:22:51","modified_gmt":"2020-03-26T19:22:51","slug":"i-styrelser-namnder-1986-1988","status":"publish","type":"page","link":"https:\/\/wp.kristdemokraterna.se\/vasternorrland\/foretradare\/i-styrelser-namnder-1986-1988\/","title":{"rendered":"I styrelser\/n\u00e4mnder 1986-1988"},"content":{"rendered":"<p>Ledam\u00f6ter och ers\u00e4ttare i Regionstyrelsen, n\u00e4mnder och andra uppdrag d\u00e4r personerna \u00e4r valda f\u00f6r perioden 1 januari 1986 till 31 december 1988.<\/p>\n<h2>Valberedningen<\/h2>\n<ul>\n<li>G\u00f6ran Sydhage, ledamot<\/li>\n<li>Sverker \u00c5gren, suppleant<\/li>\n<\/ul>\n<h2>F\u00f6rvaltningsutskottet (tillika H\u00e4lso- och sjukv\u00e5rdsn\u00e4mnd)<\/h2>\n<ul>\n<li>Sverker \u00c5gren, ers\u00e4ttare<\/li>\n<\/ul>\n<h2>Tekniska n\u00e4mnden<\/h2>\n<ul>\n<li>ingen representation<\/li>\n<\/ul>\n<h2>Utbildnings- och kulturn\u00e4mnden<\/h2>\n<ul>\n<li>ingen representation<\/li>\n<\/ul>\n<h2>Omsorgs- och sociala n\u00e4mnden<\/h2>\n<ul>\n<li>Ulla Lindgren, ers\u00e4ttare<\/li>\n<\/ul>\n<h2>Tandv\u00e5rdsn\u00e4mnden<\/h2>\n<ul>\n<li>Urban Alehagen, ers\u00e4ttare<\/li>\n<\/ul>\n<h2>Landstingsrevisionen<\/h2>\n<ul>\n<li>Sture Nordin, ers\u00e4ttare<\/li>\n<\/ul>\n<h2>Direktionen f\u00f6r Medelpads f\u00f6rvaltningsomr\u00e5de<\/h2>\n<ul>\n<li>Lars Lind\u00e9n, ers\u00e4ttare<\/li>\n<\/ul>\n<h2>Direktionen f\u00f6r H\u00e4rn\u00f6sands f\u00f6rvaltningsomr\u00e5de<\/h2>\n<ul>\n<li>ingen representation<\/li>\n<\/ul>\n<h2>Direktionen f\u00f6r Sollefte\u00e5 f\u00f6rvaltningsomr\u00e5de<\/h2>\n<ul>\n<li>Barbro Abrahamsson, ers\u00e4ttare<\/li>\n<\/ul>\n<h2>Direktionen f\u00f6r \u00d6rnsk\u00f6ldsviks f\u00f6rvaltningsomr\u00e5de<\/h2>\n<ul>\n<li>ingen representation<\/li>\n<\/ul>\n<h2>Styrelsen f\u00f6r \u00c5lsta folkh\u00f6gskola<\/h2>\n<ul>\n<li>ingen representation<\/li>\n<\/ul>\n<h2>Styrelsen f\u00f6r Hola folkh\u00f6gskola<\/h2>\n<ul>\n<li>ingen representation<\/li>\n<\/ul>\n<h2>Styrelsen f\u00f6r Musik i V\u00e4sternorrland<\/h2>\n<p>1 januari 1987 till 31 december 1988.<br \/>\nSuppleant: Stellan S\u00f6derberg<\/p>\n<h2>Styrelsen f\u00f6r \u00d6ster\u00e5sens h\u00e4lsohem<\/h2>\n<ul>\n<li>Sverker \u00c5gren, ers\u00e4ttare<\/li>\n<\/ul>\n<h2>Jurym\u00e4n i Tryckfrihetsm\u00e5l<\/h2>\n<ul>\n<li>G\u00f6ta Sahlman, juryman i f\u00f6rsta gruppen<\/li>\n<\/ul>\n","protected":false},"excerpt":{"rendered":"<p>Ledam\u00f6ter och ers\u00e4ttare i Regionstyrelsen, n\u00e4mnder och andra uppdrag d\u00e4r personerna \u00e4r valda f\u00f6r perioden 1 januari 1986 till 31 december 1988. Valberedningen G\u00f6ran Sydhage, ledamot Sverker \u00c5gren, suppleant F\u00f6rvaltningsutskottet (tillika H\u00e4lso- och sjukv\u00e5rdsn\u00e4mnd) Sverker \u00c5gren, ers\u00e4ttare Tekniska n\u00e4mnden ingen representation Utbildnings- och kulturn\u00e4mnden ingen representation Omsorgs- och sociala n\u00e4mnden Ulla Lindgren, ers\u00e4ttare Tandv\u00e5rdsn\u00e4mnden Urban <a class=\"read-more-link\" href=\"https:\/\/wp.kristdemokraterna.se\/vasternorrland\/foretradare\/i-styrelser-namnder-1986-1988\/\">Read More<\/a><\/p>\n","protected":false},"author":861,"featured_media":0,"parent":128961,"menu_order":1986,"comment_status":"closed","ping_status":"closed","template":"","meta":{"_acf_changed":false,"footnotes":""},"class_list":["post-261243","page","type-page","status-publish","hentry"],"acf":[],"yoast_head":"<!-- This site is optimized with the Yoast SEO plugin v27.5 - https:\/\/yoast.com\/product\/yoast-seo-wordpress\/ -->\n<title>I styrelser\/n\u00e4mnder 1986-1988 | KD V\u00e4sternorrland<\/title>\n<meta name=\"robots\" content=\"index, follow, max-snippet:-1, max-image-preview:large, max-video-preview:-1\" \/>\n<link rel=\"canonical\" href=\"https:\/\/wp.kristdemokraterna.se\/vasternorrland\/foretradare\/i-styrelser-namnder-1986-1988\/\" \/>\n<meta property=\"og:locale\" content=\"sv_SE\" \/>\n<meta property=\"og:type\" content=\"article\" \/>\n<meta property=\"og:title\" content=\"I styrelser\/n\u00e4mnder 1986-1988 | KD V\u00e4sternorrland\" \/>\n<meta property=\"og:description\" content=\"Ledam\u00f6ter och ers\u00e4ttare i Regionstyrelsen, n\u00e4mnder och andra uppdrag d\u00e4r personerna \u00e4r valda f\u00f6r perioden 1 januari 1986 till 31 december 1988. Valberedningen G\u00f6ran Sydhage, ledamot Sverker \u00c5gren, suppleant F\u00f6rvaltningsutskottet (tillika H\u00e4lso- och sjukv\u00e5rdsn\u00e4mnd) Sverker \u00c5gren, ers\u00e4ttare Tekniska n\u00e4mnden ingen representation Utbildnings- och kulturn\u00e4mnden ingen representation Omsorgs- och sociala n\u00e4mnden Ulla Lindgren, ers\u00e4ttare Tandv\u00e5rdsn\u00e4mnden Urban Read More\" \/>\n<meta property=\"og:url\" content=\"https:\/\/wp.kristdemokraterna.se\/vasternorrland\/foretradare\/i-styrelser-namnder-1986-1988\/\" \/>\n<meta property=\"og:site_name\" content=\"KD V\u00e4sternorrland\" \/>\n<meta property=\"article:publisher\" content=\"https:\/\/www.facebook.com\/kdrvn\/\" \/>\n<meta property=\"article:modified_time\" content=\"2020-03-26T19:22:51+00:00\" \/>\n<meta name=\"twitter:card\" content=\"summary_large_image\" \/>\n<meta name=\"twitter:label1\" content=\"Ber\u00e4knad l\u00e4stid\" \/>\n\t<meta name=\"twitter:data1\" content=\"1 minut\" \/>\n<script type=\"application\/ld+json\" class=\"yoast-schema-graph\">{\"@context\":\"https:\\\/\\\/schema.org\",\"@graph\":[{\"@type\":\"WebPage\",\"@id\":\"https:\\\/\\\/wp.kristdemokraterna.se\\\/vasternorrland\\\/foretradare\\\/i-styrelser-namnder-1986-1988\\\/\",\"url\":\"https:\\\/\\\/wp.kristdemokraterna.se\\\/vasternorrland\\\/foretradare\\\/i-styrelser-namnder-1986-1988\\\/\",\"name\":\"I styrelser\\\/n\u00e4mnder 1986-1988 | KD V\u00e4sternorrland\",\"isPartOf\":{\"@id\":\"https:\\\/\\\/wp.kristdemokraterna.se\\\/vasternorrland\\\/#website\"},\"datePublished\":\"1985-11-02T15:19:59+00:00\",\"dateModified\":\"2020-03-26T19:22:51+00:00\",\"breadcrumb\":{\"@id\":\"https:\\\/\\\/wp.kristdemokraterna.se\\\/vasternorrland\\\/foretradare\\\/i-styrelser-namnder-1986-1988\\\/#breadcrumb\"},\"inLanguage\":\"sv-SE\",\"potentialAction\":[{\"@type\":\"ReadAction\",\"target\":[\"https:\\\/\\\/wp.kristdemokraterna.se\\\/vasternorrland\\\/foretradare\\\/i-styrelser-namnder-1986-1988\\\/\"]}]},{\"@type\":\"BreadcrumbList\",\"@id\":\"https:\\\/\\\/wp.kristdemokraterna.se\\\/vasternorrland\\\/foretradare\\\/i-styrelser-namnder-1986-1988\\\/#breadcrumb\",\"itemListElement\":[{\"@type\":\"ListItem\",\"position\":1,\"name\":\"Hem\",\"item\":\"https:\\\/\\\/wp.kristdemokraterna.se\\\/vasternorrland\\\/\"},{\"@type\":\"ListItem\",\"position\":2,\"name\":\"F\u00f6retr\u00e4dare\",\"item\":\"https:\\\/\\\/wp.kristdemokraterna.se\\\/vasternorrland\\\/foretradare\\\/\"},{\"@type\":\"ListItem\",\"position\":3,\"name\":\"I styrelser\\\/n\u00e4mnder 1986-1988\"}]},{\"@type\":\"WebSite\",\"@id\":\"https:\\\/\\\/wp.kristdemokraterna.se\\\/vasternorrland\\\/#website\",\"url\":\"https:\\\/\\\/wp.kristdemokraterna.se\\\/vasternorrland\\\/\",\"name\":\"KD V\u00e4sternorrland\",\"description\":\"V\u00e5rda v\u00e5rden - utveckla prim\u00e4rv\u00e5rden\",\"inLanguage\":\"sv-SE\"}]}<\/script>\n<!-- \/ Yoast SEO plugin. -->","yoast_head_json":{"title":"I styrelser\/n\u00e4mnder 1986-1988 | KD V\u00e4sternorrland","robots":{"index":"index","follow":"follow","max-snippet":"max-snippet:-1","max-image-preview":"max-image-preview:large","max-video-preview":"max-video-preview:-1"},"canonical":"https:\/\/wp.kristdemokraterna.se\/vasternorrland\/foretradare\/i-styrelser-namnder-1986-1988\/","og_locale":"sv_SE","og_type":"article","og_title":"I styrelser\/n\u00e4mnder 1986-1988 | KD V\u00e4sternorrland","og_description":"Ledam\u00f6ter och ers\u00e4ttare i Regionstyrelsen, n\u00e4mnder och andra uppdrag d\u00e4r personerna \u00e4r valda f\u00f6r perioden 1 januari 1986 till 31 december 1988. Valberedningen G\u00f6ran Sydhage, ledamot Sverker \u00c5gren, suppleant F\u00f6rvaltningsutskottet (tillika H\u00e4lso- och sjukv\u00e5rdsn\u00e4mnd) Sverker \u00c5gren, ers\u00e4ttare Tekniska n\u00e4mnden ingen representation Utbildnings- och kulturn\u00e4mnden ingen representation Omsorgs- och sociala n\u00e4mnden Ulla Lindgren, ers\u00e4ttare Tandv\u00e5rdsn\u00e4mnden Urban Read More","og_url":"https:\/\/wp.kristdemokraterna.se\/vasternorrland\/foretradare\/i-styrelser-namnder-1986-1988\/","og_site_name":"KD V\u00e4sternorrland","article_publisher":"https:\/\/www.facebook.com\/kdrvn\/","article_modified_time":"2020-03-26T19:22:51+00:00","twitter_card":"summary_large_image","twitter_misc":{"Ber\u00e4knad l\u00e4stid":"1 minut"},"schema":{"@context":"https:\/\/schema.org","@graph":[{"@type":"WebPage","@id":"https:\/\/wp.kristdemokraterna.se\/vasternorrland\/foretradare\/i-styrelser-namnder-1986-1988\/","url":"https:\/\/wp.kristdemokraterna.se\/vasternorrland\/foretradare\/i-styrelser-namnder-1986-1988\/","name":"I styrelser\/n\u00e4mnder 1986-1988 | KD V\u00e4sternorrland","isPartOf":{"@id":"https:\/\/wp.kristdemokraterna.se\/vasternorrland\/#website"},"datePublished":"1985-11-02T15:19:59+00:00","dateModified":"2020-03-26T19:22:51+00:00","breadcrumb":{"@id":"https:\/\/wp.kristdemokraterna.se\/vasternorrland\/foretradare\/i-styrelser-namnder-1986-1988\/#breadcrumb"},"inLanguage":"sv-SE","potentialAction":[{"@type":"ReadAction","target":["https:\/\/wp.kristdemokraterna.se\/vasternorrland\/foretradare\/i-styrelser-namnder-1986-1988\/"]}]},{"@type":"BreadcrumbList","@id":"https:\/\/wp.kristdemokraterna.se\/vasternorrland\/foretradare\/i-styrelser-namnder-1986-1988\/#breadcrumb","itemListElement":[{"@type":"ListItem","position":1,"name":"Hem","item":"https:\/\/wp.kristdemokraterna.se\/vasternorrland\/"},{"@type":"ListItem","position":2,"name":"F\u00f6retr\u00e4dare","item":"https:\/\/wp.kristdemokraterna.se\/vasternorrland\/foretradare\/"},{"@type":"ListItem","position":3,"name":"I styrelser\/n\u00e4mnder 1986-1988"}]},{"@type":"WebSite","@id":"https:\/\/wp.kristdemokraterna.se\/vasternorrland\/#website","url":"https:\/\/wp.kristdemokraterna.se\/vasternorrland\/","name":"KD V\u00e4sternorrland","description":"V\u00e5rda v\u00e5rden - utveckla prim\u00e4rv\u00e5rden","inLanguage":"sv-SE"}]}},"_links":{"self":[{"href":"https:\/\/wp.kristdemokraterna.se\/vasternorrland\/wp-json\/wp\/v2\/pages\/261243","targetHints":{"allow":["GET"]}}],"collection":[{"href":"https:\/\/wp.kristdemokraterna.se\/vasternorrland\/wp-json\/wp\/v2\/pages"}],"about":[{"href":"https:\/\/wp.kristdemokraterna.se\/vasternorrland\/wp-json\/wp\/v2\/types\/page"}],"author":[{"embeddable":true,"href":"https:\/\/wp.kristdemokraterna.se\/vasternorrland\/wp-json\/wp\/v2\/users\/861"}],"replies":[{"embeddable":true,"href":"https:\/\/wp.kristdemokraterna.se\/vasternorrland\/wp-json\/wp\/v2\/comments?post=261243"}],"version-history":[{"count":3,"href":"https:\/\/wp.kristdemokraterna.se\/vasternorrland\/wp-json\/wp\/v2\/pages\/261243\/revisions"}],"predecessor-version":[{"id":261315,"href":"https:\/\/wp.kristdemokraterna.se\/vasternorrland\/wp-json\/wp\/v2\/pages\/261243\/revisions\/261315"}],"up":[{"embeddable":true,"href":"https:\/\/wp.kristdemokraterna.se\/vasternorrland\/wp-json\/wp\/v2\/pages\/128961"}],"wp:attachment":[{"href":"https:\/\/wp.kristdemokraterna.se\/vasternorrland\/wp-json\/wp\/v2\/media?parent=261243"}],"curies":[{"name":"wp","href":"https:\/\/api.w.org\/{rel}","templated":true}]}}