{"version":"1.0","provider_name":"Kristdemokraterna | Vellinge","provider_url":"https:\/\/wp.kristdemokraterna.se\/vellinge","title":"V\u00e5ra f\u00f6rtroendevalda - Kristdemokraterna | Vellinge","type":"rich","width":600,"height":338,"html":"<blockquote class=\"wp-embedded-content\" data-secret=\"0KlaGIGUVN\"><a href=\"https:\/\/wp.kristdemokraterna.se\/vellinge\/styrelsen\/fortroendevalda\/\">V\u00e5ra f\u00f6rtroendevalda<\/a><\/blockquote><iframe sandbox=\"allow-scripts\" security=\"restricted\" src=\"https:\/\/wp.kristdemokraterna.se\/vellinge\/styrelsen\/fortroendevalda\/embed\/#?secret=0KlaGIGUVN\" width=\"600\" height=\"338\" title=\"\u201dV\u00e5ra f\u00f6rtroendevalda\u201d &ndash; Kristdemokraterna | Vellinge\" data-secret=\"0KlaGIGUVN\" frameborder=\"0\" marginwidth=\"0\" marginheight=\"0\" scrolling=\"no\" class=\"wp-embedded-content\"><\/iframe><script type=\"text\/javascript\">\n\/* <![CDATA[ *\/\n\/*! This file is auto-generated *\/\n!function(d,l){\"use strict\";l.querySelector&&d.addEventListener&&\"undefined\"!=typeof URL&&(d.wp=d.wp||{},d.wp.receiveEmbedMessage||(d.wp.receiveEmbedMessage=function(e){var t=e.data;if((t||t.secret||t.message||t.value)&&!\/[^a-zA-Z0-9]\/.test(t.secret)){for(var s,r,n,a=l.querySelectorAll('iframe[data-secret=\"'+t.secret+'\"]'),o=l.querySelectorAll('blockquote[data-secret=\"'+t.secret+'\"]'),c=new RegExp(\"^https?:$\",\"i\"),i=0;i<o.length;i++)o[i].style.display=\"none\";for(i=0;i<a.length;i++)s=a[i],e.source===s.contentWindow&&(s.removeAttribute(\"style\"),\"height\"===t.message?(1e3<(r=parseInt(t.value,10))?r=1e3:~~r<200&&(r=200),s.height=r):\"link\"===t.message&&(r=new URL(s.getAttribute(\"src\")),n=new URL(t.value),c.test(n.protocol))&&n.host===r.host&&l.activeElement===s&&(d.top.location.href=t.value))}},d.addEventListener(\"message\",d.wp.receiveEmbedMessage,!1),l.addEventListener(\"DOMContentLoaded\",function(){for(var e,t,s=l.querySelectorAll(\"iframe.wp-embedded-content\"),r=0;r<s.length;r++)(t=(e=s[r]).getAttribute(\"data-secret\"))||(t=Math.random().toString(36).substring(2,12),e.src+=\"#?secret=\"+t,e.setAttribute(\"data-secret\",t)),e.contentWindow.postMessage({message:\"ready\",secret:t},\"*\")},!1)))}(window,document);\n\/\/# sourceURL=https:\/\/wp.kristdemokraterna.se\/vellinge\/wp-includes\/js\/wp-embed.min.js\n\/* ]]> *\/\n<\/script>\n","description":"TBD Kommunfullm\u00e4ktige, ledamot Kommunstyrelsen, ledamot Tony Rydberg Kommunfullm\u00e4ktige, ledamot Kommunfullm\u00e4ktige, gruppledare Regionfullm\u00e4ktige, Ers\u00e4ttare Anna Karlsson Kommunfullm\u00e4ktige, ledamot Utbildningsn\u00e4mnden, ers\u00e4ttare Birgitta Juhlin Kommunfullm\u00e4ktige, ers\u00e4ttare Omsorgsn\u00e4mnden, ers\u00e4ttare Omsorgsn\u00e4mnden socialutskott, ers\u00e4ttare TBD Kommunfullm\u00e4ktige, ers\u00e4ttare Milj\u00f6- och byggnadsn\u00e4mnden, ledamot Petra Carryson Omsorgsn\u00e4mnden, ledamot Omsorgsn\u00e4mnden arbetsutskott, ledamot Valn\u00e4mnden, ers\u00e4ttare Kommunfullm\u00e4ktige valberedningen, ers\u00e4ttare KDK Sk\u00e5ne styrelse, ledamot Partidistriksstyrelsen, ers\u00e4ttare Marty Carryson L\u00e4s mer"}