{"id":532,"date":"2012-04-03T13:37:02","date_gmt":"2012-04-03T13:37:02","guid":{"rendered":"http:\/\/wpskane.kristdemokraterna.se\/vellinge\/?page_id=13"},"modified":"2024-11-02T11:03:58","modified_gmt":"2024-11-02T10:03:58","slug":"fortroendevalda","status":"publish","type":"page","link":"https:\/\/wp.kristdemokraterna.se\/vellinge\/styrelsen\/fortroendevalda\/","title":{"rendered":"V\u00e5ra f\u00f6rtroendevalda"},"content":{"rendered":"<p style=\"text-align: left\"><strong>TBD<\/strong><br \/>\nKommunfullm\u00e4ktige, ledamot<br \/>\nKommunstyrelsen, ledamot<\/p>\n<p><strong>Tony Rydberg<\/strong><br \/>\nKommunfullm\u00e4ktige, ledamot<br \/>\nKommunfullm\u00e4ktige, gruppledare<br \/>\nRegionfullm\u00e4ktige, Ers\u00e4ttare<\/p>\n<p><strong>Anna Karlsson<\/strong><br \/>\nKommunfullm\u00e4ktige, ledamot<br \/>\nUtbildningsn\u00e4mnden, ers\u00e4ttare<\/p>\n<p><strong>Birgitta Juhlin<\/strong><br \/>\nKommunfullm\u00e4ktige, ers\u00e4ttare<br \/>\nOmsorgsn\u00e4mnden, ers\u00e4ttare<br \/>\nOmsorgsn\u00e4mnden socialutskott, ers\u00e4ttare<\/p>\n<p><strong>TBD<\/strong><br \/>\nKommunfullm\u00e4ktige, ers\u00e4ttare<br \/>\nMilj\u00f6- och byggnadsn\u00e4mnden, ledamot<\/p>\n<p><strong>Petra Carryson<\/strong><br \/>\nOmsorgsn\u00e4mnden, ledamot<br \/>\nOmsorgsn\u00e4mnden arbetsutskott, ledamot<br \/>\nValn\u00e4mnden, ers\u00e4ttare<br \/>\nKommunfullm\u00e4ktige valberedningen, ers\u00e4ttare<br \/>\nKDK Sk\u00e5ne styrelse, ledamot<br \/>\nPartidistriksstyrelsen, ers\u00e4ttare<\/p>\n<p><strong>Marty Carryson<\/strong><br \/>\nUtbildningsn\u00e4mnden, ledamot<br \/>\nUtbildningsn\u00e4mnden arbetsutskott, ers\u00e4ttare<\/p>\n<p><strong>TBD<\/strong><br \/>\nMilj\u00f6- och byggnadsn\u00e4mnden, ers\u00e4ttare<\/p>\n<p><strong>Madeleine Alm\u00e9r<\/strong><br \/>\nTeknisk n\u00e4mnden, ers\u00e4ttare<\/p>\n<p>&nbsp;<\/p>\n","protected":false},"excerpt":{"rendered":"<p>TBD Kommunfullm\u00e4ktige, ledamot Kommunstyrelsen, ledamot Tony Rydberg Kommunfullm\u00e4ktige, ledamot Kommunfullm\u00e4ktige, gruppledare Regionfullm\u00e4ktige, Ers\u00e4ttare Anna Karlsson Kommunfullm\u00e4ktige, ledamot Utbildningsn\u00e4mnden, ers\u00e4ttare Birgitta Juhlin Kommunfullm\u00e4ktige, ers\u00e4ttare Omsorgsn\u00e4mnden, ers\u00e4ttare Omsorgsn\u00e4mnden socialutskott, ers\u00e4ttare TBD Kommunfullm\u00e4ktige, ers\u00e4ttare Milj\u00f6- och byggnadsn\u00e4mnden, ledamot Petra Carryson Omsorgsn\u00e4mnden, ledamot Omsorgsn\u00e4mnden arbetsutskott, ledamot Valn\u00e4mnden, ers\u00e4ttare Kommunfullm\u00e4ktige valberedningen, ers\u00e4ttare KDK Sk\u00e5ne styrelse, ledamot Partidistriksstyrelsen, ers\u00e4ttare Marty Carryson <a class=\"read-more-link\" href=\"https:\/\/wp.kristdemokraterna.se\/vellinge\/styrelsen\/fortroendevalda\/\">L\u00e4s mer<\/a><\/p>\n","protected":false},"author":444,"featured_media":0,"parent":269,"menu_order":3,"comment_status":"closed","ping_status":"closed","template":"page.php","meta":{"_acf_changed":false,"footnotes":""},"class_list":["post-532","page","type-page","status-publish","hentry"],"acf":[],"yoast_head":"<!-- This site is optimized with the Yoast SEO plugin v27.4 - https:\/\/yoast.com\/product\/yoast-seo-wordpress\/ -->\n<title>V\u00e5ra f\u00f6rtroendevalda - Kristdemokraterna | Vellinge<\/title>\n<meta name=\"robots\" content=\"index, follow, max-snippet:-1, max-image-preview:large, max-video-preview:-1\" \/>\n<link rel=\"canonical\" href=\"https:\/\/wp.kristdemokraterna.se\/vellinge\/styrelsen\/fortroendevalda\/\" \/>\n<meta property=\"og:locale\" content=\"sv_SE\" \/>\n<meta property=\"og:type\" content=\"article\" \/>\n<meta property=\"og:title\" content=\"V\u00e5ra f\u00f6rtroendevalda - Kristdemokraterna | Vellinge\" \/>\n<meta property=\"og:description\" content=\"TBD Kommunfullm\u00e4ktige, ledamot Kommunstyrelsen, ledamot Tony Rydberg Kommunfullm\u00e4ktige, ledamot Kommunfullm\u00e4ktige, gruppledare Regionfullm\u00e4ktige, Ers\u00e4ttare Anna Karlsson Kommunfullm\u00e4ktige, ledamot Utbildningsn\u00e4mnden, ers\u00e4ttare Birgitta Juhlin Kommunfullm\u00e4ktige, ers\u00e4ttare Omsorgsn\u00e4mnden, ers\u00e4ttare Omsorgsn\u00e4mnden socialutskott, ers\u00e4ttare TBD Kommunfullm\u00e4ktige, ers\u00e4ttare Milj\u00f6- och byggnadsn\u00e4mnden, ledamot Petra Carryson Omsorgsn\u00e4mnden, ledamot Omsorgsn\u00e4mnden arbetsutskott, ledamot Valn\u00e4mnden, ers\u00e4ttare Kommunfullm\u00e4ktige valberedningen, ers\u00e4ttare KDK Sk\u00e5ne styrelse, ledamot Partidistriksstyrelsen, ers\u00e4ttare Marty Carryson L\u00e4s mer\" \/>\n<meta property=\"og:url\" content=\"https:\/\/wp.kristdemokraterna.se\/vellinge\/styrelsen\/fortroendevalda\/\" \/>\n<meta property=\"og:site_name\" content=\"Kristdemokraterna | Vellinge\" \/>\n<meta property=\"article:modified_time\" content=\"2024-11-02T10:03:58+00:00\" \/>\n<meta name=\"twitter:card\" content=\"summary_large_image\" \/>\n<meta name=\"twitter:label1\" content=\"Ber\u00e4knad l\u00e4stid\" \/>\n\t<meta name=\"twitter:data1\" content=\"1 minut\" \/>\n<script type=\"application\/ld+json\" class=\"yoast-schema-graph\">{\"@context\":\"https:\\\/\\\/schema.org\",\"@graph\":[{\"@type\":\"WebPage\",\"@id\":\"https:\\\/\\\/wp.kristdemokraterna.se\\\/vellinge\\\/styrelsen\\\/fortroendevalda\\\/\",\"url\":\"https:\\\/\\\/wp.kristdemokraterna.se\\\/vellinge\\\/styrelsen\\\/fortroendevalda\\\/\",\"name\":\"V\u00e5ra f\u00f6rtroendevalda - Kristdemokraterna | Vellinge\",\"isPartOf\":{\"@id\":\"https:\\\/\\\/wp.kristdemokraterna.se\\\/vellinge\\\/#website\"},\"datePublished\":\"2012-04-03T13:37:02+00:00\",\"dateModified\":\"2024-11-02T10:03:58+00:00\",\"breadcrumb\":{\"@id\":\"https:\\\/\\\/wp.kristdemokraterna.se\\\/vellinge\\\/styrelsen\\\/fortroendevalda\\\/#breadcrumb\"},\"inLanguage\":\"sv-SE\",\"potentialAction\":[{\"@type\":\"ReadAction\",\"target\":[\"https:\\\/\\\/wp.kristdemokraterna.se\\\/vellinge\\\/styrelsen\\\/fortroendevalda\\\/\"]}]},{\"@type\":\"BreadcrumbList\",\"@id\":\"https:\\\/\\\/wp.kristdemokraterna.se\\\/vellinge\\\/styrelsen\\\/fortroendevalda\\\/#breadcrumb\",\"itemListElement\":[{\"@type\":\"ListItem\",\"position\":1,\"name\":\"Hem\",\"item\":\"https:\\\/\\\/wp.kristdemokraterna.se\\\/vellinge\\\/\"},{\"@type\":\"ListItem\",\"position\":2,\"name\":\"Partiavdelningen\",\"item\":\"https:\\\/\\\/wp.kristdemokraterna.se\\\/vellinge\\\/styrelsen\\\/\"},{\"@type\":\"ListItem\",\"position\":3,\"name\":\"V\u00e5ra f\u00f6rtroendevalda\"}]},{\"@type\":\"WebSite\",\"@id\":\"https:\\\/\\\/wp.kristdemokraterna.se\\\/vellinge\\\/#website\",\"url\":\"https:\\\/\\\/wp.kristdemokraterna.se\\\/vellinge\\\/\",\"name\":\"Kristdemokraterna | Vellinge\",\"description\":\"F\u00f6r ett b\u00e4ttre Vellinge\",\"inLanguage\":\"sv-SE\"}]}<\/script>\n<!-- \/ Yoast SEO plugin. -->","yoast_head_json":{"title":"V\u00e5ra f\u00f6rtroendevalda - Kristdemokraterna | Vellinge","robots":{"index":"index","follow":"follow","max-snippet":"max-snippet:-1","max-image-preview":"max-image-preview:large","max-video-preview":"max-video-preview:-1"},"canonical":"https:\/\/wp.kristdemokraterna.se\/vellinge\/styrelsen\/fortroendevalda\/","og_locale":"sv_SE","og_type":"article","og_title":"V\u00e5ra f\u00f6rtroendevalda - Kristdemokraterna | Vellinge","og_description":"TBD Kommunfullm\u00e4ktige, ledamot Kommunstyrelsen, ledamot Tony Rydberg Kommunfullm\u00e4ktige, ledamot Kommunfullm\u00e4ktige, gruppledare Regionfullm\u00e4ktige, Ers\u00e4ttare Anna Karlsson Kommunfullm\u00e4ktige, ledamot Utbildningsn\u00e4mnden, ers\u00e4ttare Birgitta Juhlin Kommunfullm\u00e4ktige, ers\u00e4ttare Omsorgsn\u00e4mnden, ers\u00e4ttare Omsorgsn\u00e4mnden socialutskott, ers\u00e4ttare TBD Kommunfullm\u00e4ktige, ers\u00e4ttare Milj\u00f6- och byggnadsn\u00e4mnden, ledamot Petra Carryson Omsorgsn\u00e4mnden, ledamot Omsorgsn\u00e4mnden arbetsutskott, ledamot Valn\u00e4mnden, ers\u00e4ttare Kommunfullm\u00e4ktige valberedningen, ers\u00e4ttare KDK Sk\u00e5ne styrelse, ledamot Partidistriksstyrelsen, ers\u00e4ttare Marty Carryson L\u00e4s mer","og_url":"https:\/\/wp.kristdemokraterna.se\/vellinge\/styrelsen\/fortroendevalda\/","og_site_name":"Kristdemokraterna | Vellinge","article_modified_time":"2024-11-02T10:03:58+00:00","twitter_card":"summary_large_image","twitter_misc":{"Ber\u00e4knad l\u00e4stid":"1 minut"},"schema":{"@context":"https:\/\/schema.org","@graph":[{"@type":"WebPage","@id":"https:\/\/wp.kristdemokraterna.se\/vellinge\/styrelsen\/fortroendevalda\/","url":"https:\/\/wp.kristdemokraterna.se\/vellinge\/styrelsen\/fortroendevalda\/","name":"V\u00e5ra f\u00f6rtroendevalda - Kristdemokraterna | Vellinge","isPartOf":{"@id":"https:\/\/wp.kristdemokraterna.se\/vellinge\/#website"},"datePublished":"2012-04-03T13:37:02+00:00","dateModified":"2024-11-02T10:03:58+00:00","breadcrumb":{"@id":"https:\/\/wp.kristdemokraterna.se\/vellinge\/styrelsen\/fortroendevalda\/#breadcrumb"},"inLanguage":"sv-SE","potentialAction":[{"@type":"ReadAction","target":["https:\/\/wp.kristdemokraterna.se\/vellinge\/styrelsen\/fortroendevalda\/"]}]},{"@type":"BreadcrumbList","@id":"https:\/\/wp.kristdemokraterna.se\/vellinge\/styrelsen\/fortroendevalda\/#breadcrumb","itemListElement":[{"@type":"ListItem","position":1,"name":"Hem","item":"https:\/\/wp.kristdemokraterna.se\/vellinge\/"},{"@type":"ListItem","position":2,"name":"Partiavdelningen","item":"https:\/\/wp.kristdemokraterna.se\/vellinge\/styrelsen\/"},{"@type":"ListItem","position":3,"name":"V\u00e5ra f\u00f6rtroendevalda"}]},{"@type":"WebSite","@id":"https:\/\/wp.kristdemokraterna.se\/vellinge\/#website","url":"https:\/\/wp.kristdemokraterna.se\/vellinge\/","name":"Kristdemokraterna | Vellinge","description":"F\u00f6r ett b\u00e4ttre Vellinge","inLanguage":"sv-SE"}]}},"_links":{"self":[{"href":"https:\/\/wp.kristdemokraterna.se\/vellinge\/wp-json\/wp\/v2\/pages\/532","targetHints":{"allow":["GET"]}}],"collection":[{"href":"https:\/\/wp.kristdemokraterna.se\/vellinge\/wp-json\/wp\/v2\/pages"}],"about":[{"href":"https:\/\/wp.kristdemokraterna.se\/vellinge\/wp-json\/wp\/v2\/types\/page"}],"author":[{"embeddable":true,"href":"https:\/\/wp.kristdemokraterna.se\/vellinge\/wp-json\/wp\/v2\/users\/444"}],"replies":[{"embeddable":true,"href":"https:\/\/wp.kristdemokraterna.se\/vellinge\/wp-json\/wp\/v2\/comments?post=532"}],"version-history":[{"count":8,"href":"https:\/\/wp.kristdemokraterna.se\/vellinge\/wp-json\/wp\/v2\/pages\/532\/revisions"}],"predecessor-version":[{"id":761,"href":"https:\/\/wp.kristdemokraterna.se\/vellinge\/wp-json\/wp\/v2\/pages\/532\/revisions\/761"}],"up":[{"embeddable":true,"href":"https:\/\/wp.kristdemokraterna.se\/vellinge\/wp-json\/wp\/v2\/pages\/269"}],"wp:attachment":[{"href":"https:\/\/wp.kristdemokraterna.se\/vellinge\/wp-json\/wp\/v2\/media?parent=532"}],"curies":[{"name":"wp","href":"https:\/\/api.w.org\/{rel}","templated":true}]}}