{"version":"1.0","provider_name":"Vetlanda","provider_url":"https:\/\/wp.kristdemokraterna.se\/vetlanda","title":"Slutspurt inf\u00f6r valet - Vetlanda","type":"rich","width":600,"height":338,"html":"<blockquote class=\"wp-embedded-content\" data-secret=\"a8iMByi1A5\"><a href=\"https:\/\/wp.kristdemokraterna.se\/vetlanda\/nu-finns-vi-pa-natet\/\">Slutspurt inf\u00f6r valet<\/a><\/blockquote><iframe sandbox=\"allow-scripts\" security=\"restricted\" src=\"https:\/\/wp.kristdemokraterna.se\/vetlanda\/nu-finns-vi-pa-natet\/embed\/#?secret=a8iMByi1A5\" width=\"600\" height=\"338\" title=\"\u201dSlutspurt inf\u00f6r valet\u201d &ndash; Vetlanda\" data-secret=\"a8iMByi1A5\" frameborder=\"0\" marginwidth=\"0\" marginheight=\"0\" scrolling=\"no\" class=\"wp-embedded-content\"><\/iframe><script type=\"text\/javascript\">\n\/* <![CDATA[ *\/\n\/*! This file is auto-generated *\/\n!function(d,l){\"use strict\";l.querySelector&&d.addEventListener&&\"undefined\"!=typeof URL&&(d.wp=d.wp||{},d.wp.receiveEmbedMessage||(d.wp.receiveEmbedMessage=function(e){var t=e.data;if((t||t.secret||t.message||t.value)&&!\/[^a-zA-Z0-9]\/.test(t.secret)){for(var s,r,n,a=l.querySelectorAll('iframe[data-secret=\"'+t.secret+'\"]'),o=l.querySelectorAll('blockquote[data-secret=\"'+t.secret+'\"]'),c=new RegExp(\"^https?:$\",\"i\"),i=0;i<o.length;i++)o[i].style.display=\"none\";for(i=0;i<a.length;i++)s=a[i],e.source===s.contentWindow&&(s.removeAttribute(\"style\"),\"height\"===t.message?(1e3<(r=parseInt(t.value,10))?r=1e3:~~r<200&&(r=200),s.height=r):\"link\"===t.message&&(r=new URL(s.getAttribute(\"src\")),n=new URL(t.value),c.test(n.protocol))&&n.host===r.host&&l.activeElement===s&&(d.top.location.href=t.value))}},d.addEventListener(\"message\",d.wp.receiveEmbedMessage,!1),l.addEventListener(\"DOMContentLoaded\",function(){for(var e,t,s=l.querySelectorAll(\"iframe.wp-embedded-content\"),r=0;r<s.length;r++)(t=(e=s[r]).getAttribute(\"data-secret\"))||(t=Math.random().toString(36).substring(2,12),e.src+=\"#?secret=\"+t,e.setAttribute(\"data-secret\",t)),e.contentWindow.postMessage({message:\"ready\",secret:t},\"*\")},!1)))}(window,document);\n\/\/# sourceURL=https:\/\/wp.kristdemokraterna.se\/vetlanda\/wp-includes\/js\/wp-embed.min.js\n\/* ]]> *\/\n<\/script>\n","description":"Nu har nedr\u00e4kningen b\u00f6rjat inf\u00f6r valet till Kommunfullm\u00e4ktige i Vetlanda s\u00f6ndagen den 14 september. Kanske har du f\u00f6rtidsr\u00f6stat. Kanske v\u00e4ljer du att g\u00f6ra det lite h\u00f6gtidligare just p\u00e5 valdagen. Oavsett vilket s\u00e5 ber vi dig om ditt f\u00f6rtroende. Vi vill g\u00f6ra Vetlanda till en tryggare och mer fram\u00e5t kommun. Och vi g\u00f6r det g\u00e4rna tillsammans Read More","thumbnail_url":"http:\/\/wp.kristdemokraterna.se\/vetlanda\/files\/2014\/08\/dsc1263-1024x700.jpg"}