{"version":"1.0","provider_name":"V\u00e4stra G\u00f6talandsregionen","provider_url":"https:\/\/wp.kristdemokraterna.se\/vg","title":"Bes\u00f6k i Bor\u00e5s, Kung\u00e4lv och Ale - V\u00e4stra G\u00f6talandsregionen","type":"rich","width":600,"height":338,"html":"<blockquote class=\"wp-embedded-content\" data-secret=\"7yc4xPnraW\"><a href=\"https:\/\/wp.kristdemokraterna.se\/vg\/besok-i-boras-kungalv-och-ale\/\">Bes\u00f6k i Bor\u00e5s, Kung\u00e4lv och Ale<\/a><\/blockquote><iframe sandbox=\"allow-scripts\" security=\"restricted\" src=\"https:\/\/wp.kristdemokraterna.se\/vg\/besok-i-boras-kungalv-och-ale\/embed\/#?secret=7yc4xPnraW\" width=\"600\" height=\"338\" title=\"\u201dBes\u00f6k i Bor\u00e5s, Kung\u00e4lv och Ale\u201d &ndash; V\u00e4stra G\u00f6talandsregionen\" data-secret=\"7yc4xPnraW\" frameborder=\"0\" marginwidth=\"0\" marginheight=\"0\" scrolling=\"no\" class=\"wp-embedded-content\"><\/iframe><script type=\"text\/javascript\">\n\/* <![CDATA[ *\/\n\/*! This file is auto-generated *\/\n!function(d,l){\"use strict\";l.querySelector&&d.addEventListener&&\"undefined\"!=typeof URL&&(d.wp=d.wp||{},d.wp.receiveEmbedMessage||(d.wp.receiveEmbedMessage=function(e){var t=e.data;if((t||t.secret||t.message||t.value)&&!\/[^a-zA-Z0-9]\/.test(t.secret)){for(var s,r,n,a=l.querySelectorAll('iframe[data-secret=\"'+t.secret+'\"]'),o=l.querySelectorAll('blockquote[data-secret=\"'+t.secret+'\"]'),c=new RegExp(\"^https?:$\",\"i\"),i=0;i<o.length;i++)o[i].style.display=\"none\";for(i=0;i<a.length;i++)s=a[i],e.source===s.contentWindow&&(s.removeAttribute(\"style\"),\"height\"===t.message?(1e3<(r=parseInt(t.value,10))?r=1e3:~~r<200&&(r=200),s.height=r):\"link\"===t.message&&(r=new URL(s.getAttribute(\"src\")),n=new URL(t.value),c.test(n.protocol))&&n.host===r.host&&l.activeElement===s&&(d.top.location.href=t.value))}},d.addEventListener(\"message\",d.wp.receiveEmbedMessage,!1),l.addEventListener(\"DOMContentLoaded\",function(){for(var e,t,s=l.querySelectorAll(\"iframe.wp-embedded-content\"),r=0;r<s.length;r++)(t=(e=s[r]).getAttribute(\"data-secret\"))||(t=Math.random().toString(36).substring(2,12),e.src+=\"#?secret=\"+t,e.setAttribute(\"data-secret\",t)),e.contentWindow.postMessage({message:\"ready\",secret:t},\"*\")},!1)))}(window,document);\n\/\/# sourceURL=https:\/\/wp.kristdemokraterna.se\/vg\/wp-includes\/js\/wp-embed.min.js\n\/* ]]> *\/\n<\/script>\n","thumbnail_url":"http:\/\/wp.kristdemokraterna.se\/vg\/files\/2022\/09\/torsd.png","thumbnail_width":487,"thumbnail_height":263,"description":"Under torsdagen bes\u00f6kte Acko Ankarberg Johansson, ordf\u00f6rande riksdagens socialutskott, Stefan Svensson, Lisa Berglund och Valeria Kant Herkules v\u00e5rdcentral i Bor\u00e5s. V\u00e5rdcentralen drivs av Praktikertj\u00e4nst och har haft en stark utveckling sedan de startade 2002. V\u00e5rdvalets inf\u00f6rande 2009 gav dem en m\u00f6jlighet att expandera och det \u00e4r idag n\u00e4rmare 50 anst\u00e4llda som arbetar d\u00e4r."}