{"version":"1.0","provider_name":"V\u00e4stra G\u00f6talandsregionen","provider_url":"https:\/\/wp.kristdemokraterna.se\/vg","title":"KD: s v\u00e5rmotion - med kraftfulla satsningar p\u00e5 v\u00e5rden - V\u00e4stra G\u00f6talandsregionen","type":"rich","width":600,"height":338,"html":"<blockquote class=\"wp-embedded-content\" data-secret=\"lqgPTvhIKV\"><a href=\"https:\/\/wp.kristdemokraterna.se\/vg\/kd-s-varmotion-med-kraftfulla-satsningar-pa-varden\/\">KD: s v\u00e5rmotion &#8211; med kraftfulla satsningar p\u00e5 v\u00e5rden<\/a><\/blockquote><iframe sandbox=\"allow-scripts\" security=\"restricted\" src=\"https:\/\/wp.kristdemokraterna.se\/vg\/kd-s-varmotion-med-kraftfulla-satsningar-pa-varden\/embed\/#?secret=lqgPTvhIKV\" width=\"600\" height=\"338\" title=\"\u201dKD: s v\u00e5rmotion &#8211; med kraftfulla satsningar p\u00e5 v\u00e5rden\u201d &ndash; V\u00e4stra G\u00f6talandsregionen\" data-secret=\"lqgPTvhIKV\" frameborder=\"0\" marginwidth=\"0\" marginheight=\"0\" scrolling=\"no\" class=\"wp-embedded-content\"><\/iframe><script type=\"text\/javascript\">\n\/* <![CDATA[ *\/\n\/*! This file is auto-generated *\/\n!function(d,l){\"use strict\";l.querySelector&&d.addEventListener&&\"undefined\"!=typeof URL&&(d.wp=d.wp||{},d.wp.receiveEmbedMessage||(d.wp.receiveEmbedMessage=function(e){var t=e.data;if((t||t.secret||t.message||t.value)&&!\/[^a-zA-Z0-9]\/.test(t.secret)){for(var s,r,n,a=l.querySelectorAll('iframe[data-secret=\"'+t.secret+'\"]'),o=l.querySelectorAll('blockquote[data-secret=\"'+t.secret+'\"]'),c=new RegExp(\"^https?:$\",\"i\"),i=0;i<o.length;i++)o[i].style.display=\"none\";for(i=0;i<a.length;i++)s=a[i],e.source===s.contentWindow&&(s.removeAttribute(\"style\"),\"height\"===t.message?(1e3<(r=parseInt(t.value,10))?r=1e3:~~r<200&&(r=200),s.height=r):\"link\"===t.message&&(r=new URL(s.getAttribute(\"src\")),n=new URL(t.value),c.test(n.protocol))&&n.host===r.host&&l.activeElement===s&&(d.top.location.href=t.value))}},d.addEventListener(\"message\",d.wp.receiveEmbedMessage,!1),l.addEventListener(\"DOMContentLoaded\",function(){for(var e,t,s=l.querySelectorAll(\"iframe.wp-embedded-content\"),r=0;r<s.length;r++)(t=(e=s[r]).getAttribute(\"data-secret\"))||(t=Math.random().toString(36).substring(2,12),e.src+=\"#?secret=\"+t,e.setAttribute(\"data-secret\",t)),e.contentWindow.postMessage({message:\"ready\",secret:t},\"*\")},!1)))}(window,document);\n\/\/# sourceURL=https:\/\/wp.kristdemokraterna.se\/vg\/wp-includes\/js\/wp-embed.min.js\n\/* ]]> *\/\n<\/script>\n","description":"I dag presenterades Kristdemokraternas budget som inneh\u00e5ller ett paket f\u00f6r n\u00e4ra v\u00e5rd. Det \u00e4r reformer f\u00f6r en tillg\u00e4ngligare v\u00e5rd. \u2714 Fler allm\u00e4nl\u00e4kare \u2714 Hemsjukv\u00e5rd f\u00f6r \u00e4ldre \u2714 Patienter ska ha r\u00e4tt till fast l\u00e4karkontakt \u2714 M\u00f6jlighet f\u00f6r l\u00e4kare att \u00f6ppna egna l\u00e4karmottagningar","thumbnail_url":"https:\/\/wp.kristdemokraterna.se\/vg\/files\/2022\/06\/logga.jpg","thumbnail_width":754,"thumbnail_height":698}