{"version":"1.0","provider_name":"V\u00e4stra G\u00f6talandsregionen","provider_url":"https:\/\/wp.kristdemokraterna.se\/vg","title":"Kulturkonferens f\u00f6r att motverka trakasserier - V\u00e4stra G\u00f6talandsregionen","type":"rich","width":600,"height":338,"html":"<blockquote class=\"wp-embedded-content\" data-secret=\"vwG6RfGjiC\"><a href=\"https:\/\/wp.kristdemokraterna.se\/vg\/kulturkonferens-for-att-motverka-trakasserier\/\">Kulturkonferens f\u00f6r att motverka trakasserier<\/a><\/blockquote><iframe sandbox=\"allow-scripts\" security=\"restricted\" src=\"https:\/\/wp.kristdemokraterna.se\/vg\/kulturkonferens-for-att-motverka-trakasserier\/embed\/#?secret=vwG6RfGjiC\" width=\"600\" height=\"338\" title=\"\u201dKulturkonferens f\u00f6r att motverka trakasserier\u201d &ndash; V\u00e4stra G\u00f6talandsregionen\" data-secret=\"vwG6RfGjiC\" frameborder=\"0\" marginwidth=\"0\" marginheight=\"0\" scrolling=\"no\" class=\"wp-embedded-content\"><\/iframe><script type=\"text\/javascript\">\n\/* <![CDATA[ *\/\n\/*! This file is auto-generated *\/\n!function(d,l){\"use strict\";l.querySelector&&d.addEventListener&&\"undefined\"!=typeof URL&&(d.wp=d.wp||{},d.wp.receiveEmbedMessage||(d.wp.receiveEmbedMessage=function(e){var t=e.data;if((t||t.secret||t.message||t.value)&&!\/[^a-zA-Z0-9]\/.test(t.secret)){for(var s,r,n,a=l.querySelectorAll('iframe[data-secret=\"'+t.secret+'\"]'),o=l.querySelectorAll('blockquote[data-secret=\"'+t.secret+'\"]'),c=new RegExp(\"^https?:$\",\"i\"),i=0;i<o.length;i++)o[i].style.display=\"none\";for(i=0;i<a.length;i++)s=a[i],e.source===s.contentWindow&&(s.removeAttribute(\"style\"),\"height\"===t.message?(1e3<(r=parseInt(t.value,10))?r=1e3:~~r<200&&(r=200),s.height=r):\"link\"===t.message&&(r=new URL(s.getAttribute(\"src\")),n=new URL(t.value),c.test(n.protocol))&&n.host===r.host&&l.activeElement===s&&(d.top.location.href=t.value))}},d.addEventListener(\"message\",d.wp.receiveEmbedMessage,!1),l.addEventListener(\"DOMContentLoaded\",function(){for(var e,t,s=l.querySelectorAll(\"iframe.wp-embedded-content\"),r=0;r<s.length;r++)(t=(e=s[r]).getAttribute(\"data-secret\"))||(t=Math.random().toString(36).substring(2,12),e.src+=\"#?secret=\"+t,e.setAttribute(\"data-secret\",t)),e.contentWindow.postMessage({message:\"ready\",secret:t},\"*\")},!1)))}(window,document);\n\/\/# sourceURL=https:\/\/wp.kristdemokraterna.se\/vg\/wp-includes\/js\/wp-embed.min.js\n\/* ]]> *\/\n<\/script>\n","thumbnail_url":"http:\/\/wp.kristdemokraterna.se\/vg\/files\/2022\/05\/hemsida-m.jpg","thumbnail_width":471,"thumbnail_height":261,"description":"V\u00e4stra G\u00f6talandsregionens kulturn\u00e4mnd har tagit initiativ till en konferens, som \u00e4ger rum i dag vid V\u00e4rldskulturmuseet, om sexuella trakasserier och f\u00f6r\u00e4ndringsarbete. Alla kulturorganisationer som f\u00e5r st\u00f6d fr\u00e5n regionen har bjudits in. Syftet med konferensen \u00e4r att f\u00f6lja upp arbetet efter metoo, st\u00e4rka samverkan f\u00f6r att motverka trakasserier och finna nya v\u00e4gar fram\u00e5t."}