{"version":"1.0","provider_name":"V\u00e4stra G\u00f6talandsregionen","provider_url":"https:\/\/wp.kristdemokraterna.se\/vg","title":"Nu \u00e4r det h\u00f6g tid att utreda elmotorv\u00e4gar - V\u00e4stra G\u00f6talandsregionen","type":"rich","width":600,"height":338,"html":"<blockquote class=\"wp-embedded-content\" data-secret=\"XZUnerT67l\"><a href=\"https:\/\/wp.kristdemokraterna.se\/vg\/nu-ar-det-hog-tid-att-utreda-elmotorvagar\/\">Nu \u00e4r det h\u00f6g tid att utreda elmotorv\u00e4gar<\/a><\/blockquote><iframe sandbox=\"allow-scripts\" security=\"restricted\" src=\"https:\/\/wp.kristdemokraterna.se\/vg\/nu-ar-det-hog-tid-att-utreda-elmotorvagar\/embed\/#?secret=XZUnerT67l\" width=\"600\" height=\"338\" title=\"\u201dNu \u00e4r det h\u00f6g tid att utreda elmotorv\u00e4gar\u201d &ndash; V\u00e4stra G\u00f6talandsregionen\" data-secret=\"XZUnerT67l\" frameborder=\"0\" marginwidth=\"0\" marginheight=\"0\" scrolling=\"no\" class=\"wp-embedded-content\"><\/iframe><script type=\"text\/javascript\">\n\/* <![CDATA[ *\/\n\/*! This file is auto-generated *\/\n!function(d,l){\"use strict\";l.querySelector&&d.addEventListener&&\"undefined\"!=typeof URL&&(d.wp=d.wp||{},d.wp.receiveEmbedMessage||(d.wp.receiveEmbedMessage=function(e){var t=e.data;if((t||t.secret||t.message||t.value)&&!\/[^a-zA-Z0-9]\/.test(t.secret)){for(var s,r,n,a=l.querySelectorAll('iframe[data-secret=\"'+t.secret+'\"]'),o=l.querySelectorAll('blockquote[data-secret=\"'+t.secret+'\"]'),c=new RegExp(\"^https?:$\",\"i\"),i=0;i<o.length;i++)o[i].style.display=\"none\";for(i=0;i<a.length;i++)s=a[i],e.source===s.contentWindow&&(s.removeAttribute(\"style\"),\"height\"===t.message?(1e3<(r=parseInt(t.value,10))?r=1e3:~~r<200&&(r=200),s.height=r):\"link\"===t.message&&(r=new URL(s.getAttribute(\"src\")),n=new URL(t.value),c.test(n.protocol))&&n.host===r.host&&l.activeElement===s&&(d.top.location.href=t.value))}},d.addEventListener(\"message\",d.wp.receiveEmbedMessage,!1),l.addEventListener(\"DOMContentLoaded\",function(){for(var e,t,s=l.querySelectorAll(\"iframe.wp-embedded-content\"),r=0;r<s.length;r++)(t=(e=s[r]).getAttribute(\"data-secret\"))||(t=Math.random().toString(36).substring(2,12),e.src+=\"#?secret=\"+t,e.setAttribute(\"data-secret\",t)),e.contentWindow.postMessage({message:\"ready\",secret:t},\"*\")},!1)))}(window,document);\n\/\/# sourceURL=https:\/\/wp.kristdemokraterna.se\/vg\/wp-includes\/js\/wp-embed.min.js\n\/* ]]> *\/\n<\/script>\n","thumbnail_url":"https:\/\/wp.kristdemokraterna.se\/vg\/files\/2019\/05\/motorvag.jpg","thumbnail_width":471,"thumbnail_height":261,"description":"Debattartikel GP &#8211; Magnus Jacobsson Sverige skall minska koldioxidutsl\u00e4ppen fr\u00e5n transportsektorn med 70 procent till 2030. F\u00f6r att klara detta r\u00e4cker det inte att vi som individer f\u00f6r\u00e4ndrar v\u00e5rt beteende. Vi beh\u00f6ver \u00e4ndra v\u00e5rt trafiksystem och ett s\u00e4tt \u00e4r att elektrifiera motorv\u00e4garna. F\u00f6rs\u00f6k p\u00e5g\u00e5r redan nu."}