{"version":"1.0","provider_name":"V\u00e4stra G\u00f6talandsregionen","provider_url":"https:\/\/wp.kristdemokraterna.se\/vg","title":"Satsning p\u00e5 kortare k\u00f6er i v\u00e5rden - V\u00e4stra G\u00f6talandsregionen","type":"rich","width":600,"height":338,"html":"<blockquote class=\"wp-embedded-content\" data-secret=\"43oUiCaAUO\"><a href=\"https:\/\/wp.kristdemokraterna.se\/vg\/satsning-pa-kortare-koer-i-varden\/\">Satsning p\u00e5 kortare k\u00f6er i v\u00e5rden<\/a><\/blockquote><iframe sandbox=\"allow-scripts\" security=\"restricted\" src=\"https:\/\/wp.kristdemokraterna.se\/vg\/satsning-pa-kortare-koer-i-varden\/embed\/#?secret=43oUiCaAUO\" width=\"600\" height=\"338\" title=\"\u201dSatsning p\u00e5 kortare k\u00f6er i v\u00e5rden\u201d &ndash; V\u00e4stra G\u00f6talandsregionen\" data-secret=\"43oUiCaAUO\" frameborder=\"0\" marginwidth=\"0\" marginheight=\"0\" scrolling=\"no\" class=\"wp-embedded-content\"><\/iframe><script type=\"text\/javascript\">\n\/* <![CDATA[ *\/\n\/*! This file is auto-generated *\/\n!function(d,l){\"use strict\";l.querySelector&&d.addEventListener&&\"undefined\"!=typeof URL&&(d.wp=d.wp||{},d.wp.receiveEmbedMessage||(d.wp.receiveEmbedMessage=function(e){var t=e.data;if((t||t.secret||t.message||t.value)&&!\/[^a-zA-Z0-9]\/.test(t.secret)){for(var s,r,n,a=l.querySelectorAll('iframe[data-secret=\"'+t.secret+'\"]'),o=l.querySelectorAll('blockquote[data-secret=\"'+t.secret+'\"]'),c=new RegExp(\"^https?:$\",\"i\"),i=0;i<o.length;i++)o[i].style.display=\"none\";for(i=0;i<a.length;i++)s=a[i],e.source===s.contentWindow&&(s.removeAttribute(\"style\"),\"height\"===t.message?(1e3<(r=parseInt(t.value,10))?r=1e3:~~r<200&&(r=200),s.height=r):\"link\"===t.message&&(r=new URL(s.getAttribute(\"src\")),n=new URL(t.value),c.test(n.protocol))&&n.host===r.host&&l.activeElement===s&&(d.top.location.href=t.value))}},d.addEventListener(\"message\",d.wp.receiveEmbedMessage,!1),l.addEventListener(\"DOMContentLoaded\",function(){for(var e,t,s=l.querySelectorAll(\"iframe.wp-embedded-content\"),r=0;r<s.length;r++)(t=(e=s[r]).getAttribute(\"data-secret\"))||(t=Math.random().toString(36).substring(2,12),e.src+=\"#?secret=\"+t,e.setAttribute(\"data-secret\",t)),e.contentWindow.postMessage({message:\"ready\",secret:t},\"*\")},!1)))}(window,document);\n\/\/# sourceURL=https:\/\/wp.kristdemokraterna.se\/vg\/wp-includes\/js\/wp-embed.min.js\n\/* ]]> *\/\n<\/script>\n","thumbnail_url":"https:\/\/wp.kristdemokraterna.se\/vg\/files\/2016\/05\/patient.jpg","thumbnail_width":640,"thumbnail_height":426,"description":"I Gr\u00f6nBl\u00e5 Samverkans f\u00f6rslag till budget f\u00f6r 2017, som presenteras 9 maj, tillf\u00f6rs H\u00e4lso- och sjukv\u00e5rdsstyrelsen ytterligare 140 mnkr f\u00f6r att st\u00e4rka tillg\u00e4ngligheten till den planerade v\u00e5rden. Resursf\u00f6rst\u00e4rkningen ligger kvar under hela planperioden. Medlen ska anv\u00e4ndas f\u00f6r att l\u00e5ngsiktigt upphandla uppdrag hos externa utf\u00f6rare och i f\u00f6rekommande fall \u00e4ven ut\u00f6ka best\u00e4llningarna till regionens sjukhus."}