{"version":"1.0","provider_name":"Kristdemokraterna | V\u00e4stra G\u00f6taland","provider_url":"https:\/\/wp.kristdemokraterna.se\/vg2","title":"Barn ska uppleva st\u00f6rsta m\u00f6jliga trygghet i v\u00e5rden - Kristdemokraterna | V\u00e4stra G\u00f6taland","type":"rich","width":600,"height":338,"html":"<blockquote class=\"wp-embedded-content\" data-secret=\"ri7mMn3Jtc\"><a href=\"https:\/\/wp.kristdemokraterna.se\/vg2\/barn-ska-uppleva-storsta-mojliga-trygghet-i-varden\/\">Barn ska uppleva st\u00f6rsta m\u00f6jliga trygghet i v\u00e5rden<\/a><\/blockquote><iframe sandbox=\"allow-scripts\" security=\"restricted\" src=\"https:\/\/wp.kristdemokraterna.se\/vg2\/barn-ska-uppleva-storsta-mojliga-trygghet-i-varden\/embed\/#?secret=ri7mMn3Jtc\" width=\"600\" height=\"338\" title=\"\u201dBarn ska uppleva st\u00f6rsta m\u00f6jliga trygghet i v\u00e5rden\u201d &ndash; Kristdemokraterna | V\u00e4stra G\u00f6taland\" data-secret=\"ri7mMn3Jtc\" frameborder=\"0\" marginwidth=\"0\" marginheight=\"0\" scrolling=\"no\" class=\"wp-embedded-content\"><\/iframe><script type=\"text\/javascript\">\n\/* <![CDATA[ *\/\n\/*! This file is auto-generated *\/\n!function(d,l){\"use strict\";l.querySelector&&d.addEventListener&&\"undefined\"!=typeof URL&&(d.wp=d.wp||{},d.wp.receiveEmbedMessage||(d.wp.receiveEmbedMessage=function(e){var t=e.data;if((t||t.secret||t.message||t.value)&&!\/[^a-zA-Z0-9]\/.test(t.secret)){for(var s,r,n,a=l.querySelectorAll('iframe[data-secret=\"'+t.secret+'\"]'),o=l.querySelectorAll('blockquote[data-secret=\"'+t.secret+'\"]'),c=new RegExp(\"^https?:$\",\"i\"),i=0;i<o.length;i++)o[i].style.display=\"none\";for(i=0;i<a.length;i++)s=a[i],e.source===s.contentWindow&&(s.removeAttribute(\"style\"),\"height\"===t.message?(1e3<(r=parseInt(t.value,10))?r=1e3:~~r<200&&(r=200),s.height=r):\"link\"===t.message&&(r=new URL(s.getAttribute(\"src\")),n=new URL(t.value),c.test(n.protocol))&&n.host===r.host&&l.activeElement===s&&(d.top.location.href=t.value))}},d.addEventListener(\"message\",d.wp.receiveEmbedMessage,!1),l.addEventListener(\"DOMContentLoaded\",function(){for(var e,t,s=l.querySelectorAll(\"iframe.wp-embedded-content\"),r=0;r<s.length;r++)(t=(e=s[r]).getAttribute(\"data-secret\"))||(t=Math.random().toString(36).substring(2,12),e.src+=\"#?secret=\"+t,e.setAttribute(\"data-secret\",t)),e.contentWindow.postMessage({message:\"ready\",secret:t},\"*\")},!1)))}(window,document);\n\/\/# sourceURL=https:\/\/wp.kristdemokraterna.se\/vg2\/wp-includes\/js\/wp-embed.min.js\n\/* ]]> *\/\n<\/script>\n","thumbnail_url":"https:\/\/wp.kristdemokraterna.se\/vg2\/files\/2018\/05\/bild-hemsida.jpg","thumbnail_width":471,"thumbnail_height":262,"description":"Kristdemokraterna i V\u00e4stra G\u00f6talandsregionen vill \u2022 \u00f6ka antalet barnl\u00e4kare inom prim\u00e4rv\u00e5rden \u2022 s\u00e4kerst\u00e4lla att antalet v\u00e5rdplatser inom barn- och ungdomssjukv\u00e5rden m\u00f6ter behoven \u2022 s\u00e4kerst\u00e4lla en fungerande v\u00e5rdkedja f\u00f6r barn och unga \u2022 erbjuda en personlig koordinator till familjer som har barn med varaktig funktionsneds\u00e4ttning och med m\u00e5nga olika v\u00e5rdkontakter. L\u00e4s mer om v\u00e5r politik i L\u00e4s mer"}