{"version":"1.0","provider_name":"Kristdemokraterna | V\u00e4stra G\u00f6taland","provider_url":"https:\/\/wp.kristdemokraterna.se\/vg2","title":"Hur skapar vi j\u00e4mlik v\u00e5rd? - Kristdemokraterna | V\u00e4stra G\u00f6taland","type":"rich","width":600,"height":338,"html":"<blockquote class=\"wp-embedded-content\" data-secret=\"a7BpiU1ohl\"><a href=\"https:\/\/wp.kristdemokraterna.se\/vg2\/hur-skapar-vi-jamlik-vard\/\">Hur skapar vi j\u00e4mlik v\u00e5rd?<\/a><\/blockquote><iframe sandbox=\"allow-scripts\" security=\"restricted\" src=\"https:\/\/wp.kristdemokraterna.se\/vg2\/hur-skapar-vi-jamlik-vard\/embed\/#?secret=a7BpiU1ohl\" width=\"600\" height=\"338\" title=\"\u201dHur skapar vi j\u00e4mlik v\u00e5rd?\u201d &ndash; Kristdemokraterna | V\u00e4stra G\u00f6taland\" data-secret=\"a7BpiU1ohl\" frameborder=\"0\" marginwidth=\"0\" marginheight=\"0\" scrolling=\"no\" class=\"wp-embedded-content\"><\/iframe><script type=\"text\/javascript\">\n\/* <![CDATA[ *\/\n\/*! This file is auto-generated *\/\n!function(d,l){\"use strict\";l.querySelector&&d.addEventListener&&\"undefined\"!=typeof URL&&(d.wp=d.wp||{},d.wp.receiveEmbedMessage||(d.wp.receiveEmbedMessage=function(e){var t=e.data;if((t||t.secret||t.message||t.value)&&!\/[^a-zA-Z0-9]\/.test(t.secret)){for(var s,r,n,a=l.querySelectorAll('iframe[data-secret=\"'+t.secret+'\"]'),o=l.querySelectorAll('blockquote[data-secret=\"'+t.secret+'\"]'),c=new RegExp(\"^https?:$\",\"i\"),i=0;i<o.length;i++)o[i].style.display=\"none\";for(i=0;i<a.length;i++)s=a[i],e.source===s.contentWindow&&(s.removeAttribute(\"style\"),\"height\"===t.message?(1e3<(r=parseInt(t.value,10))?r=1e3:~~r<200&&(r=200),s.height=r):\"link\"===t.message&&(r=new URL(s.getAttribute(\"src\")),n=new URL(t.value),c.test(n.protocol))&&n.host===r.host&&l.activeElement===s&&(d.top.location.href=t.value))}},d.addEventListener(\"message\",d.wp.receiveEmbedMessage,!1),l.addEventListener(\"DOMContentLoaded\",function(){for(var e,t,s=l.querySelectorAll(\"iframe.wp-embedded-content\"),r=0;r<s.length;r++)(t=(e=s[r]).getAttribute(\"data-secret\"))||(t=Math.random().toString(36).substring(2,12),e.src+=\"#?secret=\"+t,e.setAttribute(\"data-secret\",t)),e.contentWindow.postMessage({message:\"ready\",secret:t},\"*\")},!1)))}(window,document);\n\/\/# sourceURL=https:\/\/wp.kristdemokraterna.se\/vg2\/wp-includes\/js\/wp-embed.min.js\n\/* ]]> *\/\n<\/script>\n","thumbnail_url":"https:\/\/wp.kristdemokraterna.se\/vg2\/files\/2016\/10\/conny-bild-640-1.jpg","thumbnail_width":640,"thumbnail_height":525,"description":"Debattartikel &#8211; Conny Br\u00e4nnberg \u00c4r landstingen b\u00e4st p\u00e5 att ansvara f\u00f6r sjukv\u00e5rden? Kanske, men landstingen f\u00e5r aldrig bli sj\u00e4lv\u00e4ndam\u00e5l. En j\u00e4mlik, tillg\u00e4nglig och s\u00e4ker v\u00e5rd av h\u00f6g kvalitet m\u00e5ste vara m\u00e5let. Med den utg\u00e5ngspunkten kan man verkligen ifr\u00e5gas\u00e4tta om 21 huvudm\u00e4n \u00e4r det optimala s\u00e4ttet att styra \u00f6ver och ansvara f\u00f6r sjukv\u00e5rden."}