{"version":"1.0","provider_name":"Kristdemokraterna | V\u00e4stra G\u00f6taland","provider_url":"https:\/\/wp.kristdemokraterna.se\/vg2","title":"KD vill inf\u00f6ra v\u00e5rdserviceteam - Kristdemokraterna | V\u00e4stra G\u00f6taland","type":"rich","width":600,"height":338,"html":"<blockquote class=\"wp-embedded-content\" data-secret=\"wI6BRZJFnV\"><a href=\"https:\/\/wp.kristdemokraterna.se\/vg2\/kd-vill-infora-vardserviceteam\/\">KD vill inf\u00f6ra v\u00e5rdserviceteam<\/a><\/blockquote><iframe sandbox=\"allow-scripts\" security=\"restricted\" src=\"https:\/\/wp.kristdemokraterna.se\/vg2\/kd-vill-infora-vardserviceteam\/embed\/#?secret=wI6BRZJFnV\" width=\"600\" height=\"338\" title=\"\u201dKD vill inf\u00f6ra v\u00e5rdserviceteam\u201d &ndash; Kristdemokraterna | V\u00e4stra G\u00f6taland\" data-secret=\"wI6BRZJFnV\" frameborder=\"0\" marginwidth=\"0\" marginheight=\"0\" scrolling=\"no\" class=\"wp-embedded-content\"><\/iframe><script type=\"text\/javascript\">\n\/* <![CDATA[ *\/\n\/*! This file is auto-generated *\/\n!function(d,l){\"use strict\";l.querySelector&&d.addEventListener&&\"undefined\"!=typeof URL&&(d.wp=d.wp||{},d.wp.receiveEmbedMessage||(d.wp.receiveEmbedMessage=function(e){var t=e.data;if((t||t.secret||t.message||t.value)&&!\/[^a-zA-Z0-9]\/.test(t.secret)){for(var s,r,n,a=l.querySelectorAll('iframe[data-secret=\"'+t.secret+'\"]'),o=l.querySelectorAll('blockquote[data-secret=\"'+t.secret+'\"]'),c=new RegExp(\"^https?:$\",\"i\"),i=0;i<o.length;i++)o[i].style.display=\"none\";for(i=0;i<a.length;i++)s=a[i],e.source===s.contentWindow&&(s.removeAttribute(\"style\"),\"height\"===t.message?(1e3<(r=parseInt(t.value,10))?r=1e3:~~r<200&&(r=200),s.height=r):\"link\"===t.message&&(r=new URL(s.getAttribute(\"src\")),n=new URL(t.value),c.test(n.protocol))&&n.host===r.host&&l.activeElement===s&&(d.top.location.href=t.value))}},d.addEventListener(\"message\",d.wp.receiveEmbedMessage,!1),l.addEventListener(\"DOMContentLoaded\",function(){for(var e,t,s=l.querySelectorAll(\"iframe.wp-embedded-content\"),r=0;r<s.length;r++)(t=(e=s[r]).getAttribute(\"data-secret\"))||(t=Math.random().toString(36).substring(2,12),e.src+=\"#?secret=\"+t,e.setAttribute(\"data-secret\",t)),e.contentWindow.postMessage({message:\"ready\",secret:t},\"*\")},!1)))}(window,document);\n\/\/# sourceURL=https:\/\/wp.kristdemokraterna.se\/vg2\/wp-includes\/js\/wp-embed.min.js\n\/* ]]> *\/\n<\/script>\n","thumbnail_url":"https:\/\/wp.kristdemokraterna.se\/vg2\/files\/2017\/02\/dan-hovskar-e1512635672546.jpg","thumbnail_width":420,"thumbnail_height":280,"description":"Debattartikel V\u00e4stg\u00f6ta-Tidningar &#8211; Dan Hovsk\u00e4r F\u00f6r att f\u00f6rb\u00e4ttra kvaliteten i v\u00e5rden beh\u00f6vs fler h\u00e4nder. Det kr\u00e4vs ocks\u00e5 att vi anv\u00e4nder resurserna p\u00e5 r\u00e4tt s\u00e4tt. Varje personalkategori ska g\u00f6ra det som de \u00e4r utbildade f\u00f6r. Kristdemokraterna vill d\u00e4rf\u00f6r att v\u00e5rdpersonalen ska avlastas fr\u00e5n de arbetsuppgifter som \u00e4r viktiga f\u00f6r att omv\u00e5rdnad ska fungera, men som inte L\u00e4s mer"}