{"version":"1.0","provider_name":"Kristdemokraterna | V\u00e4stra G\u00f6taland","provider_url":"https:\/\/wp.kristdemokraterna.se\/vg2","title":"Nu satsar vi p\u00e5 medarbetarna i v\u00e5rden - Kristdemokraterna | V\u00e4stra G\u00f6taland","type":"rich","width":600,"height":338,"html":"<blockquote class=\"wp-embedded-content\" data-secret=\"jc15aX8CYV\"><a href=\"https:\/\/wp.kristdemokraterna.se\/vg2\/nu-satsar-vi-pa-medarbetarna-i-varden\/\">Nu satsar vi p\u00e5 medarbetarna i v\u00e5rden<\/a><\/blockquote><iframe sandbox=\"allow-scripts\" security=\"restricted\" src=\"https:\/\/wp.kristdemokraterna.se\/vg2\/nu-satsar-vi-pa-medarbetarna-i-varden\/embed\/#?secret=jc15aX8CYV\" width=\"600\" height=\"338\" title=\"\u201dNu satsar vi p\u00e5 medarbetarna i v\u00e5rden\u201d &ndash; Kristdemokraterna | V\u00e4stra G\u00f6taland\" data-secret=\"jc15aX8CYV\" frameborder=\"0\" marginwidth=\"0\" marginheight=\"0\" scrolling=\"no\" class=\"wp-embedded-content\"><\/iframe><script type=\"text\/javascript\">\n\/* <![CDATA[ *\/\n\/*! This file is auto-generated *\/\n!function(d,l){\"use strict\";l.querySelector&&d.addEventListener&&\"undefined\"!=typeof URL&&(d.wp=d.wp||{},d.wp.receiveEmbedMessage||(d.wp.receiveEmbedMessage=function(e){var t=e.data;if((t||t.secret||t.message||t.value)&&!\/[^a-zA-Z0-9]\/.test(t.secret)){for(var s,r,n,a=l.querySelectorAll('iframe[data-secret=\"'+t.secret+'\"]'),o=l.querySelectorAll('blockquote[data-secret=\"'+t.secret+'\"]'),c=new RegExp(\"^https?:$\",\"i\"),i=0;i<o.length;i++)o[i].style.display=\"none\";for(i=0;i<a.length;i++)s=a[i],e.source===s.contentWindow&&(s.removeAttribute(\"style\"),\"height\"===t.message?(1e3<(r=parseInt(t.value,10))?r=1e3:~~r<200&&(r=200),s.height=r):\"link\"===t.message&&(r=new URL(s.getAttribute(\"src\")),n=new URL(t.value),c.test(n.protocol))&&n.host===r.host&&l.activeElement===s&&(d.top.location.href=t.value))}},d.addEventListener(\"message\",d.wp.receiveEmbedMessage,!1),l.addEventListener(\"DOMContentLoaded\",function(){for(var e,t,s=l.querySelectorAll(\"iframe.wp-embedded-content\"),r=0;r<s.length;r++)(t=(e=s[r]).getAttribute(\"data-secret\"))||(t=Math.random().toString(36).substring(2,12),e.src+=\"#?secret=\"+t,e.setAttribute(\"data-secret\",t)),e.contentWindow.postMessage({message:\"ready\",secret:t},\"*\")},!1)))}(window,document);\n\/\/# sourceURL=https:\/\/wp.kristdemokraterna.se\/vg2\/wp-includes\/js\/wp-embed.min.js\n\/* ]]> *\/\n<\/script>\n","thumbnail_url":"https:\/\/wp.kristdemokraterna.se\/vg2\/files\/2016\/05\/patient.jpg","thumbnail_width":640,"thumbnail_height":426,"description":"Debattartikel GP &#8211; Conny Br\u00e4nnberg m.fl. Regionens starka och stabila ekonomi \u00e4r en stor tillg\u00e5ng och m\u00f6jligg\u00f6r extra satsningar p\u00e5 v\u00e5rden. Den enskilt st\u00f6rsta satsningen kommer dock att g\u00f6ras p\u00e5 v\u00e5rdens medarbetare, s\u00e4rskilt de som jobbar n\u00e4tter och helger."}