{"version":"1.0","provider_name":"Kristdemokraterna | V\u00e4stra G\u00f6taland","provider_url":"https:\/\/wp.kristdemokraterna.se\/vg2","title":"S\u00e5 f\u00f6rst\u00e4rker vi den psykiatriska v\u00e5rden - Kristdemokraterna | V\u00e4stra G\u00f6taland","type":"rich","width":600,"height":338,"html":"<blockquote class=\"wp-embedded-content\" data-secret=\"E9ALHuGBNS\"><a href=\"https:\/\/wp.kristdemokraterna.se\/vg2\/sa-forstarker-vi-den-psykiatriska-varden\/\">S\u00e5 f\u00f6rst\u00e4rker vi den psykiatriska v\u00e5rden<\/a><\/blockquote><iframe sandbox=\"allow-scripts\" security=\"restricted\" src=\"https:\/\/wp.kristdemokraterna.se\/vg2\/sa-forstarker-vi-den-psykiatriska-varden\/embed\/#?secret=E9ALHuGBNS\" width=\"600\" height=\"338\" title=\"\u201dS\u00e5 f\u00f6rst\u00e4rker vi den psykiatriska v\u00e5rden\u201d &ndash; Kristdemokraterna | V\u00e4stra G\u00f6taland\" data-secret=\"E9ALHuGBNS\" frameborder=\"0\" marginwidth=\"0\" marginheight=\"0\" scrolling=\"no\" class=\"wp-embedded-content\"><\/iframe><script type=\"text\/javascript\">\n\/* <![CDATA[ *\/\n\/*! This file is auto-generated *\/\n!function(d,l){\"use strict\";l.querySelector&&d.addEventListener&&\"undefined\"!=typeof URL&&(d.wp=d.wp||{},d.wp.receiveEmbedMessage||(d.wp.receiveEmbedMessage=function(e){var t=e.data;if((t||t.secret||t.message||t.value)&&!\/[^a-zA-Z0-9]\/.test(t.secret)){for(var s,r,n,a=l.querySelectorAll('iframe[data-secret=\"'+t.secret+'\"]'),o=l.querySelectorAll('blockquote[data-secret=\"'+t.secret+'\"]'),c=new RegExp(\"^https?:$\",\"i\"),i=0;i<o.length;i++)o[i].style.display=\"none\";for(i=0;i<a.length;i++)s=a[i],e.source===s.contentWindow&&(s.removeAttribute(\"style\"),\"height\"===t.message?(1e3<(r=parseInt(t.value,10))?r=1e3:~~r<200&&(r=200),s.height=r):\"link\"===t.message&&(r=new URL(s.getAttribute(\"src\")),n=new URL(t.value),c.test(n.protocol))&&n.host===r.host&&l.activeElement===s&&(d.top.location.href=t.value))}},d.addEventListener(\"message\",d.wp.receiveEmbedMessage,!1),l.addEventListener(\"DOMContentLoaded\",function(){for(var e,t,s=l.querySelectorAll(\"iframe.wp-embedded-content\"),r=0;r<s.length;r++)(t=(e=s[r]).getAttribute(\"data-secret\"))||(t=Math.random().toString(36).substring(2,12),e.src+=\"#?secret=\"+t,e.setAttribute(\"data-secret\",t)),e.contentWindow.postMessage({message:\"ready\",secret:t},\"*\")},!1)))}(window,document);\n\/\/# sourceURL=https:\/\/wp.kristdemokraterna.se\/vg2\/wp-includes\/js\/wp-embed.min.js\n\/* ]]> *\/\n<\/script>\n","description":"Debattartikel Bohusl\u00e4ningen &#8211; Monica Selin Samtidigt som vi lever l\u00e4ngre och kan bota och lindra fler sjukdomar, s\u00e5 \u00f6kar den psykiska oh\u00e4lsan. Fyra av tio kontakter med v\u00e5rdcentral beror p\u00e5 psykisk oh\u00e4lsa. D\u00e4rf\u00f6r m\u00e5ste prim\u00e4rv\u00e5rden ha kompetens och resurser att m\u00f6ta den psykiska oh\u00e4lsan. N\u00e4r det g\u00e4ller framf\u00f6rallt barn och unga har vi konstaterat att L\u00e4s mer"}