{"version":"1.0","provider_name":"Kristdemokraterna | V\u00e4stra G\u00f6taland","provider_url":"https:\/\/wp.kristdemokraterna.se\/vg2","title":"S\u00e5 kan turismen lyfta svensk ekonomi - Kristdemokraterna | V\u00e4stra G\u00f6taland","type":"rich","width":600,"height":338,"html":"<blockquote class=\"wp-embedded-content\" data-secret=\"WHCikMNtxX\"><a href=\"https:\/\/wp.kristdemokraterna.se\/vg2\/sa-kan-turismen-lyfta-svensk-ekonomi\/\">S\u00e5 kan turismen lyfta svensk ekonomi<\/a><\/blockquote><iframe sandbox=\"allow-scripts\" security=\"restricted\" src=\"https:\/\/wp.kristdemokraterna.se\/vg2\/sa-kan-turismen-lyfta-svensk-ekonomi\/embed\/#?secret=WHCikMNtxX\" width=\"600\" height=\"338\" title=\"\u201dS\u00e5 kan turismen lyfta svensk ekonomi\u201d &ndash; Kristdemokraterna | V\u00e4stra G\u00f6taland\" data-secret=\"WHCikMNtxX\" frameborder=\"0\" marginwidth=\"0\" marginheight=\"0\" scrolling=\"no\" class=\"wp-embedded-content\"><\/iframe><script type=\"text\/javascript\">\n\/* <![CDATA[ *\/\n\/*! This file is auto-generated *\/\n!function(d,l){\"use strict\";l.querySelector&&d.addEventListener&&\"undefined\"!=typeof URL&&(d.wp=d.wp||{},d.wp.receiveEmbedMessage||(d.wp.receiveEmbedMessage=function(e){var t=e.data;if((t||t.secret||t.message||t.value)&&!\/[^a-zA-Z0-9]\/.test(t.secret)){for(var s,r,n,a=l.querySelectorAll('iframe[data-secret=\"'+t.secret+'\"]'),o=l.querySelectorAll('blockquote[data-secret=\"'+t.secret+'\"]'),c=new RegExp(\"^https?:$\",\"i\"),i=0;i<o.length;i++)o[i].style.display=\"none\";for(i=0;i<a.length;i++)s=a[i],e.source===s.contentWindow&&(s.removeAttribute(\"style\"),\"height\"===t.message?(1e3<(r=parseInt(t.value,10))?r=1e3:~~r<200&&(r=200),s.height=r):\"link\"===t.message&&(r=new URL(s.getAttribute(\"src\")),n=new URL(t.value),c.test(n.protocol))&&n.host===r.host&&l.activeElement===s&&(d.top.location.href=t.value))}},d.addEventListener(\"message\",d.wp.receiveEmbedMessage,!1),l.addEventListener(\"DOMContentLoaded\",function(){for(var e,t,s=l.querySelectorAll(\"iframe.wp-embedded-content\"),r=0;r<s.length;r++)(t=(e=s[r]).getAttribute(\"data-secret\"))||(t=Math.random().toString(36).substring(2,12),e.src+=\"#?secret=\"+t,e.setAttribute(\"data-secret\",t)),e.contentWindow.postMessage({message:\"ready\",secret:t},\"*\")},!1)))}(window,document);\n\/\/# sourceURL=https:\/\/wp.kristdemokraterna.se\/vg2\/wp-includes\/js\/wp-embed.min.js\n\/* ]]> *\/\n<\/script>\n","thumbnail_url":"https:\/\/wp.kristdemokraterna.se\/vg2\/files\/2016\/04\/tillvaxt-hemsidan-e1551806812660.jpg","thumbnail_width":471,"thumbnail_height":319,"description":"Debattartikel \u2013 Conny Br\u00e4nnberg m.fl. Svensk bes\u00f6ksn\u00e4ring v\u00e4xer s\u00e5 den knakar men utvecklingspotentialen \u00e4r st\u00f6rre. Som regionpolitiker ansvariga f\u00f6r bes\u00f6ksn\u00e4ringsfr\u00e5gor f\u00f6resl\u00e5r vi d\u00e4rf\u00f6r att regeringen tills\u00e4tter en utredning av n\u00e4ringen f\u00f6r att f\u00f6rb\u00e4ttra de offentliga st\u00f6dfunktionerna."}