{"version":"1.0","provider_name":"Kristdemokraterna | V\u00e4stra G\u00f6taland","provider_url":"https:\/\/wp.kristdemokraterna.se\/vg2","title":"V\u00e4rdig v\u00e5rd f\u00f6r \u00e4ldre - Kristdemokraterna | V\u00e4stra G\u00f6taland","type":"rich","width":600,"height":338,"html":"<blockquote class=\"wp-embedded-content\" data-secret=\"RIcZvYt7wy\"><a href=\"https:\/\/wp.kristdemokraterna.se\/vg2\/vardig-vard-for-aldre\/\">V\u00e4rdig v\u00e5rd f\u00f6r \u00e4ldre<\/a><\/blockquote><iframe sandbox=\"allow-scripts\" security=\"restricted\" src=\"https:\/\/wp.kristdemokraterna.se\/vg2\/vardig-vard-for-aldre\/embed\/#?secret=RIcZvYt7wy\" width=\"600\" height=\"338\" title=\"\u201dV\u00e4rdig v\u00e5rd f\u00f6r \u00e4ldre\u201d &ndash; Kristdemokraterna | V\u00e4stra G\u00f6taland\" data-secret=\"RIcZvYt7wy\" frameborder=\"0\" marginwidth=\"0\" marginheight=\"0\" scrolling=\"no\" class=\"wp-embedded-content\"><\/iframe><script type=\"text\/javascript\">\n\/* <![CDATA[ *\/\n\/*! This file is auto-generated *\/\n!function(d,l){\"use strict\";l.querySelector&&d.addEventListener&&\"undefined\"!=typeof URL&&(d.wp=d.wp||{},d.wp.receiveEmbedMessage||(d.wp.receiveEmbedMessage=function(e){var t=e.data;if((t||t.secret||t.message||t.value)&&!\/[^a-zA-Z0-9]\/.test(t.secret)){for(var s,r,n,a=l.querySelectorAll('iframe[data-secret=\"'+t.secret+'\"]'),o=l.querySelectorAll('blockquote[data-secret=\"'+t.secret+'\"]'),c=new RegExp(\"^https?:$\",\"i\"),i=0;i<o.length;i++)o[i].style.display=\"none\";for(i=0;i<a.length;i++)s=a[i],e.source===s.contentWindow&&(s.removeAttribute(\"style\"),\"height\"===t.message?(1e3<(r=parseInt(t.value,10))?r=1e3:~~r<200&&(r=200),s.height=r):\"link\"===t.message&&(r=new URL(s.getAttribute(\"src\")),n=new URL(t.value),c.test(n.protocol))&&n.host===r.host&&l.activeElement===s&&(d.top.location.href=t.value))}},d.addEventListener(\"message\",d.wp.receiveEmbedMessage,!1),l.addEventListener(\"DOMContentLoaded\",function(){for(var e,t,s=l.querySelectorAll(\"iframe.wp-embedded-content\"),r=0;r<s.length;r++)(t=(e=s[r]).getAttribute(\"data-secret\"))||(t=Math.random().toString(36).substring(2,12),e.src+=\"#?secret=\"+t,e.setAttribute(\"data-secret\",t)),e.contentWindow.postMessage({message:\"ready\",secret:t},\"*\")},!1)))}(window,document);\n\/\/# sourceURL=https:\/\/wp.kristdemokraterna.se\/vg2\/wp-includes\/js\/wp-embed.min.js\n\/* ]]> *\/\n<\/script>\n","thumbnail_url":"https:\/\/wp.kristdemokraterna.se\/vg2\/files\/2017\/11\/patient.jpg","thumbnail_width":470,"thumbnail_height":287,"description":"Kristdemokraterna i V\u00e4stra G\u00f6talandsregionen vill \u2022 se till att geriatrisk kompetens finns p\u00e5 alla v\u00e5rdcentraler \u2022 s\u00e4kerst\u00e4lla en v\u00e4lfungerande v\u00e5rdkedja f\u00f6r \u00e4ldre, men ocks\u00e5 att antalet v\u00e5rdplatser med geriatrisk kompetens m\u00f6ter behoven \u2022 erbjuda alla \u00f6ver 75 \u00e5r h\u00e4lsokontroller och f\u00f6rebyggande hembes\u00f6k \u2022 ge fler \u00e4ldre m\u00f6jlighet att v\u00e5rdas i hemmet. L\u00e4s mer om v\u00e5r L\u00e4s mer"}